{"id":528,"date":"2007-11-29T20:07:56","date_gmt":"2007-11-29T19:07:56","guid":{"rendered":"https:\/\/nueva.elmejorjamon.es\/producto\/carne-semi-curada-de-ovelha-e-ovelha-don-ismael-3-kg\/"},"modified":"2025-01-07T12:29:03","modified_gmt":"2025-01-07T11:29:03","slug":"queijo-semi-curada-de-ovelha-e-ovelha-don-ismael-3-kg","status":"publish","type":"product","link":"https:\/\/elmejorjamon.es\/pt\/producto\/queijo-semi-curada-de-ovelha-e-ovelha-don-ismael-3-kg\/","title":{"rendered":"Queijo semi-curada de ovelha e ovelha Don Ismael 3 kg."},"content":{"rendered":"<p>Queijo feito com leite de vaca, cabra e ovelha, com uma matura\u00e7\u00e3o de 30 dias. Ind\u00fastria leiteira localizada na prov\u00edncia de Ciudad Real, dedicada ao desenvolvimento de diferentes produtos l\u00e1cteos, como mistura de queijo, cabra e ovelha. N\u00f3s tamb\u00e9m fabricamos uma grande variedade de produtos de servi\u00e7os gratuitos: pastilhas de creme, queijo de cabra fresco, fatiado, tiras em \u00f3leo. A Quesos Aldonza produz produtos industriais como IQFs (medalh\u00f5es de cabra congelados), frescos e refinados, com diferentes pesos e di\u00e2metros dependendo do cliente.<\/p>\n<p>Ingredientes<\/p>\n<\/p>\n<p>Leite pasteurizado de vaca, cabra, ovelha, sal, cloreto de c\u00e1lcio, coalho e fermentos l\u00e1cticos. Conservante: lisozima de ovo. Revestimento de acetato de polivinila, conservantes E-202 e E-235 e corante E-172.<\/p>\n<\/p>\n<p>Origem do leite: Espanha.<\/p>\n<\/p>\n<p>Al\u00e9rgenos<\/p>\n<\/p>\n<p>Leite e derivados: sim (lactose)<\/p>\n<\/p>\n<p>Derivado de ovo: sim (lisozima)<\/p>\n<\/p>\n<p>Tempo de amadurecimento<\/p>\n<\/p>\n<p>60 dias no m\u00ednimo<\/p>\n<\/p>\n<p>Caracter\u00edsticas organol\u00e9pticas<\/p>\n<\/p>\n<p>Textura firme com olhos irregulares<\/p>\n<p>Cor branco marfim<\/p>\n<p>odor intenso<\/p>\n<p>Sabor intenso com retrogosto agrad\u00e1vel<\/p>\n<p>Recomendado com vinho tinto<\/p>\n<p>Informa\u00e7\u00e3o nutricional<\/p>\n<\/p>\n<p>Energia 1575 Kj (380 kcal)<\/p>\n<p>Gorduras 32g<\/p>\n<p>Gordura saturada 23 g<\/p>\n<p>Gorduras monoinsaturadas 8,1 g<\/p>\n<p>Gorduras poliinsaturadas 0,9 g<\/p>\n<p>Carboidratos 1g<\/p>\n<p>A\u00e7\u00facares 1 g<\/p>\n<p>Prote\u00ednas 22g<\/p>\n<p>S\u00f3dio 0,6g<\/p>\n","protected":false},"excerpt":{"rendered":"<p>Queso\u00a0de Castilla La Mancha\u00a0semicurado\u00a0de oveja vaca y cabra Don Ismael 3 kg.<\/p>\n","protected":false},"featured_media":511,"comment_status":"open","ping_status":"closed","template":"","meta":{"_et_pb_use_builder":"","_et_pb_old_content":"","_et_gb_content_width":"","_sitemap_exclude":false,"_sitemap_priority":"","_sitemap_frequency":""},"product_brand":[],"product_cat":[795,831,834],"product_tag":[],"class_list":{"0":"post-528","1":"product","2":"type-product","3":"status-publish","4":"has-post-thumbnail","6":"product_cat-comecar","7":"product_cat-queijos","8":"product_cat-todos-os-produtos-pt-pt","9":"product_shipping_class-normal-pt","11":"first","12":"instock","13":"shipping-taxable","14":"purchasable","15":"product-type-simple"},"yoast_head":"<!-- This site is optimized with the Yoast SEO plugin v27.4 - https:\/\/yoast.com\/product\/yoast-seo-wordpress\/ -->\n<title>Queijo semi-curada de ovelha e ovelha Don Ismael 3 kg. - El Mejor Jam\u00f3n<\/title>\n<meta name=\"robots\" content=\"index, follow, max-snippet:-1, max-image-preview:large, max-video-preview:-1\" \/>\n<link rel=\"canonical\" href=\"https:\/\/elmejorjamon.es\/pt\/producto\/queijo-semi-curada-de-ovelha-e-ovelha-don-ismael-3-kg\/\" \/>\n<meta property=\"og:locale\" content=\"pt_PT\" \/>\n<meta property=\"og:type\" content=\"article\" \/>\n<meta property=\"og:title\" content=\"Queijo semi-curada de ovelha e ovelha Don Ismael 3 kg. - El Mejor Jam\u00f3n\" \/>\n<meta property=\"og:description\" content=\"Queso\u00a0de Castilla La Mancha\u00a0semicurado\u00a0de oveja vaca y cabra Don Ismael 3 kg.\" \/>\n<meta property=\"og:url\" content=\"https:\/\/elmejorjamon.es\/pt\/producto\/queijo-semi-curada-de-ovelha-e-ovelha-don-ismael-3-kg\/\" \/>\n<meta property=\"og:site_name\" content=\"El Mejor Jam\u00f3n\" \/>\n<meta property=\"article:publisher\" content=\"https:\/\/www.facebook.com\/elmejorjamonweb\" \/>\n<meta property=\"article:modified_time\" content=\"2025-01-07T11:29:03+00:00\" \/>\n<meta property=\"og:image\" content=\"https:\/\/elmejorjamon.es\/wp-content\/uploads\/2007\/11\/1233-thickbox_default-Queso-semicurado-de-oveja-vaca-y-cabra-Don-Ismael-3-kg.jpg\" \/>\n\t<meta property=\"og:image:width\" content=\"1100\" \/>\n\t<meta property=\"og:image:height\" content=\"1422\" \/>\n\t<meta property=\"og:image:type\" content=\"image\/jpeg\" \/>\n<meta name=\"twitter:card\" content=\"summary_large_image\" \/>\n<meta name=\"twitter:site\" content=\"@elmejorjamonweb\" \/>\n<meta name=\"twitter:label1\" content=\"Tempo estimado de leitura\" \/>\n\t<meta name=\"twitter:data1\" content=\"2 minuto\" \/>\n<script type=\"application\/ld+json\" class=\"yoast-schema-graph\">{\"@context\":\"https:\\\/\\\/schema.org\",\"@graph\":[{\"@type\":\"WebPage\",\"@id\":\"https:\\\/\\\/elmejorjamon.es\\\/pt\\\/producto\\\/queijo-semi-curada-de-ovelha-e-ovelha-don-ismael-3-kg\\\/\",\"url\":\"https:\\\/\\\/elmejorjamon.es\\\/pt\\\/producto\\\/queijo-semi-curada-de-ovelha-e-ovelha-don-ismael-3-kg\\\/\",\"name\":\"Queijo semi-curada de ovelha e ovelha Don Ismael 3 kg. - El Mejor Jam\u00f3n\",\"isPartOf\":{\"@id\":\"https:\\\/\\\/elmejorjamon.es\\\/#website\"},\"primaryImageOfPage\":{\"@id\":\"https:\\\/\\\/elmejorjamon.es\\\/pt\\\/producto\\\/queijo-semi-curada-de-ovelha-e-ovelha-don-ismael-3-kg\\\/#primaryimage\"},\"image\":{\"@id\":\"https:\\\/\\\/elmejorjamon.es\\\/pt\\\/producto\\\/queijo-semi-curada-de-ovelha-e-ovelha-don-ismael-3-kg\\\/#primaryimage\"},\"thumbnailUrl\":\"https:\\\/\\\/elmejorjamon.es\\\/wp-content\\\/uploads\\\/2007\\\/11\\\/1233-thickbox_default-Queso-semicurado-de-oveja-vaca-y-cabra-Don-Ismael-3-kg.jpg\",\"datePublished\":\"2007-11-29T19:07:56+00:00\",\"dateModified\":\"2025-01-07T11:29:03+00:00\",\"breadcrumb\":{\"@id\":\"https:\\\/\\\/elmejorjamon.es\\\/pt\\\/producto\\\/queijo-semi-curada-de-ovelha-e-ovelha-don-ismael-3-kg\\\/#breadcrumb\"},\"inLanguage\":\"pt-PT\",\"potentialAction\":[{\"@type\":\"ReadAction\",\"target\":[\"https:\\\/\\\/elmejorjamon.es\\\/pt\\\/producto\\\/queijo-semi-curada-de-ovelha-e-ovelha-don-ismael-3-kg\\\/\"]}]},{\"@type\":\"ImageObject\",\"inLanguage\":\"pt-PT\",\"@id\":\"https:\\\/\\\/elmejorjamon.es\\\/pt\\\/producto\\\/queijo-semi-curada-de-ovelha-e-ovelha-don-ismael-3-kg\\\/#primaryimage\",\"url\":\"https:\\\/\\\/elmejorjamon.es\\\/wp-content\\\/uploads\\\/2007\\\/11\\\/1233-thickbox_default-Queso-semicurado-de-oveja-vaca-y-cabra-Don-Ismael-3-kg.jpg\",\"contentUrl\":\"https:\\\/\\\/elmejorjamon.es\\\/wp-content\\\/uploads\\\/2007\\\/11\\\/1233-thickbox_default-Queso-semicurado-de-oveja-vaca-y-cabra-Don-Ismael-3-kg.jpg\",\"width\":1100,\"height\":1422,\"caption\":\"Queso semicurado de oveja vaca y cabra Don Ismael 3 kg.\"},{\"@type\":\"BreadcrumbList\",\"@id\":\"https:\\\/\\\/elmejorjamon.es\\\/pt\\\/producto\\\/queijo-semi-curada-de-ovelha-e-ovelha-don-ismael-3-kg\\\/#breadcrumb\",\"itemListElement\":[{\"@type\":\"ListItem\",\"position\":1,\"name\":\"Portada\",\"item\":\"https:\\\/\\\/elmejorjamon.es\\\/pt\\\/\"},{\"@type\":\"ListItem\",\"position\":2,\"name\":\"In\u00edcio r\u00e1pido\",\"item\":\"https:\\\/\\\/elmejorjamon.es\\\/pt\\\/\"},{\"@type\":\"ListItem\",\"position\":3,\"name\":\"Queijo semi-curada de ovelha e ovelha Don Ismael 3 kg.\"}]},{\"@type\":\"WebSite\",\"@id\":\"https:\\\/\\\/elmejorjamon.es\\\/#website\",\"url\":\"https:\\\/\\\/elmejorjamon.es\\\/\",\"name\":\"El Mejor Jam\u00f3n\",\"description\":\"Comprar jamones y embutidos a buen precio\",\"publisher\":{\"@id\":\"https:\\\/\\\/elmejorjamon.es\\\/#organization\"},\"potentialAction\":[{\"@type\":\"SearchAction\",\"target\":{\"@type\":\"EntryPoint\",\"urlTemplate\":\"https:\\\/\\\/elmejorjamon.es\\\/?s={search_term_string}\"},\"query-input\":{\"@type\":\"PropertyValueSpecification\",\"valueRequired\":true,\"valueName\":\"search_term_string\"}}],\"inLanguage\":\"pt-PT\"},{\"@type\":\"Organization\",\"@id\":\"https:\\\/\\\/elmejorjamon.es\\\/#organization\",\"name\":\"El Mejor Jam\u00f3n\",\"url\":\"https:\\\/\\\/elmejorjamon.es\\\/\",\"logo\":{\"@type\":\"ImageObject\",\"inLanguage\":\"pt-PT\",\"@id\":\"https:\\\/\\\/elmejorjamon.es\\\/#\\\/schema\\\/logo\\\/image\\\/\",\"url\":\"https:\\\/\\\/elmejorjamon.es\\\/wp-content\\\/uploads\\\/2025\\\/01\\\/logocorreos.png\",\"contentUrl\":\"https:\\\/\\\/elmejorjamon.es\\\/wp-content\\\/uploads\\\/2025\\\/01\\\/logocorreos.png\",\"width\":277,\"height\":200,\"caption\":\"El Mejor Jam\u00f3n\"},\"image\":{\"@id\":\"https:\\\/\\\/elmejorjamon.es\\\/#\\\/schema\\\/logo\\\/image\\\/\"},\"sameAs\":[\"https:\\\/\\\/www.facebook.com\\\/elmejorjamonweb\",\"https:\\\/\\\/x.com\\\/elmejorjamonweb\",\"https:\\\/\\\/www.instagram.com\\\/elmejorjamonweb\\\/\"]}]}<\/script>\n<!-- \/ Yoast SEO plugin. -->","yoast_head_json":{"title":"Queijo semi-curada de ovelha e ovelha Don Ismael 3 kg. - El Mejor Jam\u00f3n","robots":{"index":"index","follow":"follow","max-snippet":"max-snippet:-1","max-image-preview":"max-image-preview:large","max-video-preview":"max-video-preview:-1"},"canonical":"https:\/\/elmejorjamon.es\/pt\/producto\/queijo-semi-curada-de-ovelha-e-ovelha-don-ismael-3-kg\/","og_locale":"pt_PT","og_type":"article","og_title":"Queijo semi-curada de ovelha e ovelha Don Ismael 3 kg. - El Mejor Jam\u00f3n","og_description":"Queso\u00a0de Castilla La Mancha\u00a0semicurado\u00a0de oveja vaca y cabra Don Ismael 3 kg.","og_url":"https:\/\/elmejorjamon.es\/pt\/producto\/queijo-semi-curada-de-ovelha-e-ovelha-don-ismael-3-kg\/","og_site_name":"El Mejor Jam\u00f3n","article_publisher":"https:\/\/www.facebook.com\/elmejorjamonweb","article_modified_time":"2025-01-07T11:29:03+00:00","og_image":[{"width":1100,"height":1422,"url":"https:\/\/elmejorjamon.es\/wp-content\/uploads\/2007\/11\/1233-thickbox_default-Queso-semicurado-de-oveja-vaca-y-cabra-Don-Ismael-3-kg.jpg","type":"image\/jpeg"}],"twitter_card":"summary_large_image","twitter_site":"@elmejorjamonweb","twitter_misc":{"Tempo estimado de leitura":"2 minuto"},"schema":{"@context":"https:\/\/schema.org","@graph":[{"@type":"WebPage","@id":"https:\/\/elmejorjamon.es\/pt\/producto\/queijo-semi-curada-de-ovelha-e-ovelha-don-ismael-3-kg\/","url":"https:\/\/elmejorjamon.es\/pt\/producto\/queijo-semi-curada-de-ovelha-e-ovelha-don-ismael-3-kg\/","name":"Queijo semi-curada de ovelha e ovelha Don Ismael 3 kg. - El Mejor Jam\u00f3n","isPartOf":{"@id":"https:\/\/elmejorjamon.es\/#website"},"primaryImageOfPage":{"@id":"https:\/\/elmejorjamon.es\/pt\/producto\/queijo-semi-curada-de-ovelha-e-ovelha-don-ismael-3-kg\/#primaryimage"},"image":{"@id":"https:\/\/elmejorjamon.es\/pt\/producto\/queijo-semi-curada-de-ovelha-e-ovelha-don-ismael-3-kg\/#primaryimage"},"thumbnailUrl":"https:\/\/elmejorjamon.es\/wp-content\/uploads\/2007\/11\/1233-thickbox_default-Queso-semicurado-de-oveja-vaca-y-cabra-Don-Ismael-3-kg.jpg","datePublished":"2007-11-29T19:07:56+00:00","dateModified":"2025-01-07T11:29:03+00:00","breadcrumb":{"@id":"https:\/\/elmejorjamon.es\/pt\/producto\/queijo-semi-curada-de-ovelha-e-ovelha-don-ismael-3-kg\/#breadcrumb"},"inLanguage":"pt-PT","potentialAction":[{"@type":"ReadAction","target":["https:\/\/elmejorjamon.es\/pt\/producto\/queijo-semi-curada-de-ovelha-e-ovelha-don-ismael-3-kg\/"]}]},{"@type":"ImageObject","inLanguage":"pt-PT","@id":"https:\/\/elmejorjamon.es\/pt\/producto\/queijo-semi-curada-de-ovelha-e-ovelha-don-ismael-3-kg\/#primaryimage","url":"https:\/\/elmejorjamon.es\/wp-content\/uploads\/2007\/11\/1233-thickbox_default-Queso-semicurado-de-oveja-vaca-y-cabra-Don-Ismael-3-kg.jpg","contentUrl":"https:\/\/elmejorjamon.es\/wp-content\/uploads\/2007\/11\/1233-thickbox_default-Queso-semicurado-de-oveja-vaca-y-cabra-Don-Ismael-3-kg.jpg","width":1100,"height":1422,"caption":"Queso semicurado de oveja vaca y cabra Don Ismael 3 kg."},{"@type":"BreadcrumbList","@id":"https:\/\/elmejorjamon.es\/pt\/producto\/queijo-semi-curada-de-ovelha-e-ovelha-don-ismael-3-kg\/#breadcrumb","itemListElement":[{"@type":"ListItem","position":1,"name":"Portada","item":"https:\/\/elmejorjamon.es\/pt\/"},{"@type":"ListItem","position":2,"name":"In\u00edcio r\u00e1pido","item":"https:\/\/elmejorjamon.es\/pt\/"},{"@type":"ListItem","position":3,"name":"Queijo semi-curada de ovelha e ovelha Don Ismael 3 kg."}]},{"@type":"WebSite","@id":"https:\/\/elmejorjamon.es\/#website","url":"https:\/\/elmejorjamon.es\/","name":"El Mejor Jam\u00f3n","description":"Comprar jamones y embutidos a buen precio","publisher":{"@id":"https:\/\/elmejorjamon.es\/#organization"},"potentialAction":[{"@type":"SearchAction","target":{"@type":"EntryPoint","urlTemplate":"https:\/\/elmejorjamon.es\/?s={search_term_string}"},"query-input":{"@type":"PropertyValueSpecification","valueRequired":true,"valueName":"search_term_string"}}],"inLanguage":"pt-PT"},{"@type":"Organization","@id":"https:\/\/elmejorjamon.es\/#organization","name":"El Mejor Jam\u00f3n","url":"https:\/\/elmejorjamon.es\/","logo":{"@type":"ImageObject","inLanguage":"pt-PT","@id":"https:\/\/elmejorjamon.es\/#\/schema\/logo\/image\/","url":"https:\/\/elmejorjamon.es\/wp-content\/uploads\/2025\/01\/logocorreos.png","contentUrl":"https:\/\/elmejorjamon.es\/wp-content\/uploads\/2025\/01\/logocorreos.png","width":277,"height":200,"caption":"El Mejor Jam\u00f3n"},"image":{"@id":"https:\/\/elmejorjamon.es\/#\/schema\/logo\/image\/"},"sameAs":["https:\/\/www.facebook.com\/elmejorjamonweb","https:\/\/x.com\/elmejorjamonweb","https:\/\/www.instagram.com\/elmejorjamonweb\/"]}]}},"_links":{"self":[{"href":"https:\/\/elmejorjamon.es\/pt\/wp-json\/wp\/v2\/product\/528","targetHints":{"allow":["GET"]}}],"collection":[{"href":"https:\/\/elmejorjamon.es\/pt\/wp-json\/wp\/v2\/product"}],"about":[{"href":"https:\/\/elmejorjamon.es\/pt\/wp-json\/wp\/v2\/types\/product"}],"replies":[{"embeddable":true,"href":"https:\/\/elmejorjamon.es\/pt\/wp-json\/wp\/v2\/comments?post=528"}],"wp:featuredmedia":[{"embeddable":true,"href":"https:\/\/elmejorjamon.es\/pt\/wp-json\/wp\/v2\/media\/511"}],"wp:attachment":[{"href":"https:\/\/elmejorjamon.es\/pt\/wp-json\/wp\/v2\/media?parent=528"}],"wp:term":[{"taxonomy":"product_brand","embeddable":true,"href":"https:\/\/elmejorjamon.es\/pt\/wp-json\/wp\/v2\/product_brand?post=528"},{"taxonomy":"product_cat","embeddable":true,"href":"https:\/\/elmejorjamon.es\/pt\/wp-json\/wp\/v2\/product_cat?post=528"},{"taxonomy":"product_tag","embeddable":true,"href":"https:\/\/elmejorjamon.es\/pt\/wp-json\/wp\/v2\/product_tag?post=528"}],"curies":[{"name":"wp","href":"https:\/\/api.w.org\/{rel}","templated":true}]}}