{"id":20399,"date":"2025-09-19T10:27:39","date_gmt":"2025-09-19T08:27:39","guid":{"rendered":"https:\/\/elmejorjamon.es\/?post_type=product&#038;p=20399"},"modified":"2025-09-19T10:27:44","modified_gmt":"2025-09-19T08:27:44","slug":"ombro-de-cebo-iberico-50-raca-iberica-monteparra","status":"publish","type":"product","link":"https:\/\/elmejorjamon.es\/pt\/producto\/ombro-de-cebo-iberico-50-raca-iberica-monteparra\/","title":{"rendered":"Ombro de Cebo Ib\u00e9rico \u2013 50% Ra\u00e7a Ib\u00e9rica Monteparra"},"content":{"rendered":"<p>Ombro de 5-5 kg, alimentada com uma sele\u00e7\u00e3o das melhores ra\u00e7\u00f5es. No paladar, predomina a sucul\u00eancia e o sabor intenso. <\/p>\n<p>INGREDIENTES: Ombro Ib\u00e9rico, sal e conservantes E-250.<\/p>\n<p>CONDI\u00c7\u00d5ES DE ARMAZENAMENTO: Conservar em local seco e \u00e0 temperatura ambiente (aproximadamente 20 \u00b0C).<\/p>\n<p>ALERG\u00c9NICOS: Nenhum. Sem lactose. <\/p>\n<p>INFORMA\u00c7\u00c3O NUTRICIONAL: Valores m\u00e9dios por 100g de produto. <\/p>\n<p>Energia: 2106 kj \/ 509 kcal<\/p>\n<p>Gordura: 45,8g.<\/p>\n<p>Das quais saturadas: 17 g.<\/p>\n<p>Hidratos de carbono: &lt;0,5 g.<\/p>\n<p>Dos quais a\u00e7\u00facares: &lt;0,5 g.<\/p>\n<p>Prote\u00ednas: 24,2 g.<\/p>\n<p>Sal: 4,0 g.<\/p>\n","protected":false},"excerpt":{"rendered":"<p>Ombro de Cebo Ib\u00e9rico \u2013 50% Ra\u00e7a Ib\u00e9rica Monteparra<\/p>\n","protected":false},"featured_media":20394,"comment_status":"open","ping_status":"closed","template":"","meta":{"_et_pb_use_builder":"","_et_pb_old_content":"","_et_gb_content_width":"","_sitemap_exclude":false,"_sitemap_priority":"","_sitemap_frequency":""},"product_brand":[],"product_cat":[795,829,834],"product_tag":[],"class_list":{"0":"post-20399","1":"product","2":"type-product","3":"status-publish","4":"has-post-thumbnail","6":"product_cat-comecar","7":"product_cat-ombros-ibericos","8":"product_cat-todos-os-produtos-pt-pt","9":"product_shipping_class-normal-pt","10":"pa_opciones-98-cortarporfacaeembaladoeme-pt","11":"pa_opciones-desossado-e-embalado-no-vacuo-59-e-59-e","12":"pa_opciones-peca-inteira","14":"first","15":"instock","16":"shipping-taxable","17":"purchasable","18":"product-type-variable","19":"has-default-attributes"},"yoast_head":"<!-- This site is optimized with the Yoast SEO plugin v27.4 - https:\/\/yoast.com\/product\/yoast-seo-wordpress\/ -->\n<title>Compra Ombro de Cebo Ib\u00e9rico \u2013 50% Ra\u00e7a Ib\u00e9rica Monteparra - El Mejor Jam\u00f3n<\/title>\n<meta name=\"description\" content=\"Alimenta\u00e7\u00e3o baseada numa sele\u00e7\u00e3o das melhores ra\u00e7\u00f5es. A sucul\u00eancia e a intensidade do sabor predominam no paladar. INGREDIENTES: Paleta de porco ib\u00e9rica, sal e conservante E-250\" \/>\n<meta name=\"robots\" content=\"index, follow, max-snippet:-1, max-image-preview:large, max-video-preview:-1\" \/>\n<link rel=\"canonical\" href=\"https:\/\/elmejorjamon.es\/pt\/producto\/ombro-de-cebo-iberico-50-raca-iberica-monteparra\/\" \/>\n<meta property=\"og:locale\" content=\"pt_PT\" \/>\n<meta property=\"og:type\" content=\"article\" \/>\n<meta property=\"og:title\" content=\"Compra Ombro de Cebo Ib\u00e9rico \u2013 50% Ra\u00e7a Ib\u00e9rica Monteparra - El Mejor Jam\u00f3n\" \/>\n<meta property=\"og:description\" content=\"Alimenta\u00e7\u00e3o baseada numa sele\u00e7\u00e3o das melhores ra\u00e7\u00f5es. A sucul\u00eancia e a intensidade do sabor predominam no paladar. INGREDIENTES: Paleta de porco ib\u00e9rica, sal e conservante E-250\" \/>\n<meta property=\"og:url\" content=\"https:\/\/elmejorjamon.es\/pt\/producto\/ombro-de-cebo-iberico-50-raca-iberica-monteparra\/\" \/>\n<meta property=\"og:site_name\" content=\"El Mejor Jam\u00f3n\" \/>\n<meta property=\"article:publisher\" content=\"https:\/\/www.facebook.com\/elmejorjamonweb\" \/>\n<meta property=\"article:modified_time\" content=\"2025-09-19T08:27:44+00:00\" \/>\n<meta property=\"og:image\" content=\"https:\/\/elmejorjamon.es\/wp-content\/uploads\/2025\/09\/paleta-cebo-MONTEPARRA.jpg\" \/>\n\t<meta property=\"og:image:width\" content=\"1000\" \/>\n\t<meta property=\"og:image:height\" content=\"1120\" \/>\n\t<meta property=\"og:image:type\" content=\"image\/jpeg\" \/>\n<meta name=\"twitter:card\" content=\"summary_large_image\" \/>\n<meta name=\"twitter:site\" content=\"@elmejorjamonweb\" \/>\n<script type=\"application\/ld+json\" class=\"yoast-schema-graph\">{\"@context\":\"https:\\\/\\\/schema.org\",\"@graph\":[{\"@type\":\"WebPage\",\"@id\":\"https:\\\/\\\/elmejorjamon.es\\\/pt\\\/producto\\\/ombro-de-cebo-iberico-50-raca-iberica-monteparra\\\/\",\"url\":\"https:\\\/\\\/elmejorjamon.es\\\/pt\\\/producto\\\/ombro-de-cebo-iberico-50-raca-iberica-monteparra\\\/\",\"name\":\"Compra Ombro de Cebo Ib\u00e9rico \u2013 50% Ra\u00e7a Ib\u00e9rica Monteparra - El Mejor Jam\u00f3n\",\"isPartOf\":{\"@id\":\"https:\\\/\\\/elmejorjamon.es\\\/#website\"},\"primaryImageOfPage\":{\"@id\":\"https:\\\/\\\/elmejorjamon.es\\\/pt\\\/producto\\\/ombro-de-cebo-iberico-50-raca-iberica-monteparra\\\/#primaryimage\"},\"image\":{\"@id\":\"https:\\\/\\\/elmejorjamon.es\\\/pt\\\/producto\\\/ombro-de-cebo-iberico-50-raca-iberica-monteparra\\\/#primaryimage\"},\"thumbnailUrl\":\"https:\\\/\\\/elmejorjamon.es\\\/wp-content\\\/uploads\\\/2025\\\/09\\\/paleta-cebo-MONTEPARRA.jpg\",\"datePublished\":\"2025-09-19T08:27:39+00:00\",\"dateModified\":\"2025-09-19T08:27:44+00:00\",\"description\":\"Alimenta\u00e7\u00e3o baseada numa sele\u00e7\u00e3o das melhores ra\u00e7\u00f5es. A sucul\u00eancia e a intensidade do sabor predominam no paladar. INGREDIENTES: Paleta de porco ib\u00e9rica, sal e conservante E-250\",\"breadcrumb\":{\"@id\":\"https:\\\/\\\/elmejorjamon.es\\\/pt\\\/producto\\\/ombro-de-cebo-iberico-50-raca-iberica-monteparra\\\/#breadcrumb\"},\"inLanguage\":\"pt-PT\",\"potentialAction\":[{\"@type\":\"ReadAction\",\"target\":[\"https:\\\/\\\/elmejorjamon.es\\\/pt\\\/producto\\\/ombro-de-cebo-iberico-50-raca-iberica-monteparra\\\/\"]}]},{\"@type\":\"ImageObject\",\"inLanguage\":\"pt-PT\",\"@id\":\"https:\\\/\\\/elmejorjamon.es\\\/pt\\\/producto\\\/ombro-de-cebo-iberico-50-raca-iberica-monteparra\\\/#primaryimage\",\"url\":\"https:\\\/\\\/elmejorjamon.es\\\/wp-content\\\/uploads\\\/2025\\\/09\\\/paleta-cebo-MONTEPARRA.jpg\",\"contentUrl\":\"https:\\\/\\\/elmejorjamon.es\\\/wp-content\\\/uploads\\\/2025\\\/09\\\/paleta-cebo-MONTEPARRA.jpg\",\"width\":1000,\"height\":1120},{\"@type\":\"BreadcrumbList\",\"@id\":\"https:\\\/\\\/elmejorjamon.es\\\/pt\\\/producto\\\/ombro-de-cebo-iberico-50-raca-iberica-monteparra\\\/#breadcrumb\",\"itemListElement\":[{\"@type\":\"ListItem\",\"position\":1,\"name\":\"Portada\",\"item\":\"https:\\\/\\\/elmejorjamon.es\\\/pt\\\/\"},{\"@type\":\"ListItem\",\"position\":2,\"name\":\"In\u00edcio r\u00e1pido\",\"item\":\"https:\\\/\\\/elmejorjamon.es\\\/pt\\\/\"},{\"@type\":\"ListItem\",\"position\":3,\"name\":\"Ombro de Cebo Ib\u00e9rico \u2013 50% Ra\u00e7a Ib\u00e9rica Monteparra\"}]},{\"@type\":\"WebSite\",\"@id\":\"https:\\\/\\\/elmejorjamon.es\\\/#website\",\"url\":\"https:\\\/\\\/elmejorjamon.es\\\/\",\"name\":\"El Mejor Jam\u00f3n\",\"description\":\"Comprar jamones y embutidos a buen precio\",\"publisher\":{\"@id\":\"https:\\\/\\\/elmejorjamon.es\\\/#organization\"},\"potentialAction\":[{\"@type\":\"SearchAction\",\"target\":{\"@type\":\"EntryPoint\",\"urlTemplate\":\"https:\\\/\\\/elmejorjamon.es\\\/?s={search_term_string}\"},\"query-input\":{\"@type\":\"PropertyValueSpecification\",\"valueRequired\":true,\"valueName\":\"search_term_string\"}}],\"inLanguage\":\"pt-PT\"},{\"@type\":\"Organization\",\"@id\":\"https:\\\/\\\/elmejorjamon.es\\\/#organization\",\"name\":\"El Mejor Jam\u00f3n\",\"url\":\"https:\\\/\\\/elmejorjamon.es\\\/\",\"logo\":{\"@type\":\"ImageObject\",\"inLanguage\":\"pt-PT\",\"@id\":\"https:\\\/\\\/elmejorjamon.es\\\/#\\\/schema\\\/logo\\\/image\\\/\",\"url\":\"https:\\\/\\\/elmejorjamon.es\\\/wp-content\\\/uploads\\\/2025\\\/01\\\/logocorreos.png\",\"contentUrl\":\"https:\\\/\\\/elmejorjamon.es\\\/wp-content\\\/uploads\\\/2025\\\/01\\\/logocorreos.png\",\"width\":277,\"height\":200,\"caption\":\"El Mejor Jam\u00f3n\"},\"image\":{\"@id\":\"https:\\\/\\\/elmejorjamon.es\\\/#\\\/schema\\\/logo\\\/image\\\/\"},\"sameAs\":[\"https:\\\/\\\/www.facebook.com\\\/elmejorjamonweb\",\"https:\\\/\\\/x.com\\\/elmejorjamonweb\",\"https:\\\/\\\/www.instagram.com\\\/elmejorjamonweb\\\/\"]}]}<\/script>\n<!-- \/ Yoast SEO plugin. -->","yoast_head_json":{"title":"Compra Ombro de Cebo Ib\u00e9rico \u2013 50% Ra\u00e7a Ib\u00e9rica Monteparra - El Mejor Jam\u00f3n","description":"Alimenta\u00e7\u00e3o baseada numa sele\u00e7\u00e3o das melhores ra\u00e7\u00f5es. A sucul\u00eancia e a intensidade do sabor predominam no paladar. INGREDIENTES: Paleta de porco ib\u00e9rica, sal e conservante E-250","robots":{"index":"index","follow":"follow","max-snippet":"max-snippet:-1","max-image-preview":"max-image-preview:large","max-video-preview":"max-video-preview:-1"},"canonical":"https:\/\/elmejorjamon.es\/pt\/producto\/ombro-de-cebo-iberico-50-raca-iberica-monteparra\/","og_locale":"pt_PT","og_type":"article","og_title":"Compra Ombro de Cebo Ib\u00e9rico \u2013 50% Ra\u00e7a Ib\u00e9rica Monteparra - El Mejor Jam\u00f3n","og_description":"Alimenta\u00e7\u00e3o baseada numa sele\u00e7\u00e3o das melhores ra\u00e7\u00f5es. A sucul\u00eancia e a intensidade do sabor predominam no paladar. INGREDIENTES: Paleta de porco ib\u00e9rica, sal e conservante E-250","og_url":"https:\/\/elmejorjamon.es\/pt\/producto\/ombro-de-cebo-iberico-50-raca-iberica-monteparra\/","og_site_name":"El Mejor Jam\u00f3n","article_publisher":"https:\/\/www.facebook.com\/elmejorjamonweb","article_modified_time":"2025-09-19T08:27:44+00:00","og_image":[{"width":1000,"height":1120,"url":"https:\/\/elmejorjamon.es\/wp-content\/uploads\/2025\/09\/paleta-cebo-MONTEPARRA.jpg","type":"image\/jpeg"}],"twitter_card":"summary_large_image","twitter_site":"@elmejorjamonweb","schema":{"@context":"https:\/\/schema.org","@graph":[{"@type":"WebPage","@id":"https:\/\/elmejorjamon.es\/pt\/producto\/ombro-de-cebo-iberico-50-raca-iberica-monteparra\/","url":"https:\/\/elmejorjamon.es\/pt\/producto\/ombro-de-cebo-iberico-50-raca-iberica-monteparra\/","name":"Compra Ombro de Cebo Ib\u00e9rico \u2013 50% Ra\u00e7a Ib\u00e9rica Monteparra - El Mejor Jam\u00f3n","isPartOf":{"@id":"https:\/\/elmejorjamon.es\/#website"},"primaryImageOfPage":{"@id":"https:\/\/elmejorjamon.es\/pt\/producto\/ombro-de-cebo-iberico-50-raca-iberica-monteparra\/#primaryimage"},"image":{"@id":"https:\/\/elmejorjamon.es\/pt\/producto\/ombro-de-cebo-iberico-50-raca-iberica-monteparra\/#primaryimage"},"thumbnailUrl":"https:\/\/elmejorjamon.es\/wp-content\/uploads\/2025\/09\/paleta-cebo-MONTEPARRA.jpg","datePublished":"2025-09-19T08:27:39+00:00","dateModified":"2025-09-19T08:27:44+00:00","description":"Alimenta\u00e7\u00e3o baseada numa sele\u00e7\u00e3o das melhores ra\u00e7\u00f5es. A sucul\u00eancia e a intensidade do sabor predominam no paladar. INGREDIENTES: Paleta de porco ib\u00e9rica, sal e conservante E-250","breadcrumb":{"@id":"https:\/\/elmejorjamon.es\/pt\/producto\/ombro-de-cebo-iberico-50-raca-iberica-monteparra\/#breadcrumb"},"inLanguage":"pt-PT","potentialAction":[{"@type":"ReadAction","target":["https:\/\/elmejorjamon.es\/pt\/producto\/ombro-de-cebo-iberico-50-raca-iberica-monteparra\/"]}]},{"@type":"ImageObject","inLanguage":"pt-PT","@id":"https:\/\/elmejorjamon.es\/pt\/producto\/ombro-de-cebo-iberico-50-raca-iberica-monteparra\/#primaryimage","url":"https:\/\/elmejorjamon.es\/wp-content\/uploads\/2025\/09\/paleta-cebo-MONTEPARRA.jpg","contentUrl":"https:\/\/elmejorjamon.es\/wp-content\/uploads\/2025\/09\/paleta-cebo-MONTEPARRA.jpg","width":1000,"height":1120},{"@type":"BreadcrumbList","@id":"https:\/\/elmejorjamon.es\/pt\/producto\/ombro-de-cebo-iberico-50-raca-iberica-monteparra\/#breadcrumb","itemListElement":[{"@type":"ListItem","position":1,"name":"Portada","item":"https:\/\/elmejorjamon.es\/pt\/"},{"@type":"ListItem","position":2,"name":"In\u00edcio r\u00e1pido","item":"https:\/\/elmejorjamon.es\/pt\/"},{"@type":"ListItem","position":3,"name":"Ombro de Cebo Ib\u00e9rico \u2013 50% Ra\u00e7a Ib\u00e9rica Monteparra"}]},{"@type":"WebSite","@id":"https:\/\/elmejorjamon.es\/#website","url":"https:\/\/elmejorjamon.es\/","name":"El Mejor Jam\u00f3n","description":"Comprar jamones y embutidos a buen precio","publisher":{"@id":"https:\/\/elmejorjamon.es\/#organization"},"potentialAction":[{"@type":"SearchAction","target":{"@type":"EntryPoint","urlTemplate":"https:\/\/elmejorjamon.es\/?s={search_term_string}"},"query-input":{"@type":"PropertyValueSpecification","valueRequired":true,"valueName":"search_term_string"}}],"inLanguage":"pt-PT"},{"@type":"Organization","@id":"https:\/\/elmejorjamon.es\/#organization","name":"El Mejor Jam\u00f3n","url":"https:\/\/elmejorjamon.es\/","logo":{"@type":"ImageObject","inLanguage":"pt-PT","@id":"https:\/\/elmejorjamon.es\/#\/schema\/logo\/image\/","url":"https:\/\/elmejorjamon.es\/wp-content\/uploads\/2025\/01\/logocorreos.png","contentUrl":"https:\/\/elmejorjamon.es\/wp-content\/uploads\/2025\/01\/logocorreos.png","width":277,"height":200,"caption":"El Mejor Jam\u00f3n"},"image":{"@id":"https:\/\/elmejorjamon.es\/#\/schema\/logo\/image\/"},"sameAs":["https:\/\/www.facebook.com\/elmejorjamonweb","https:\/\/x.com\/elmejorjamonweb","https:\/\/www.instagram.com\/elmejorjamonweb\/"]}]}},"_links":{"self":[{"href":"https:\/\/elmejorjamon.es\/pt\/wp-json\/wp\/v2\/product\/20399","targetHints":{"allow":["GET"]}}],"collection":[{"href":"https:\/\/elmejorjamon.es\/pt\/wp-json\/wp\/v2\/product"}],"about":[{"href":"https:\/\/elmejorjamon.es\/pt\/wp-json\/wp\/v2\/types\/product"}],"replies":[{"embeddable":true,"href":"https:\/\/elmejorjamon.es\/pt\/wp-json\/wp\/v2\/comments?post=20399"}],"wp:featuredmedia":[{"embeddable":true,"href":"https:\/\/elmejorjamon.es\/pt\/wp-json\/wp\/v2\/media\/20394"}],"wp:attachment":[{"href":"https:\/\/elmejorjamon.es\/pt\/wp-json\/wp\/v2\/media?parent=20399"}],"wp:term":[{"taxonomy":"product_brand","embeddable":true,"href":"https:\/\/elmejorjamon.es\/pt\/wp-json\/wp\/v2\/product_brand?post=20399"},{"taxonomy":"product_cat","embeddable":true,"href":"https:\/\/elmejorjamon.es\/pt\/wp-json\/wp\/v2\/product_cat?post=20399"},{"taxonomy":"product_tag","embeddable":true,"href":"https:\/\/elmejorjamon.es\/pt\/wp-json\/wp\/v2\/product_tag?post=20399"}],"curies":[{"name":"wp","href":"https:\/\/api.w.org\/{rel}","templated":true}]}}