{"id":14750,"date":"2024-11-06T14:05:52","date_gmt":"2024-11-06T13:05:52","guid":{"rendered":"https:\/\/nueva.elmejorjamon.es\/termos-e-condicoes\/"},"modified":"2024-11-15T11:21:15","modified_gmt":"2024-11-15T10:21:15","slug":"termos-e-condicoes","status":"publish","type":"page","link":"https:\/\/elmejorjamon.es\/pt\/termos-e-condicoes\/","title":{"rendered":"Termos e condi\u00e7\u00f5es"},"content":{"rendered":"<p>www.elmejorjamon.es para proteger os direitos individuais, especialmente em rela\u00e7\u00e3o aos tratamentos automatizados e com o desejo de ser transparente com o utilizador, estabeleceu uma pol\u00edtica que inclui o conjunto de procedimentos, os fins prosseguidos por estes \u00faltimos, a legitimidade dos pr\u00f3prios e tamb\u00e9m os instrumentos \u00e0 disposi\u00e7\u00e3o do utente para que este possa exercer os seus direitos.<\/p>\n<p>A navega\u00e7\u00e3o neste site implica a aceita\u00e7\u00e3o integral das seguintes disposi\u00e7\u00f5es e condi\u00e7\u00f5es de utiliza\u00e7\u00e3o. Ser\u00e1 aceite a utiliza\u00e7\u00e3o de cookies. Se n\u00e3o concordar, envie um email para admin@elmejorjamon.es  <\/p>\n<p>A vers\u00e3o atualizada desta pol\u00edtica de privacidade \u00e9 a \u00fanica aplic\u00e1vel durante a utiliza\u00e7\u00e3o do site at\u00e9 que outra vers\u00e3o a substitua.<\/p>\n<p>Para mais informa\u00e7\u00f5es adicionais sobre a prote\u00e7\u00e3o de dados, convidamo-lo a consultar o nosso site.<\/p>\n<p>&nbsp;<\/p>\n<p><strong>Quem \u00e9 o respons\u00e1vel pelo tratamento dos seus dados?<\/strong><\/p>\n<p>Nome da empresa: Valls Alimentaci\u00f3n, S.L.<\/p>\n<p>N.\u00ba IVA: B-03675477<\/p>\n<p>Endere\u00e7o: F\u00e1brica de la Moneda, 7 Pol. Ind. Tres Hermanas II  <\/p>\n<p>Telefone: 965463401<\/p>\n<p>Contacto: Antonio Valls<\/p>\n<p><strong>Recolha de dados<\/strong><\/p>\n<p>Os teus dados s\u00e3o recolhidos pelo PROPRIET\u00c1RIO<\/p>\n<p>Por dados pessoais entende-se a informa\u00e7\u00e3o referente a uma pessoa singular identific\u00e1vel ou identific\u00e1vel (pessoa afetada). , nif,). nie, passaporte) ou atrav\u00e9s de uma descri\u00e7\u00e3o das suas caracter\u00edsticas f\u00edsicas, fisiol\u00f3gicas, gen\u00e9ticas, mentais, econ\u00f3micas, culturais ou sociais e da sua identidade.<\/p>\n<p>Os dados que geralmente ser\u00e3o recolhidos s\u00e3o: Nome e apelido, morada, email, telefone, data de nascimento, dados relativos aos meios de pagamento. Outros tipos de dados poder\u00e3o ser recolhidos junto do utilizador informado. <\/p>\n<p>&nbsp;<\/p>\n<p><strong>Com que finalidade s\u00e3o tratados os dados pessoais?<\/strong><\/p>\n<p>A Valls Alimentaci\u00f3n, S.L. trata os seguintes dados para as seguintes finalidades:<\/p>\n<p>A finalidade do tratamento dos dados pessoais que possam ser recolhidos \u00e9 utiliz\u00e1-los principalmente pelo PROPRIET\u00c1RIO para a gest\u00e3o da sua rela\u00e7\u00e3o consigo, para lhe poder oferecer produtos e servi\u00e7os de acordo com os seus interesses, para melhorar a sua experi\u00eancia de utilizador e, se for caso disso, para o processamento dos seus pedidos, encomendas ou encomendas. Ser\u00e1 elaborado um perfil comercial com base nas informa\u00e7\u00f5es que nos fornecer. Nenhuma decis\u00e3o automatizada ser\u00e1 tomada com base neste perfil.  <\/p>\n<p>Os dados fornecidos ser\u00e3o conservados enquanto se mantiver a rela\u00e7\u00e3o comercial, desde que n\u00e3o solicite a elimina\u00e7\u00e3o ou durante os anos necess\u00e1rios ao cumprimento das obriga\u00e7\u00f5es legais.<\/p>\n<p>Ser\u00e3o registados na ficha do cliente e o seu tratamento ficar\u00e1 registado nos tratamentos que o PROPRIET\u00c1RIO dever\u00e1 realizar (antes de 25 de maio de 2018). de Dados) ou \u00f3rg\u00e3o competente da respectiva Comunidade Aut\u00f3noma) o nome do ficheiro \u00e9 o seguinte: clientes e utilizadores.<\/p>\n<p>&nbsp;<\/p>\n<p><strong>Qual a legitimidade para o tratamento dos seus dados?<\/strong><\/p>\n<p>A base jur\u00eddica para o tratamento dos seus dados pessoais \u00e9:<\/p>\n<p>A correta execu\u00e7\u00e3o e cumprimento do contrato.<\/p>\n<p>O interesse leg\u00edtimo do PROPRIET\u00c1RIO<\/p>\n<p>O consentimento do utilizador ou cliente para o tratamento de dados<\/p>\n<p>&nbsp;<\/p>\n<p><strong>A que destinat\u00e1rios ser\u00e3o comunicados os dados?<\/strong><\/p>\n<p>A EMPRESA n\u00e3o transferir\u00e1, em princ\u00edpio, dados pessoais para terceiros. No entanto, no caso de transfer\u00eancia para terceiro, ser\u00e1 prestada informa\u00e7\u00e3o pr\u00e9via solicitando o consentimento expresso do afetado. <\/p>\n<p>Tamb\u00e9m quando era necess\u00e1rio realizar comunica\u00e7\u00f5es \u00e0s autoridades caso o utilizador tivesse praticado a\u00e7\u00f5es contr\u00e1rias \u00e0 lei ou n\u00e3o cumprisse o aviso legal.<\/p>\n<p>Os dados do utilizador poder\u00e3o ser comunicados a outras empresas do grupo, caso existam, para fins administrativos internos que possam implicar o tratamento desses dados.<\/p>\n<p>Os dados pessoais do utilizador poder\u00e3o ser transferidos para um pa\u00eds terceiro ou para uma organiza\u00e7\u00e3o internacional, mas o utilizador dever\u00e1 ser informado quando essa transfer\u00eancia ocorrer\u00e1 e as condi\u00e7\u00f5es da transfer\u00eancia e o destinat\u00e1rio.<\/p>\n<p>Quando alguns dados forem obrigat\u00f3rios para aceder a funcionalidades espec\u00edficas do site, o PROPRIET\u00c1RIO indicar\u00e1 essa obrigatoriedade no momento da recolha dos dados do Utilizador.<\/p>\n<p><strong>Cookies<\/strong><\/p>\n<p>Ao navegar neste site, poder\u00e3o ser depositados no seu computador, tablet ou telem\u00f3vel cookies do PROPRIET\u00c1RIO do site em quest\u00e3o e\/ou de empresas terceiras. Durante a primeira navega\u00e7\u00e3o surgir\u00e1 um banner explicativo sobre a utiliza\u00e7\u00e3o de cookies. <\/p>\n<p>Assim sendo, ao continuar a navega\u00e7\u00e3o, o utilizador ser\u00e1 considerado informado. O consentimento dado ser\u00e1 v\u00e1lido por um per\u00edodo de treze meses. <\/p>\n<p>&nbsp;<\/p>\n<p><strong>Direitos do utilizador<\/strong><\/p>\n<p>O utilizador \u00e9 informado da possibilidade de exercer os seus direitos de acesso, retifica\u00e7\u00e3o, cancelamento e oposi\u00e7\u00e3o. Cada pessoa tem ainda o direito de limitar o tratamento relativo \u00e0 sua pessoa, o direito de apagar as transfer\u00eancias de dados pessoais transmitidos ao respons\u00e1vel pelo tratamento e o direito \u00e0 portabilidade dos seus dados. <\/p>\n<p>O utilizador tem a possibilidade de apresentar uma reclama\u00e7\u00e3o \u00e0 AEPD (Ag\u00eancia Espanhola de Protec\u00e7\u00e3o de Dados) ou ao \u00f3rg\u00e3o competente da comunidade aut\u00f3noma, quando n\u00e3o tenha obtido uma solu\u00e7\u00e3o satisfat\u00f3ria no exerc\u00edcio dos seus direitos, por escrito.<\/p>\n<p>A menos que o utilizador se oponha enviando um e-mail para o endere\u00e7o de correio eletr\u00f3nico <a href=\"mailto:admin@elmejorjamon.es\">admin@elmejorjamon.es<\/a>, os seus dados poder\u00e3o ser utilizados, se for o caso, para enviar informa\u00e7\u00e3o comercial da Valls Alimentaci\u00f3n, S.L. Os dados comerciais ser\u00e3o conservados enquanto a rela\u00e7\u00e3o comercial for mantida ou durante os anos necess\u00e1rios para cumprir<\/p>\n<p>O utilizador \u00e9 respons\u00e1vel por garantir que as informa\u00e7\u00f5es fornecidas atrav\u00e9s deste site s\u00e3o precisas em todos os dados comunicados e mant\u00ea-las-\u00e1 atualizadas para que reflitam uma situa\u00e7\u00e3o real, sendo respons\u00e1vel pelas informa\u00e7\u00f5es falsas ou inexatas fornecidas e pelos danos, inconvenientes e problemas que possam ser causados \u00e0 aipasvi rb formaci\u00f3n ou a terceiros<\/p>\n<p>Esta informa\u00e7\u00e3o ser\u00e1 guardada e gerida com a devida confidencialidade, aplicando-se as medidas de seguran\u00e7a inform\u00e1tica necess\u00e1rias para evitar o acesso ou utiliza\u00e7\u00e3o indevida dos seus dados, a sua manipula\u00e7\u00e3o, deteriora\u00e7\u00e3o ou perda.<\/p>\n<p>No entanto, o utilizador deve ter em mente que a seguran\u00e7a dos sistemas inform\u00e1ticos nunca \u00e9 absoluta. Quando os dados pessoais s\u00e3o fornecidos online, estas informa\u00e7\u00f5es podem ser recolhidas sem o seu consentimento e tratadas por terceiros n\u00e3o autorizados. <\/p>\n<p>Valls Alimentaci\u00f3n, S.L. declina qualquer tipo de responsabilidade pelas consequ\u00eancias que estes atos possam ter para o utilizador se eu publicar a informa\u00e7\u00e3o voluntariamente.<\/p>\n<p>Poder\u00e1 exercer e exercer estes direitos mediante pedido escrito e assinado que poder\u00e1 ser enviado para o endere\u00e7o Valls Alimentaci\u00f3n, S.L. F\u00e1brica de la Moneda, 7, 03680 Aspe (Alicante), anexando fotoc\u00f3pia do DNI ou documento equivalente.<\/p>\n<p>Tamb\u00e9m pode envi\u00e1-lo por e-mail para <a href=\"mailto:admin@elmejorjamon.es\">admin@elmejorjamon.es<\/a><\/p>\n<p>Estes direitos ser\u00e3o atendidos no prazo de 1 m\u00eas, podendo ser prorrogado at\u00e9 2 meses se a complexidade do pedido ou o n\u00famero de pedidos recebidos o exigirem. Tudo isto sem preju\u00edzo do dever de conserva\u00e7\u00e3o de determinados dados nos termos legais e at\u00e9 que sejam pr\u00e9-escritas as eventuais responsabilidades decorrentes de um eventual tratamento ou, se for caso disso, de uma rela\u00e7\u00e3o contratual. <\/p>\n<p>Para al\u00e9m do acima exposto, e em rela\u00e7\u00e3o \u00e0s normas de prote\u00e7\u00e3o de dados, os utilizadores que o solicitem t\u00eam a possibilidade de organizar o destino dos seus dados ap\u00f3s a sua morte.<\/p>\n<p>&nbsp;<\/p>\n<p><strong>Como obtivemos os seus dados?<\/strong><\/p>\n<p>Os dados pessoais que tratamos na Valls Alimentaci\u00f3n, S.L. prov\u00eam do interessado.<\/p>\n<p>A parte interessada que envia as informa\u00e7\u00f5es para Valls Alimentaci\u00f3n, S.L. garante e responde, em qualquer caso, a exatid\u00e3o, validade e autenticidade dos dados pessoais fornecidos e compromete-se a mant\u00ea-los devidamente actualizados, exonerando a EMPRESA de qualquer responsabilidade a este respeito. O utilizador compromete-se a fornecer informa\u00e7\u00f5es completas e corretas nos formul\u00e1rios de registo. <\/p>\n<p>&nbsp;<\/p>\n<p>&nbsp;<\/p>\n<p><strong>Uso comum com as redes sociais<\/strong><\/p>\n<p>&nbsp;<\/p>\n<p>Se o titular dos dados optar por aceder aos Servi\u00e7os atrav\u00e9s da sua conta de rede social ou clicar num dos bot\u00f5es de liga\u00e7\u00e3o ou links de redes sociais dispon\u00edveis nos Servi\u00e7os, o seu conte\u00fado e informa\u00e7\u00f5es pessoais ser\u00e3o partilhados com as redes sociais correspondentes.<\/p>\n<p>&nbsp;<\/p>\n<p>A parte afetada est\u00e1 ciente e aceita que a utiliza\u00e7\u00e3o das suas informa\u00e7\u00f5es pessoais, incluindo as informa\u00e7\u00f5es que partilha com as redes sociais atrav\u00e9s dos Servi\u00e7os, pelas redes sociais, \u00e9 regida pelas respetivas pol\u00edticas de privacidade. Se n\u00e3o desejar que as redes sociais recolham as suas informa\u00e7\u00f5es, reveja a pol\u00edtica de privacidade da rede social relevante e\/ou desligue-se da mesma antes de utilizar os nossos Servi\u00e7os. <\/p>\n<p>&nbsp;<\/p>\n<p><strong>Menores<\/strong><\/p>\n<p>Os menores de 14 anos n\u00e3o poder\u00e3o inscrever-se, exceto com autoriza\u00e7\u00e3o dos pais e\/ou tutores legais.<\/p>\n<p>&nbsp;<\/p>\n<p><strong>Altera\u00e7\u00f5es na Pol\u00edtica de Privacidade<\/strong><\/p>\n<p>A Valls Alimentaci\u00f3n, S.L. reserva-se o direito de modificar esta pol\u00edtica para adapt\u00e1-la a novas legisla\u00e7\u00f5es ou jurisprud\u00eancias. Nesses casos, a empresa anunciar\u00e1 nesta p\u00e1gina as altera\u00e7\u00f5es introduzidas com um aviso pr\u00e9vio razo\u00e1vel antes da sua implementa\u00e7\u00e3o. <\/p>\n","protected":false},"excerpt":{"rendered":"<p>www.elmejorjamon.es para proteger os direitos individuais, especialmente em rela\u00e7\u00e3o aos tratamentos automatizados e com o desejo de ser transparente com o utilizador, estabeleceu uma pol\u00edtica que inclui o conjunto de procedimentos, os fins prosseguidos por estes \u00faltimos, a legitimidade dos pr\u00f3prios e tamb\u00e9m os instrumentos \u00e0 disposi\u00e7\u00e3o do utente para que este possa exercer os [&hellip;]<\/p>\n","protected":false},"author":4412,"featured_media":0,"parent":0,"menu_order":0,"comment_status":"closed","ping_status":"closed","template":"","meta":{"_et_pb_use_builder":"on","_et_pb_old_content":"","_et_gb_content_width":"","_sitemap_exclude":false,"_sitemap_priority":"","_sitemap_frequency":"","footnotes":""},"class_list":["post-14750","page","type-page","status-publish","hentry"],"yoast_head":"<!-- This site is optimized with the Yoast SEO plugin v27.4 - https:\/\/yoast.com\/product\/yoast-seo-wordpress\/ -->\n<title>Termos e condi\u00e7\u00f5es - El Mejor Jam\u00f3n<\/title>\n<meta name=\"robots\" content=\"index, follow, max-snippet:-1, max-image-preview:large, max-video-preview:-1\" \/>\n<link rel=\"canonical\" href=\"https:\/\/elmejorjamon.es\/terminos-y-condiciones\/\" \/>\n<meta property=\"og:locale\" content=\"pt_PT\" \/>\n<meta property=\"og:type\" content=\"article\" \/>\n<meta property=\"og:title\" content=\"Termos e condi\u00e7\u00f5es - El Mejor Jam\u00f3n\" \/>\n<meta property=\"og:description\" content=\"www.elmejorjamon.es para proteger os direitos individuais, especialmente em rela\u00e7\u00e3o aos tratamentos automatizados e com o desejo de ser transparente com o utilizador, estabeleceu uma pol\u00edtica que inclui o conjunto de procedimentos, os fins prosseguidos por estes \u00faltimos, a legitimidade dos pr\u00f3prios e tamb\u00e9m os instrumentos \u00e0 disposi\u00e7\u00e3o do utente para que este possa exercer os [&hellip;]\" \/>\n<meta property=\"og:url\" content=\"https:\/\/elmejorjamon.es\/terminos-y-condiciones\/\" \/>\n<meta property=\"og:site_name\" content=\"El Mejor Jam\u00f3n\" \/>\n<meta property=\"article:publisher\" content=\"https:\/\/www.facebook.com\/elmejorjamonweb\" \/>\n<meta property=\"article:modified_time\" content=\"2024-11-15T10:21:15+00:00\" \/>\n<meta property=\"og:image\" content=\"https:\/\/elmejorjamon.es\/wp-content\/uploads\/2025\/01\/logocorreos.png\" \/>\n\t<meta property=\"og:image:width\" content=\"277\" \/>\n\t<meta property=\"og:image:height\" content=\"200\" \/>\n\t<meta property=\"og:image:type\" content=\"image\/png\" \/>\n<meta name=\"twitter:card\" content=\"summary_large_image\" \/>\n<meta name=\"twitter:site\" content=\"@elmejorjamonweb\" \/>\n<meta name=\"twitter:label1\" content=\"Tempo estimado de leitura\" \/>\n\t<meta name=\"twitter:data1\" content=\"8 minuto\" \/>\n<script type=\"application\/ld+json\" class=\"yoast-schema-graph\">{\"@context\":\"https:\\\/\\\/schema.org\",\"@graph\":[{\"@type\":\"WebPage\",\"@id\":\"https:\\\/\\\/elmejorjamon.es\\\/terminos-y-condiciones\\\/\",\"url\":\"https:\\\/\\\/elmejorjamon.es\\\/terminos-y-condiciones\\\/\",\"name\":\"Termos e condi\u00e7\u00f5es - El Mejor Jam\u00f3n\",\"isPartOf\":{\"@id\":\"https:\\\/\\\/elmejorjamon.es\\\/#website\"},\"datePublished\":\"2024-11-06T13:05:52+00:00\",\"dateModified\":\"2024-11-15T10:21:15+00:00\",\"breadcrumb\":{\"@id\":\"https:\\\/\\\/elmejorjamon.es\\\/terminos-y-condiciones\\\/#breadcrumb\"},\"inLanguage\":\"pt-PT\",\"potentialAction\":[{\"@type\":\"ReadAction\",\"target\":[\"https:\\\/\\\/elmejorjamon.es\\\/terminos-y-condiciones\\\/\"]}]},{\"@type\":\"BreadcrumbList\",\"@id\":\"https:\\\/\\\/elmejorjamon.es\\\/terminos-y-condiciones\\\/#breadcrumb\",\"itemListElement\":[{\"@type\":\"ListItem\",\"position\":1,\"name\":\"Portada\",\"item\":\"https:\\\/\\\/elmejorjamon.es\\\/pt\\\/\"},{\"@type\":\"ListItem\",\"position\":2,\"name\":\"Termos e condi\u00e7\u00f5es\"}]},{\"@type\":\"WebSite\",\"@id\":\"https:\\\/\\\/elmejorjamon.es\\\/#website\",\"url\":\"https:\\\/\\\/elmejorjamon.es\\\/\",\"name\":\"El Mejor Jam\u00f3n\",\"description\":\"Comprar jamones y embutidos a buen precio\",\"publisher\":{\"@id\":\"https:\\\/\\\/elmejorjamon.es\\\/#organization\"},\"potentialAction\":[{\"@type\":\"SearchAction\",\"target\":{\"@type\":\"EntryPoint\",\"urlTemplate\":\"https:\\\/\\\/elmejorjamon.es\\\/?s={search_term_string}\"},\"query-input\":{\"@type\":\"PropertyValueSpecification\",\"valueRequired\":true,\"valueName\":\"search_term_string\"}}],\"inLanguage\":\"pt-PT\"},{\"@type\":\"Organization\",\"@id\":\"https:\\\/\\\/elmejorjamon.es\\\/#organization\",\"name\":\"El Mejor Jam\u00f3n\",\"url\":\"https:\\\/\\\/elmejorjamon.es\\\/\",\"logo\":{\"@type\":\"ImageObject\",\"inLanguage\":\"pt-PT\",\"@id\":\"https:\\\/\\\/elmejorjamon.es\\\/#\\\/schema\\\/logo\\\/image\\\/\",\"url\":\"https:\\\/\\\/elmejorjamon.es\\\/wp-content\\\/uploads\\\/2025\\\/01\\\/logocorreos.png\",\"contentUrl\":\"https:\\\/\\\/elmejorjamon.es\\\/wp-content\\\/uploads\\\/2025\\\/01\\\/logocorreos.png\",\"width\":277,\"height\":200,\"caption\":\"El Mejor Jam\u00f3n\"},\"image\":{\"@id\":\"https:\\\/\\\/elmejorjamon.es\\\/#\\\/schema\\\/logo\\\/image\\\/\"},\"sameAs\":[\"https:\\\/\\\/www.facebook.com\\\/elmejorjamonweb\",\"https:\\\/\\\/x.com\\\/elmejorjamonweb\",\"https:\\\/\\\/www.instagram.com\\\/elmejorjamonweb\\\/\"]}]}<\/script>\n<!-- \/ Yoast SEO plugin. -->","yoast_head_json":{"title":"Termos e condi\u00e7\u00f5es - El Mejor Jam\u00f3n","robots":{"index":"index","follow":"follow","max-snippet":"max-snippet:-1","max-image-preview":"max-image-preview:large","max-video-preview":"max-video-preview:-1"},"canonical":"https:\/\/elmejorjamon.es\/terminos-y-condiciones\/","og_locale":"pt_PT","og_type":"article","og_title":"Termos e condi\u00e7\u00f5es - El Mejor Jam\u00f3n","og_description":"www.elmejorjamon.es para proteger os direitos individuais, especialmente em rela\u00e7\u00e3o aos tratamentos automatizados e com o desejo de ser transparente com o utilizador, estabeleceu uma pol\u00edtica que inclui o conjunto de procedimentos, os fins prosseguidos por estes \u00faltimos, a legitimidade dos pr\u00f3prios e tamb\u00e9m os instrumentos \u00e0 disposi\u00e7\u00e3o do utente para que este possa exercer os [&hellip;]","og_url":"https:\/\/elmejorjamon.es\/terminos-y-condiciones\/","og_site_name":"El Mejor Jam\u00f3n","article_publisher":"https:\/\/www.facebook.com\/elmejorjamonweb","article_modified_time":"2024-11-15T10:21:15+00:00","og_image":[{"width":277,"height":200,"url":"https:\/\/elmejorjamon.es\/wp-content\/uploads\/2025\/01\/logocorreos.png","type":"image\/png"}],"twitter_card":"summary_large_image","twitter_site":"@elmejorjamonweb","twitter_misc":{"Tempo estimado de leitura":"8 minuto"},"schema":{"@context":"https:\/\/schema.org","@graph":[{"@type":"WebPage","@id":"https:\/\/elmejorjamon.es\/terminos-y-condiciones\/","url":"https:\/\/elmejorjamon.es\/terminos-y-condiciones\/","name":"Termos e condi\u00e7\u00f5es - El Mejor Jam\u00f3n","isPartOf":{"@id":"https:\/\/elmejorjamon.es\/#website"},"datePublished":"2024-11-06T13:05:52+00:00","dateModified":"2024-11-15T10:21:15+00:00","breadcrumb":{"@id":"https:\/\/elmejorjamon.es\/terminos-y-condiciones\/#breadcrumb"},"inLanguage":"pt-PT","potentialAction":[{"@type":"ReadAction","target":["https:\/\/elmejorjamon.es\/terminos-y-condiciones\/"]}]},{"@type":"BreadcrumbList","@id":"https:\/\/elmejorjamon.es\/terminos-y-condiciones\/#breadcrumb","itemListElement":[{"@type":"ListItem","position":1,"name":"Portada","item":"https:\/\/elmejorjamon.es\/pt\/"},{"@type":"ListItem","position":2,"name":"Termos e condi\u00e7\u00f5es"}]},{"@type":"WebSite","@id":"https:\/\/elmejorjamon.es\/#website","url":"https:\/\/elmejorjamon.es\/","name":"El Mejor Jam\u00f3n","description":"Comprar jamones y embutidos a buen precio","publisher":{"@id":"https:\/\/elmejorjamon.es\/#organization"},"potentialAction":[{"@type":"SearchAction","target":{"@type":"EntryPoint","urlTemplate":"https:\/\/elmejorjamon.es\/?s={search_term_string}"},"query-input":{"@type":"PropertyValueSpecification","valueRequired":true,"valueName":"search_term_string"}}],"inLanguage":"pt-PT"},{"@type":"Organization","@id":"https:\/\/elmejorjamon.es\/#organization","name":"El Mejor Jam\u00f3n","url":"https:\/\/elmejorjamon.es\/","logo":{"@type":"ImageObject","inLanguage":"pt-PT","@id":"https:\/\/elmejorjamon.es\/#\/schema\/logo\/image\/","url":"https:\/\/elmejorjamon.es\/wp-content\/uploads\/2025\/01\/logocorreos.png","contentUrl":"https:\/\/elmejorjamon.es\/wp-content\/uploads\/2025\/01\/logocorreos.png","width":277,"height":200,"caption":"El Mejor Jam\u00f3n"},"image":{"@id":"https:\/\/elmejorjamon.es\/#\/schema\/logo\/image\/"},"sameAs":["https:\/\/www.facebook.com\/elmejorjamonweb","https:\/\/x.com\/elmejorjamonweb","https:\/\/www.instagram.com\/elmejorjamonweb\/"]}]}},"_links":{"self":[{"href":"https:\/\/elmejorjamon.es\/pt\/wp-json\/wp\/v2\/pages\/14750","targetHints":{"allow":["GET"]}}],"collection":[{"href":"https:\/\/elmejorjamon.es\/pt\/wp-json\/wp\/v2\/pages"}],"about":[{"href":"https:\/\/elmejorjamon.es\/pt\/wp-json\/wp\/v2\/types\/page"}],"author":[{"embeddable":true,"href":"https:\/\/elmejorjamon.es\/pt\/wp-json\/wp\/v2\/users\/4412"}],"replies":[{"embeddable":true,"href":"https:\/\/elmejorjamon.es\/pt\/wp-json\/wp\/v2\/comments?post=14750"}],"version-history":[{"count":0,"href":"https:\/\/elmejorjamon.es\/pt\/wp-json\/wp\/v2\/pages\/14750\/revisions"}],"wp:attachment":[{"href":"https:\/\/elmejorjamon.es\/pt\/wp-json\/wp\/v2\/media?parent=14750"}],"curies":[{"name":"wp","href":"https:\/\/api.w.org\/{rel}","templated":true}]}}