{"id":14752,"date":"2024-11-06T14:05:52","date_gmt":"2024-11-06T13:05:52","guid":{"rendered":"https:\/\/nueva.elmejorjamon.es\/termini-e-condizioni\/"},"modified":"2024-11-15T11:21:16","modified_gmt":"2024-11-15T10:21:16","slug":"termini-e-condizioni","status":"publish","type":"page","link":"https:\/\/elmejorjamon.es\/it\/termini-e-condizioni\/","title":{"rendered":"Termini e condizioni"},"content":{"rendered":"<p>www.elmejorjamon.es, al fine di tutelare i diritti individuali, in particolare in relazione al trattamento automatizzato, e al fine di essere trasparente con l&#8217;utente, ha stabilito un&#8217;informativa che illustra tutte le procedure, le finalit\u00e0 perseguite da quest&#8217;ultimo, la legittimit\u00e0 delle stesse e anche gli strumenti a disposizione dell&#8217;utente affinch\u00e9 possa esercitare i propri diritti. La navigazione in questo sito web implica la piena accettazione delle seguenti disposizioni e condizioni d&#8217;uso. L&#8217;uso dei cookie \u00e8 accettato. Se non sei d&#8217;accordo, invia un&#8217;e-mail a admin@elmejorjamon.es.<\/p>\n<p>La versione attuale della presente informativa sulla privacy \u00e8 l&#8217;unica applicabile per la durata dell&#8217;utilizzo del sito web da parte dell&#8217;utente, fino a quando non sar\u00e0 disponibile una nuova versione che la sostituisca. Per ulteriori informazioni sulla protezione dei dati ti invitiamo a consultare il nostro sito web.<\/p>\n<p>&nbsp;<\/p>\n<p><strong>Chi \u00e8 il Titolare del trattamento dei tuoi dati?<\/strong><\/p>\n<p>Nome dell&#8217;azienda: Valls Alimentaci\u00f3n, S.L. CIF: B-03675477 Indirizzo: F\u00e1brica de la Moneda, 7 Pol. Ind. Tres Hermanas II Telefono: 965463401 Contatto: Antonio Valls<\/p>\n<p><strong>Raccolta dati<\/strong><\/p>\n<p>I tuoi dati sono raccolti dal PROPRIETARIO Per dati personali si intendono le informazioni relative a una persona fisica identificabile o identificata (soggetto interessato). Una persona identificabile \u00e8 una persona che pu\u00f2 essere identificata direttamente o indirettamente, in particolare con riferimento a un nome, a un numero di identificazione (numero di carta d&#8217;identit\u00e0, codice fiscale, numero di carta d&#8217;identit\u00e0, numero di passaporto) o a una descrizione delle sue caratteristiche fisiche, fisiologiche, genetiche, psicologiche, economiche, culturali o sociali e della sua identit\u00e0. I dati che verranno generalmente raccolti sono: Nome e cognome, indirizzo, indirizzo e-mail, numero di telefono, data di nascita, dati relativi ai mezzi di pagamento. Altri dati possono essere raccolti se l&#8217;utente ne \u00e8 informato.<\/p>\n<p>&nbsp;<\/p>\n<p><strong>Per quale scopo vengono trattati i dati personali?<\/strong><\/p>\n<p>Valls Alimentaci\u00f3n, S.L. tratta le seguenti informazioni per i seguenti scopi: Lo scopo del trattamento dei dati personali eventualmente raccolti \u00e8 quello di utilizzarli principalmente da parte del PROPRIETARIO per la gestione del rapporto con te, per offrirti prodotti e servizi in base ai tuoi interessi, migliorare la tua esperienza di utente e, se del caso, per l&#8217;elaborazione delle tue richieste, istanze o ordini. Verr\u00e0 creato un profilo commerciale sulla base delle informazioni fornite dall&#8217;utente. Non verranno prese decisioni automatizzate sulla base di questo profilo.<\/p>\n<p>I dati forniti saranno conservati per tutto il tempo in cui sar\u00e0 mantenuto il rapporto commerciale, a condizione che tu non ne richieda la cancellazione o per gli anni necessari a rispettare gli obblighi di legge. Saranno registrati nell&#8217;archivio clienti e il loro trattamento sar\u00e0 registrato come trattamenti che devono essere effettuati dal PROPRIETARIO (prima del 25 maggio 2018) potrebbero anche essere inclusi nell&#8217;archivio predisposto con i dati personali registrati presso l&#8217;AEPD (Agenzia Spagnola per la Protezione dei Dati) o l&#8217;ente competente della rispettiva Comunit\u00e0 Autonoma) il nome dell&#8217;archivio \u00e8 il seguente: clienti e utenti.<\/p>\n<p>&nbsp;<\/p>\n<p><strong>Qual \u00e8 la legittimit\u00e0 del trattamento dei tuoi dati?<\/strong><\/p>\n<p>La base giuridica del trattamento dei tuoi dati personali \u00e8: La corretta esecuzione del contratto. Il legittimo interesse del PROPRIETARIO Il consenso dell&#8217;utente o del cliente al trattamento dei dati.<\/p>\n<p>&nbsp;<\/p>\n<p><strong>A quali destinatari verranno comunicati i dati?<\/strong><\/p>\n<p>In linea di principio, la SOCIET\u00c0 non trasferir\u00e0 i dati personali a terzi. Tuttavia, in caso di trasferimento a terzi, verr\u00e0 fornita un&#8217;informativa preventiva, richiedendo il consenso esplicito dell&#8217;interessato. <\/p>\n<p>Anche nel caso in cui sia necessario effettuare comunicazioni alle autorit\u00e0 nel caso in cui l&#8217;utente abbia compiuto azioni contrarie alla legge o abbia violato la normativa vigente. I dati dell&#8217;utente potranno essere comunicati ad altre societ\u00e0 del gruppo, se presenti, per finalit\u00e0 amministrative interne che possono comportare il trattamento di tali dati. I dati personali dell&#8217;utente potranno essere trasferiti a un paese terzo o a un&#8217;organizzazione internazionale, ma l&#8217;utente dovr\u00e0 essere informato del momento in cui avverr\u00e0 tale trasferimento, delle condizioni del trasferimento e del destinatario. Quando alcuni dati sono obbligatori per accedere a specifiche funzionalit\u00e0 del sito web, il PROPRIETARIO indicher\u00e0 tale obbligatoriet\u00e0 al momento della raccolta dei dati dell&#8217;Utente.<\/p>\n<p><strong>Biscotti<\/strong><\/p>\n<p>Durante la navigazione su questo sito, \u00e8 possibile che sul tuo computer, tablet o cellulare vengano depositati dei cookie del PROPRIETARIO del sito in questione e\/o di societ\u00e0 terze. Durante la prima navigazione, apparir\u00e0 un banner che spiega l&#8217;uso dei cookie. <\/p>\n<p>Pertanto, proseguendo la navigazione, l&#8217;utente si ritiene informato. Il consenso fornito sar\u00e0 valido per un periodo di tredici mesi. <\/p>\n<p>&nbsp;<\/p>\n<p><strong>Diritti dell&#8217;utente<\/strong><\/p>\n<p>Gli utenti sono informati della possibilit\u00e0 di esercitare i loro diritti di accesso, rettifica, cancellazione e opposizione. Ogni persona ha inoltre il diritto di limitare il trattamento dei dati personali che la riguardano, il diritto alla cancellazione dei trasferimenti di dati personali trasmessi al titolare del trattamento e il diritto alla portabilit\u00e0 dei dati. <\/p>\n<p>L&#8217;utente ha la possibilit\u00e0 di presentare un reclamo all&#8217;AEPD (Agenzia Spagnola per la Protezione dei Dati) o all&#8217;organo competente della comunit\u00e0 autonoma, qualora non abbia ottenuto una soluzione soddisfacente nell&#8217;esercizio dei propri diritti, scrivendo alla stessa. A meno che l&#8217;utente non si opponga, inviando un&#8217;email all&#8217;indirizzo <a href=\"mailto:admin@elmejorjamon.es\">admin@elmejorjamon.es<\/a>, i suoi dati potranno essere utilizzati, se del caso, per l&#8217;invio di informazioni commerciali da parte di Valls Alimentaci\u00f3n, S.L. I dati commerciali saranno conservati durante il mantenimento del rapporto commerciale o per gli anni necessari a rispettare gli obblighi di legge. L&#8217;utente \u00e8 responsabile che le informazioni fornite attraverso questo sito web siano accurate in tutti i dati comunicati e che vengano mantenute aggiornate per riflettere una situazione reale, essendo responsabile per le informazioni false o inesatte fornite e per i danni, gli inconvenienti e i problemi che potrebbero causare aipasvi rb training o a terzi. Queste informazioni saranno conservate e gestite con la dovuta riservatezza, applicando le misure di sicurezza informatica necessarie per impedire l&#8217;accesso o l&#8217;uso improprio dei propri dati, la manipolazione, il deterioramento o la perdita. Tuttavia, l&#8217;utente deve tenere presente che la sicurezza dei sistemi informatici non \u00e8 mai assoluta. Quando i dati personali vengono forniti tramite Internet, tali informazioni potrebbero essere raccolte senza il tuo consenso ed elaborate da terzi non autorizzati.<\/p>\n<p>Valls Alimentaci\u00f3n, S.L. declina ogni responsabilit\u00e0 per le conseguenze che questi atti possono avere per l&#8217;utente se le informazioni sono state pubblicate volontariamente. Puoi esercitare e far valere questi diritti mediante richiesta scritta e firmata da inviare all&#8217;indirizzo Valls Alimentaci\u00f3n, S.L. F\u00e1brica de la Moneda, 7, 03680 Aspe (Alicante), allegando una fotocopia della tua carta d&#8217;identit\u00e0 o di un documento equivalente. Puoi anche inviarlo via e-mail all&#8217;indirizzo <a href=\"mailto:admin@elmejorjamon.es\">admin@elmejorjamon.es.<\/a> Questi diritti saranno soddisfatti entro 1 mese, che potr\u00e0 essere esteso a 2 mesi se la complessit\u00e0 della richiesta o il numero di richieste ricevute lo richiede. Il tutto fermo restando l&#8217;obbligo di conservazione di alcuni dati nei termini di legge e fino alla scadenza delle eventuali responsabilit\u00e0 derivanti da un eventuale trattamento o, se del caso, da un rapporto contrattuale.<\/p>\n<p>In aggiunta a quanto sopra, e in relazione alle norme sulla protezione dei dati, gli utenti che lo richiedono hanno la possibilit\u00e0 di organizzare la destinazione dei loro dati dopo la loro morte.<\/p>\n<p>&nbsp;<\/p>\n<p><strong>Come abbiamo ottenuto i tuoi dati?<\/strong><\/p>\n<p>I dati personali trattati da Valls Alimentaci\u00f3n, S.L. provengono dall&#8217;interessato. L&#8217;interessato che invia le informazioni a Valls Alimentaci\u00f3n, S.L. garantisce e risponde, in ogni caso, dell&#8217;esattezza, della validit\u00e0 e dell&#8217;autenticit\u00e0 dei dati personali forniti e si impegna a mantenerli adeguatamente aggiornati, esonerando la SOCIET\u00c0 da qualsiasi responsabilit\u00e0 al riguardo. L&#8217;utente si impegna a fornire informazioni complete e corrette nei moduli di registrazione.<\/p>\n<p>&nbsp;<\/p>\n<p>&nbsp;<\/p>\n<p><strong>Utilizzo comune con i social network<\/strong><\/p>\n<p>&nbsp;<\/p>\n<p>Se scegli di accedere ai Servizi tramite il tuo account di social media o se clicchi su uno dei pulsanti o dei link di social media disponibili sui Servizi, i tuoi contenuti e le tue informazioni personali saranno condivisi con i siti di social media interessati.<\/p>\n<p>&nbsp;<\/p>\n<p>L&#8217;utente riconosce e accetta che l&#8217;utilizzo da parte dei social network dei suoi dati personali, comprese le informazioni che l&#8217;utente condivide con i social network attraverso i Servizi, \u00e8 regolato dalle rispettive norme sulla privacy. Se non vuoi che i social network raccolgano le tue informazioni, ti invitiamo a consultare l&#8217;informativa sulla privacy del social network in questione e\/o a disconnetterti dal social network prima di utilizzare i nostri Servizi. <\/p>\n<p>&nbsp;<\/p>\n<p><strong>Minori<\/strong><\/p>\n<p>I minori di 14 anni non possono iscriversi se non con il permesso dei genitori e\/o dei tutori legali.<\/p>\n<p>&nbsp;<\/p>\n<p><strong>Modifiche all&#8217;Informativa sulla privacy<\/strong><\/p>\n<p>Valls Alimentaci\u00f3n, S.L. si riserva il diritto di modificare questa politica per adattarla a nuove leggi o giurisprudenze. In questi casi l&#8217;azienda annuncer\u00e0 su questa pagina le modifiche introdotte con un ragionevole preavviso rispetto alla loro attuazione. <\/p>\n","protected":false},"excerpt":{"rendered":"<p>www.elmejorjamon.es, al fine di tutelare i diritti individuali, in particolare in relazione al trattamento automatizzato, e al fine di essere trasparente con l&#8217;utente, ha stabilito un&#8217;informativa che illustra tutte le procedure, le finalit\u00e0 perseguite da quest&#8217;ultimo, la legittimit\u00e0 delle stesse e anche gli strumenti a disposizione dell&#8217;utente affinch\u00e9 possa esercitare i propri diritti. La navigazione [&hellip;]<\/p>\n","protected":false},"author":4412,"featured_media":0,"parent":0,"menu_order":0,"comment_status":"closed","ping_status":"closed","template":"","meta":{"_et_pb_use_builder":"on","_et_pb_old_content":"","_et_gb_content_width":"","_sitemap_exclude":false,"_sitemap_priority":"","_sitemap_frequency":"","footnotes":""},"class_list":["post-14752","page","type-page","status-publish","hentry"],"yoast_head":"<!-- This site is optimized with the Yoast SEO plugin v27.4 - https:\/\/yoast.com\/product\/yoast-seo-wordpress\/ -->\n<title>Termini e condizioni - El Mejor Jam\u00f3n<\/title>\n<meta name=\"robots\" content=\"index, follow, max-snippet:-1, max-image-preview:large, max-video-preview:-1\" \/>\n<link rel=\"canonical\" href=\"https:\/\/elmejorjamon.es\/terminos-y-condiciones\/\" \/>\n<meta property=\"og:locale\" content=\"it_IT\" \/>\n<meta property=\"og:type\" content=\"article\" \/>\n<meta property=\"og:title\" content=\"Termini e condizioni - El Mejor Jam\u00f3n\" \/>\n<meta property=\"og:description\" content=\"www.elmejorjamon.es, al fine di tutelare i diritti individuali, in particolare in relazione al trattamento automatizzato, e al fine di essere trasparente con l&#039;utente, ha stabilito un&#039;informativa che illustra tutte le procedure, le finalit\u00e0 perseguite da quest&#039;ultimo, la legittimit\u00e0 delle stesse e anche gli strumenti a disposizione dell&#039;utente affinch\u00e9 possa esercitare i propri diritti. La navigazione [&hellip;]\" \/>\n<meta property=\"og:url\" content=\"https:\/\/elmejorjamon.es\/terminos-y-condiciones\/\" \/>\n<meta property=\"og:site_name\" content=\"El Mejor Jam\u00f3n\" \/>\n<meta property=\"article:publisher\" content=\"https:\/\/www.facebook.com\/elmejorjamonweb\" \/>\n<meta property=\"article:modified_time\" content=\"2024-11-15T10:21:16+00:00\" \/>\n<meta property=\"og:image\" content=\"https:\/\/elmejorjamon.es\/wp-content\/uploads\/2025\/01\/logocorreos.png\" \/>\n\t<meta property=\"og:image:width\" content=\"277\" \/>\n\t<meta property=\"og:image:height\" content=\"200\" \/>\n\t<meta property=\"og:image:type\" content=\"image\/png\" \/>\n<meta name=\"twitter:card\" content=\"summary_large_image\" \/>\n<meta name=\"twitter:site\" content=\"@elmejorjamonweb\" \/>\n<meta name=\"twitter:label1\" content=\"Tempo di lettura stimato\" \/>\n\t<meta name=\"twitter:data1\" content=\"7 minuti\" \/>\n<script type=\"application\/ld+json\" class=\"yoast-schema-graph\">{\"@context\":\"https:\\\/\\\/schema.org\",\"@graph\":[{\"@type\":\"WebPage\",\"@id\":\"https:\\\/\\\/elmejorjamon.es\\\/terminos-y-condiciones\\\/\",\"url\":\"https:\\\/\\\/elmejorjamon.es\\\/terminos-y-condiciones\\\/\",\"name\":\"Termini e condizioni - El Mejor Jam\u00f3n\",\"isPartOf\":{\"@id\":\"https:\\\/\\\/elmejorjamon.es\\\/#website\"},\"datePublished\":\"2024-11-06T13:05:52+00:00\",\"dateModified\":\"2024-11-15T10:21:16+00:00\",\"breadcrumb\":{\"@id\":\"https:\\\/\\\/elmejorjamon.es\\\/terminos-y-condiciones\\\/#breadcrumb\"},\"inLanguage\":\"it-IT\",\"potentialAction\":[{\"@type\":\"ReadAction\",\"target\":[\"https:\\\/\\\/elmejorjamon.es\\\/terminos-y-condiciones\\\/\"]}]},{\"@type\":\"BreadcrumbList\",\"@id\":\"https:\\\/\\\/elmejorjamon.es\\\/terminos-y-condiciones\\\/#breadcrumb\",\"itemListElement\":[{\"@type\":\"ListItem\",\"position\":1,\"name\":\"Portada\",\"item\":\"https:\\\/\\\/elmejorjamon.es\\\/it\\\/\"},{\"@type\":\"ListItem\",\"position\":2,\"name\":\"Termini e condizioni\"}]},{\"@type\":\"WebSite\",\"@id\":\"https:\\\/\\\/elmejorjamon.es\\\/#website\",\"url\":\"https:\\\/\\\/elmejorjamon.es\\\/\",\"name\":\"El Mejor Jam\u00f3n\",\"description\":\"Comprar jamones y embutidos a buen precio\",\"publisher\":{\"@id\":\"https:\\\/\\\/elmejorjamon.es\\\/#organization\"},\"potentialAction\":[{\"@type\":\"SearchAction\",\"target\":{\"@type\":\"EntryPoint\",\"urlTemplate\":\"https:\\\/\\\/elmejorjamon.es\\\/?s={search_term_string}\"},\"query-input\":{\"@type\":\"PropertyValueSpecification\",\"valueRequired\":true,\"valueName\":\"search_term_string\"}}],\"inLanguage\":\"it-IT\"},{\"@type\":\"Organization\",\"@id\":\"https:\\\/\\\/elmejorjamon.es\\\/#organization\",\"name\":\"El Mejor Jam\u00f3n\",\"url\":\"https:\\\/\\\/elmejorjamon.es\\\/\",\"logo\":{\"@type\":\"ImageObject\",\"inLanguage\":\"it-IT\",\"@id\":\"https:\\\/\\\/elmejorjamon.es\\\/#\\\/schema\\\/logo\\\/image\\\/\",\"url\":\"https:\\\/\\\/elmejorjamon.es\\\/wp-content\\\/uploads\\\/2025\\\/01\\\/logocorreos.png\",\"contentUrl\":\"https:\\\/\\\/elmejorjamon.es\\\/wp-content\\\/uploads\\\/2025\\\/01\\\/logocorreos.png\",\"width\":277,\"height\":200,\"caption\":\"El Mejor Jam\u00f3n\"},\"image\":{\"@id\":\"https:\\\/\\\/elmejorjamon.es\\\/#\\\/schema\\\/logo\\\/image\\\/\"},\"sameAs\":[\"https:\\\/\\\/www.facebook.com\\\/elmejorjamonweb\",\"https:\\\/\\\/x.com\\\/elmejorjamonweb\",\"https:\\\/\\\/www.instagram.com\\\/elmejorjamonweb\\\/\"]}]}<\/script>\n<!-- \/ Yoast SEO plugin. -->","yoast_head_json":{"title":"Termini e condizioni - El Mejor Jam\u00f3n","robots":{"index":"index","follow":"follow","max-snippet":"max-snippet:-1","max-image-preview":"max-image-preview:large","max-video-preview":"max-video-preview:-1"},"canonical":"https:\/\/elmejorjamon.es\/terminos-y-condiciones\/","og_locale":"it_IT","og_type":"article","og_title":"Termini e condizioni - El Mejor Jam\u00f3n","og_description":"www.elmejorjamon.es, al fine di tutelare i diritti individuali, in particolare in relazione al trattamento automatizzato, e al fine di essere trasparente con l'utente, ha stabilito un'informativa che illustra tutte le procedure, le finalit\u00e0 perseguite da quest'ultimo, la legittimit\u00e0 delle stesse e anche gli strumenti a disposizione dell'utente affinch\u00e9 possa esercitare i propri diritti. La navigazione [&hellip;]","og_url":"https:\/\/elmejorjamon.es\/terminos-y-condiciones\/","og_site_name":"El Mejor Jam\u00f3n","article_publisher":"https:\/\/www.facebook.com\/elmejorjamonweb","article_modified_time":"2024-11-15T10:21:16+00:00","og_image":[{"width":277,"height":200,"url":"https:\/\/elmejorjamon.es\/wp-content\/uploads\/2025\/01\/logocorreos.png","type":"image\/png"}],"twitter_card":"summary_large_image","twitter_site":"@elmejorjamonweb","twitter_misc":{"Tempo di lettura stimato":"7 minuti"},"schema":{"@context":"https:\/\/schema.org","@graph":[{"@type":"WebPage","@id":"https:\/\/elmejorjamon.es\/terminos-y-condiciones\/","url":"https:\/\/elmejorjamon.es\/terminos-y-condiciones\/","name":"Termini e condizioni - El Mejor Jam\u00f3n","isPartOf":{"@id":"https:\/\/elmejorjamon.es\/#website"},"datePublished":"2024-11-06T13:05:52+00:00","dateModified":"2024-11-15T10:21:16+00:00","breadcrumb":{"@id":"https:\/\/elmejorjamon.es\/terminos-y-condiciones\/#breadcrumb"},"inLanguage":"it-IT","potentialAction":[{"@type":"ReadAction","target":["https:\/\/elmejorjamon.es\/terminos-y-condiciones\/"]}]},{"@type":"BreadcrumbList","@id":"https:\/\/elmejorjamon.es\/terminos-y-condiciones\/#breadcrumb","itemListElement":[{"@type":"ListItem","position":1,"name":"Portada","item":"https:\/\/elmejorjamon.es\/it\/"},{"@type":"ListItem","position":2,"name":"Termini e condizioni"}]},{"@type":"WebSite","@id":"https:\/\/elmejorjamon.es\/#website","url":"https:\/\/elmejorjamon.es\/","name":"El Mejor Jam\u00f3n","description":"Comprar jamones y embutidos a buen precio","publisher":{"@id":"https:\/\/elmejorjamon.es\/#organization"},"potentialAction":[{"@type":"SearchAction","target":{"@type":"EntryPoint","urlTemplate":"https:\/\/elmejorjamon.es\/?s={search_term_string}"},"query-input":{"@type":"PropertyValueSpecification","valueRequired":true,"valueName":"search_term_string"}}],"inLanguage":"it-IT"},{"@type":"Organization","@id":"https:\/\/elmejorjamon.es\/#organization","name":"El Mejor Jam\u00f3n","url":"https:\/\/elmejorjamon.es\/","logo":{"@type":"ImageObject","inLanguage":"it-IT","@id":"https:\/\/elmejorjamon.es\/#\/schema\/logo\/image\/","url":"https:\/\/elmejorjamon.es\/wp-content\/uploads\/2025\/01\/logocorreos.png","contentUrl":"https:\/\/elmejorjamon.es\/wp-content\/uploads\/2025\/01\/logocorreos.png","width":277,"height":200,"caption":"El Mejor Jam\u00f3n"},"image":{"@id":"https:\/\/elmejorjamon.es\/#\/schema\/logo\/image\/"},"sameAs":["https:\/\/www.facebook.com\/elmejorjamonweb","https:\/\/x.com\/elmejorjamonweb","https:\/\/www.instagram.com\/elmejorjamonweb\/"]}]}},"_links":{"self":[{"href":"https:\/\/elmejorjamon.es\/it\/wp-json\/wp\/v2\/pages\/14752","targetHints":{"allow":["GET"]}}],"collection":[{"href":"https:\/\/elmejorjamon.es\/it\/wp-json\/wp\/v2\/pages"}],"about":[{"href":"https:\/\/elmejorjamon.es\/it\/wp-json\/wp\/v2\/types\/page"}],"author":[{"embeddable":true,"href":"https:\/\/elmejorjamon.es\/it\/wp-json\/wp\/v2\/users\/4412"}],"replies":[{"embeddable":true,"href":"https:\/\/elmejorjamon.es\/it\/wp-json\/wp\/v2\/comments?post=14752"}],"version-history":[{"count":0,"href":"https:\/\/elmejorjamon.es\/it\/wp-json\/wp\/v2\/pages\/14752\/revisions"}],"wp:attachment":[{"href":"https:\/\/elmejorjamon.es\/it\/wp-json\/wp\/v2\/media?parent=14752"}],"curies":[{"name":"wp","href":"https:\/\/api.w.org\/{rel}","templated":true}]}}