{"id":8773,"date":"2023-01-25T12:51:11","date_gmt":"2023-01-25T11:51:11","guid":{"rendered":"https:\/\/nueva.elmejorjamon.es\/producto\/vin-rouge-palos-de-viento-variete-monastrell\/"},"modified":"2025-09-29T09:08:44","modified_gmt":"2025-09-29T07:08:44","slug":"vin-rouge-palos-de-viento-variete-monastrell","status":"publish","type":"product","link":"https:\/\/elmejorjamon.es\/fr\/producto\/vin-rouge-palos-de-viento-variete-monastrell\/","title":{"rendered":"Vin rouge Palos de viento vari\u00e9t\u00e9 Monastrell"},"content":{"rendered":"<p>Vin de Paraje.<\/p>\n<p>Localisation : Ca\u00f1ada de la Le\u00f1a, au nord-est de la<\/p>\n<p>Province de Murcie.<\/p>\n<p>Vari\u00e9t\u00e9 : Monastrell<\/p>\n<p>Mill\u00e9sime : 2019<\/p>\n<p>Production : 1 970 bouteilles.<\/p>\n<p>Vin de c\u00e9page avec certification mill\u00e9sim\u00e9e et<\/p>\n<p>la vari\u00e9t\u00e9.<\/p>\n<p>VITICULTURE<\/p>\n<p>Agriculture s\u00e8che, agriculture biologique, formation<\/p>\n<p>en verre.<\/p>\n<p>Ann\u00e9e de plantation Monastrell : entre 1980-1990.<\/p>\n<p>Sols calcaires, graviers superficiels,<\/p>\n<p>granulom\u00e9trie des limons argileux.<\/p>\n<p>Localisation : Versants de montagne, 650 m. altitude.<\/p>\n<p>Orientation nord, climat m\u00e9diterran\u00e9en.<\/p>\n<p>Taille et vendanges : Manuelles.<\/p>\n<p>\u00c9LABORATION<\/p>\n<p>S\u00e9lection manuelle \u00e0 la table avant l&rsquo;entr\u00e9e pour<\/p>\n<p>tr\u00e9mie d&rsquo;\u00e9grappage.<\/p>\n<p>Chargement manuel de la r\u00e9colte dans les entrep\u00f4ts<\/p>\n<p>de fermentation.<\/p>\n<p>Fermentation en cuves inox de 1 500 l<\/p>\n<p>avec contr\u00f4le du froid.<\/p>\n<p>Pigeages manuels et remontages quotidiens<\/p>\n<p>pendant la mac\u00e9ration.<\/p>\n<p>Elevage mixte : ch\u00eane de 330 l et 500 l 8 mois<\/p>\n<p>repos en acier inoxydable<\/p>\n<p>Date de mise en bouteille : f\u00e9vrier 2021<\/p>\n<p>PR\u00c9SENTATION<\/p>\n<p>Bouteille bordelaise prestige 0,75 l<\/p>\n<p>Bouchon en li\u00e8ge naturel.<\/p>\n<p>Bo\u00eetes : 6 unit\u00e9s.<\/p>\n<p>ANALYSE DE MISE EN BOUTEILLE<\/p>\n<p>pH = 3,60<\/p>\n<p>Degr\u00e9 alcoolique vol. : 15% vol.<\/p>\n<p>Acidit\u00e9 totale (tartrique) = 5,10 g\/l<\/p>\n<p>Temp\u00e9rature de service : 12-14\u00baC<\/p>\n","protected":false},"excerpt":{"rendered":"<p>Vin rouge Palos de viento vari\u00e9t\u00e9 Monastrell<\/p>\n","protected":false},"featured_media":8739,"comment_status":"open","ping_status":"closed","template":"","meta":{"_et_pb_use_builder":"","_et_pb_old_content":"","_et_gb_content_width":"","_sitemap_exclude":false,"_sitemap_priority":"","_sitemap_frequency":""},"product_brand":[],"product_cat":[23,95,47,143],"product_tag":[],"class_list":{"0":"post-8773","1":"product","2":"type-product","3":"status-publish","4":"has-post-thumbnail","6":"product_cat-accueil","7":"product_cat-bebidas-fr","8":"product_cat-tous-les-produits","9":"product_cat-vin","10":"product_shipping_class-normal-fr","11":"pa_opciones-1unite-fr","12":"pa_opciones-boitede6-fr","14":"first","15":"instock","16":"shipping-taxable","17":"purchasable","18":"product-type-variable","19":"has-default-attributes"},"yoast_head":"<!-- This site is optimized with the Yoast SEO plugin v27.4 - https:\/\/yoast.com\/product\/yoast-seo-wordpress\/ -->\n<title>Vin rouge Palos de viento vari\u00e9t\u00e9 Monastrell - El Mejor Jam\u00f3n<\/title>\n<meta name=\"robots\" content=\"index, follow, max-snippet:-1, max-image-preview:large, max-video-preview:-1\" \/>\n<link rel=\"canonical\" href=\"https:\/\/elmejorjamon.es\/fr\/producto\/vin-rouge-palos-de-viento-variete-monastrell\/\" \/>\n<meta property=\"og:locale\" content=\"fr_FR\" \/>\n<meta property=\"og:type\" content=\"article\" \/>\n<meta property=\"og:title\" content=\"Vin rouge Palos de viento vari\u00e9t\u00e9 Monastrell - El Mejor Jam\u00f3n\" \/>\n<meta property=\"og:description\" content=\"Vin rouge Palos de viento vari\u00e9t\u00e9 Monastrell\" \/>\n<meta property=\"og:url\" content=\"https:\/\/elmejorjamon.es\/fr\/producto\/vin-rouge-palos-de-viento-variete-monastrell\/\" \/>\n<meta property=\"og:site_name\" content=\"El Mejor Jam\u00f3n\" \/>\n<meta property=\"article:publisher\" content=\"https:\/\/www.facebook.com\/elmejorjamonweb\" \/>\n<meta property=\"article:modified_time\" content=\"2025-09-29T07:08:44+00:00\" \/>\n<meta property=\"og:image\" content=\"https:\/\/elmejorjamon.es\/wp-content\/uploads\/2023\/01\/2348-thickbox_default-Vino-tino-Palos-de-viento-variedad-Monastrell.jpg\" \/>\n\t<meta property=\"og:image:width\" content=\"1100\" \/>\n\t<meta property=\"og:image:height\" content=\"1422\" \/>\n\t<meta property=\"og:image:type\" content=\"image\/jpeg\" \/>\n<meta name=\"twitter:card\" content=\"summary_large_image\" \/>\n<meta name=\"twitter:site\" content=\"@elmejorjamonweb\" \/>\n<meta name=\"twitter:label1\" content=\"Dur\u00e9e de lecture estim\u00e9e\" \/>\n\t<meta name=\"twitter:data1\" content=\"1 minute\" \/>\n<script type=\"application\/ld+json\" class=\"yoast-schema-graph\">{\"@context\":\"https:\\\/\\\/schema.org\",\"@graph\":[{\"@type\":\"WebPage\",\"@id\":\"https:\\\/\\\/elmejorjamon.es\\\/fr\\\/producto\\\/vin-rouge-palos-de-viento-variete-monastrell\\\/\",\"url\":\"https:\\\/\\\/elmejorjamon.es\\\/fr\\\/producto\\\/vin-rouge-palos-de-viento-variete-monastrell\\\/\",\"name\":\"Vin rouge Palos de viento vari\u00e9t\u00e9 Monastrell - El Mejor Jam\u00f3n\",\"isPartOf\":{\"@id\":\"https:\\\/\\\/elmejorjamon.es\\\/#website\"},\"primaryImageOfPage\":{\"@id\":\"https:\\\/\\\/elmejorjamon.es\\\/fr\\\/producto\\\/vin-rouge-palos-de-viento-variete-monastrell\\\/#primaryimage\"},\"image\":{\"@id\":\"https:\\\/\\\/elmejorjamon.es\\\/fr\\\/producto\\\/vin-rouge-palos-de-viento-variete-monastrell\\\/#primaryimage\"},\"thumbnailUrl\":\"https:\\\/\\\/elmejorjamon.es\\\/wp-content\\\/uploads\\\/2023\\\/01\\\/2348-thickbox_default-Vino-tino-Palos-de-viento-variedad-Monastrell.jpg\",\"datePublished\":\"2023-01-25T11:51:11+00:00\",\"dateModified\":\"2025-09-29T07:08:44+00:00\",\"breadcrumb\":{\"@id\":\"https:\\\/\\\/elmejorjamon.es\\\/fr\\\/producto\\\/vin-rouge-palos-de-viento-variete-monastrell\\\/#breadcrumb\"},\"inLanguage\":\"fr-FR\",\"potentialAction\":[{\"@type\":\"ReadAction\",\"target\":[\"https:\\\/\\\/elmejorjamon.es\\\/fr\\\/producto\\\/vin-rouge-palos-de-viento-variete-monastrell\\\/\"]}]},{\"@type\":\"ImageObject\",\"inLanguage\":\"fr-FR\",\"@id\":\"https:\\\/\\\/elmejorjamon.es\\\/fr\\\/producto\\\/vin-rouge-palos-de-viento-variete-monastrell\\\/#primaryimage\",\"url\":\"https:\\\/\\\/elmejorjamon.es\\\/wp-content\\\/uploads\\\/2023\\\/01\\\/2348-thickbox_default-Vino-tino-Palos-de-viento-variedad-Monastrell.jpg\",\"contentUrl\":\"https:\\\/\\\/elmejorjamon.es\\\/wp-content\\\/uploads\\\/2023\\\/01\\\/2348-thickbox_default-Vino-tino-Palos-de-viento-variedad-Monastrell.jpg\",\"width\":1100,\"height\":1422},{\"@type\":\"BreadcrumbList\",\"@id\":\"https:\\\/\\\/elmejorjamon.es\\\/fr\\\/producto\\\/vin-rouge-palos-de-viento-variete-monastrell\\\/#breadcrumb\",\"itemListElement\":[{\"@type\":\"ListItem\",\"position\":1,\"name\":\"Portada\",\"item\":\"https:\\\/\\\/elmejorjamon.es\\\/fr\\\/\"},{\"@type\":\"ListItem\",\"position\":2,\"name\":\"D\u00e9marrage rapide\",\"item\":\"https:\\\/\\\/elmejorjamon.es\\\/fr\\\/\"},{\"@type\":\"ListItem\",\"position\":3,\"name\":\"Vin rouge Palos de viento vari\u00e9t\u00e9 Monastrell\"}]},{\"@type\":\"WebSite\",\"@id\":\"https:\\\/\\\/elmejorjamon.es\\\/#website\",\"url\":\"https:\\\/\\\/elmejorjamon.es\\\/\",\"name\":\"El Mejor Jam\u00f3n\",\"description\":\"Comprar jamones y embutidos a buen precio\",\"publisher\":{\"@id\":\"https:\\\/\\\/elmejorjamon.es\\\/#organization\"},\"potentialAction\":[{\"@type\":\"SearchAction\",\"target\":{\"@type\":\"EntryPoint\",\"urlTemplate\":\"https:\\\/\\\/elmejorjamon.es\\\/?s={search_term_string}\"},\"query-input\":{\"@type\":\"PropertyValueSpecification\",\"valueRequired\":true,\"valueName\":\"search_term_string\"}}],\"inLanguage\":\"fr-FR\"},{\"@type\":\"Organization\",\"@id\":\"https:\\\/\\\/elmejorjamon.es\\\/#organization\",\"name\":\"El Mejor Jam\u00f3n\",\"url\":\"https:\\\/\\\/elmejorjamon.es\\\/\",\"logo\":{\"@type\":\"ImageObject\",\"inLanguage\":\"fr-FR\",\"@id\":\"https:\\\/\\\/elmejorjamon.es\\\/#\\\/schema\\\/logo\\\/image\\\/\",\"url\":\"https:\\\/\\\/elmejorjamon.es\\\/wp-content\\\/uploads\\\/2025\\\/01\\\/logocorreos.png\",\"contentUrl\":\"https:\\\/\\\/elmejorjamon.es\\\/wp-content\\\/uploads\\\/2025\\\/01\\\/logocorreos.png\",\"width\":277,\"height\":200,\"caption\":\"El Mejor Jam\u00f3n\"},\"image\":{\"@id\":\"https:\\\/\\\/elmejorjamon.es\\\/#\\\/schema\\\/logo\\\/image\\\/\"},\"sameAs\":[\"https:\\\/\\\/www.facebook.com\\\/elmejorjamonweb\",\"https:\\\/\\\/x.com\\\/elmejorjamonweb\",\"https:\\\/\\\/www.instagram.com\\\/elmejorjamonweb\\\/\"]}]}<\/script>\n<!-- \/ Yoast SEO plugin. -->","yoast_head_json":{"title":"Vin rouge Palos de viento vari\u00e9t\u00e9 Monastrell - El Mejor Jam\u00f3n","robots":{"index":"index","follow":"follow","max-snippet":"max-snippet:-1","max-image-preview":"max-image-preview:large","max-video-preview":"max-video-preview:-1"},"canonical":"https:\/\/elmejorjamon.es\/fr\/producto\/vin-rouge-palos-de-viento-variete-monastrell\/","og_locale":"fr_FR","og_type":"article","og_title":"Vin rouge Palos de viento vari\u00e9t\u00e9 Monastrell - El Mejor Jam\u00f3n","og_description":"Vin rouge Palos de viento vari\u00e9t\u00e9 Monastrell","og_url":"https:\/\/elmejorjamon.es\/fr\/producto\/vin-rouge-palos-de-viento-variete-monastrell\/","og_site_name":"El Mejor Jam\u00f3n","article_publisher":"https:\/\/www.facebook.com\/elmejorjamonweb","article_modified_time":"2025-09-29T07:08:44+00:00","og_image":[{"width":1100,"height":1422,"url":"https:\/\/elmejorjamon.es\/wp-content\/uploads\/2023\/01\/2348-thickbox_default-Vino-tino-Palos-de-viento-variedad-Monastrell.jpg","type":"image\/jpeg"}],"twitter_card":"summary_large_image","twitter_site":"@elmejorjamonweb","twitter_misc":{"Dur\u00e9e de lecture estim\u00e9e":"1 minute"},"schema":{"@context":"https:\/\/schema.org","@graph":[{"@type":"WebPage","@id":"https:\/\/elmejorjamon.es\/fr\/producto\/vin-rouge-palos-de-viento-variete-monastrell\/","url":"https:\/\/elmejorjamon.es\/fr\/producto\/vin-rouge-palos-de-viento-variete-monastrell\/","name":"Vin rouge Palos de viento vari\u00e9t\u00e9 Monastrell - El Mejor Jam\u00f3n","isPartOf":{"@id":"https:\/\/elmejorjamon.es\/#website"},"primaryImageOfPage":{"@id":"https:\/\/elmejorjamon.es\/fr\/producto\/vin-rouge-palos-de-viento-variete-monastrell\/#primaryimage"},"image":{"@id":"https:\/\/elmejorjamon.es\/fr\/producto\/vin-rouge-palos-de-viento-variete-monastrell\/#primaryimage"},"thumbnailUrl":"https:\/\/elmejorjamon.es\/wp-content\/uploads\/2023\/01\/2348-thickbox_default-Vino-tino-Palos-de-viento-variedad-Monastrell.jpg","datePublished":"2023-01-25T11:51:11+00:00","dateModified":"2025-09-29T07:08:44+00:00","breadcrumb":{"@id":"https:\/\/elmejorjamon.es\/fr\/producto\/vin-rouge-palos-de-viento-variete-monastrell\/#breadcrumb"},"inLanguage":"fr-FR","potentialAction":[{"@type":"ReadAction","target":["https:\/\/elmejorjamon.es\/fr\/producto\/vin-rouge-palos-de-viento-variete-monastrell\/"]}]},{"@type":"ImageObject","inLanguage":"fr-FR","@id":"https:\/\/elmejorjamon.es\/fr\/producto\/vin-rouge-palos-de-viento-variete-monastrell\/#primaryimage","url":"https:\/\/elmejorjamon.es\/wp-content\/uploads\/2023\/01\/2348-thickbox_default-Vino-tino-Palos-de-viento-variedad-Monastrell.jpg","contentUrl":"https:\/\/elmejorjamon.es\/wp-content\/uploads\/2023\/01\/2348-thickbox_default-Vino-tino-Palos-de-viento-variedad-Monastrell.jpg","width":1100,"height":1422},{"@type":"BreadcrumbList","@id":"https:\/\/elmejorjamon.es\/fr\/producto\/vin-rouge-palos-de-viento-variete-monastrell\/#breadcrumb","itemListElement":[{"@type":"ListItem","position":1,"name":"Portada","item":"https:\/\/elmejorjamon.es\/fr\/"},{"@type":"ListItem","position":2,"name":"D\u00e9marrage rapide","item":"https:\/\/elmejorjamon.es\/fr\/"},{"@type":"ListItem","position":3,"name":"Vin rouge Palos de viento vari\u00e9t\u00e9 Monastrell"}]},{"@type":"WebSite","@id":"https:\/\/elmejorjamon.es\/#website","url":"https:\/\/elmejorjamon.es\/","name":"El Mejor Jam\u00f3n","description":"Comprar jamones y embutidos a buen precio","publisher":{"@id":"https:\/\/elmejorjamon.es\/#organization"},"potentialAction":[{"@type":"SearchAction","target":{"@type":"EntryPoint","urlTemplate":"https:\/\/elmejorjamon.es\/?s={search_term_string}"},"query-input":{"@type":"PropertyValueSpecification","valueRequired":true,"valueName":"search_term_string"}}],"inLanguage":"fr-FR"},{"@type":"Organization","@id":"https:\/\/elmejorjamon.es\/#organization","name":"El Mejor Jam\u00f3n","url":"https:\/\/elmejorjamon.es\/","logo":{"@type":"ImageObject","inLanguage":"fr-FR","@id":"https:\/\/elmejorjamon.es\/#\/schema\/logo\/image\/","url":"https:\/\/elmejorjamon.es\/wp-content\/uploads\/2025\/01\/logocorreos.png","contentUrl":"https:\/\/elmejorjamon.es\/wp-content\/uploads\/2025\/01\/logocorreos.png","width":277,"height":200,"caption":"El Mejor Jam\u00f3n"},"image":{"@id":"https:\/\/elmejorjamon.es\/#\/schema\/logo\/image\/"},"sameAs":["https:\/\/www.facebook.com\/elmejorjamonweb","https:\/\/x.com\/elmejorjamonweb","https:\/\/www.instagram.com\/elmejorjamonweb\/"]}]}},"_links":{"self":[{"href":"https:\/\/elmejorjamon.es\/fr\/wp-json\/wp\/v2\/product\/8773","targetHints":{"allow":["GET"]}}],"collection":[{"href":"https:\/\/elmejorjamon.es\/fr\/wp-json\/wp\/v2\/product"}],"about":[{"href":"https:\/\/elmejorjamon.es\/fr\/wp-json\/wp\/v2\/types\/product"}],"replies":[{"embeddable":true,"href":"https:\/\/elmejorjamon.es\/fr\/wp-json\/wp\/v2\/comments?post=8773"}],"wp:featuredmedia":[{"embeddable":true,"href":"https:\/\/elmejorjamon.es\/fr\/wp-json\/wp\/v2\/media\/8739"}],"wp:attachment":[{"href":"https:\/\/elmejorjamon.es\/fr\/wp-json\/wp\/v2\/media?parent=8773"}],"wp:term":[{"taxonomy":"product_brand","embeddable":true,"href":"https:\/\/elmejorjamon.es\/fr\/wp-json\/wp\/v2\/product_brand?post=8773"},{"taxonomy":"product_cat","embeddable":true,"href":"https:\/\/elmejorjamon.es\/fr\/wp-json\/wp\/v2\/product_cat?post=8773"},{"taxonomy":"product_tag","embeddable":true,"href":"https:\/\/elmejorjamon.es\/fr\/wp-json\/wp\/v2\/product_tag?post=8773"}],"curies":[{"name":"wp","href":"https:\/\/api.w.org\/{rel}","templated":true}]}}