{"id":3471,"date":"2017-10-08T23:58:13","date_gmt":"2017-10-08T22:58:13","guid":{"rendered":"https:\/\/nueva.elmejorjamon.es\/producto\/fromage-de-brebis-gueri-120-jours-don-ismael-3-kg\/"},"modified":"2026-04-06T18:13:10","modified_gmt":"2026-04-06T16:13:10","slug":"fromage-de-brebis-gueri-120-jours-don-ismael-3-kg","status":"publish","type":"product","link":"https:\/\/elmejorjamon.es\/fr\/producto\/fromage-de-brebis-gueri-120-jours-don-ismael-3-kg\/","title":{"rendered":"Fromage de brebis gu\u00e9ri 120 jours Don Ismael 3 kg."},"content":{"rendered":"<p>Fromage \u00e0 base de lait de brebis, avec une cure de 120 jours.Laiterie situ\u00e9e dans la province de Ciudad Real d\u00e9di\u00e9e au d\u00e9veloppement de diff\u00e9rents produits laitiers, tels que le m\u00e9lange de fromage, de ch\u00e8vre et de mouton. Nous fabriquons \u00e9galement une grande vari\u00e9t\u00e9 de produits de service gratuit: cr\u00e8mes \u00e0 tartiner, fromage de ch\u00e8vre frais, tranch\u00e9es, bandes dans l&rsquo;huile. Quesos Aldonza produit des produits industriels tels que les IQF (m\u00e9daillons de ch\u00e8vre congel\u00e9s), frais et raffin\u00e9s, avec diff\u00e9rents poids et diam\u00e8tres selon les clients.<\/p>\n<p>Ingr\u00e9dients<\/p>\n<\/p>\n<p>Lait de brebis pasteuris\u00e9, sel, chlorure de calcium, pr\u00e9sure et ferments lactiques. Conservateur : lysozyme d&rsquo;\u0153uf. Rev\u00eatement en ac\u00e9tate de polyvinyle, conservateurs E-202 et E-235 et colorant E-172.<\/p>\n<\/p>\n<p>Origine du lait : Espagne.<\/p>\n<\/p>\n<p>Allerg\u00e8nes<\/p>\n<\/p>\n<p>Lait et produits laitiers : oui (lactose)<\/p>\n<\/p>\n<p>D\u00e9riv\u00e9 d&rsquo;\u0153uf : oui (lysozyme)<\/p>\n<\/p>\n<p>Temps de maturation<\/p>\n<\/p>\n<p>120 jours minimum.<\/p>\n<\/p>\n<p>Caract\u00e9ristiques organoleptiques<\/p>\n<\/p>\n<p>Texture ferme avec des yeux in\u00e9gaux<\/p>\n<p>Couleur blanc ivoire<\/p>\n<p>Odeur intense de fromage de brebis<\/p>\n<p>Go\u00fbt intense de fromage de brebis<\/p>\n<p>Recommand\u00e9 avec le vin rouge, les fruits \u00e0 coque et les produits de charcuterie.<\/p>\n<p>Information nutritionnelle<\/p>\n<\/p>\n<p>\u00c9nergie 1845 Kj (445 kcal)<\/p>\n<p>Mati\u00e8res grasses 37 g<\/p>\n<p>Gras satur\u00e9s 26 g<\/p>\n<p>Graisses monoinsatur\u00e9es 10 g<\/p>\n<p>Graisses polyinsatur\u00e9es 1 g<\/p>\n<p>Glucides 1 g<\/p>\n<p>Sucres 1 g<\/p>\n<p>Prot\u00e9ines 27 g<\/p>\n<p>Sodium 0,6 g<\/p>\n","protected":false},"excerpt":{"rendered":"<p>Fromage de brebis gu\u00e9ri 120 jours Don Ismael 3 kg.<\/p>\n","protected":false},"featured_media":3457,"comment_status":"open","ping_status":"closed","template":"","meta":{"_et_pb_use_builder":"on","_et_pb_old_content":"","_et_gb_content_width":"","_sitemap_exclude":false,"_sitemap_priority":"","_sitemap_frequency":""},"product_brand":[],"product_cat":[23,53,47],"product_tag":[],"class_list":{"0":"post-3471","1":"product","2":"type-product","3":"status-publish","4":"has-post-thumbnail","6":"product_cat-accueil","7":"product_cat-quesos-fr","8":"product_cat-tous-les-produits","9":"product_shipping_class-normal-fr","11":"first","12":"instock","13":"shipping-taxable","14":"purchasable","15":"product-type-simple"},"yoast_head":"<!-- This site is optimized with the Yoast SEO plugin v27.4 - https:\/\/yoast.com\/product\/yoast-seo-wordpress\/ -->\n<title>Fromage de brebis gu\u00e9ri 120 jours Don Ismael 3 kg. - El Mejor Jam\u00f3n<\/title>\n<meta name=\"robots\" content=\"index, follow, max-snippet:-1, max-image-preview:large, max-video-preview:-1\" \/>\n<link rel=\"canonical\" href=\"https:\/\/elmejorjamon.es\/producto\/queso-de-oveja-curado-120-dias-don-ismael-3-kg\/\" \/>\n<meta property=\"og:locale\" content=\"fr_FR\" \/>\n<meta property=\"og:type\" content=\"article\" \/>\n<meta property=\"og:title\" content=\"Fromage de brebis gu\u00e9ri 120 jours Don Ismael 3 kg. - El Mejor Jam\u00f3n\" \/>\n<meta property=\"og:description\" content=\"Fromage de brebis gu\u00e9ri 120 jours Don Ismael 3 kg.\" \/>\n<meta property=\"og:url\" content=\"https:\/\/elmejorjamon.es\/producto\/queso-de-oveja-curado-120-dias-don-ismael-3-kg\/\" \/>\n<meta property=\"og:site_name\" content=\"El Mejor Jam\u00f3n\" \/>\n<meta property=\"article:publisher\" content=\"https:\/\/www.facebook.com\/elmejorjamonweb\" \/>\n<meta property=\"article:modified_time\" content=\"2026-04-06T16:13:10+00:00\" \/>\n<meta property=\"og:image\" content=\"https:\/\/elmejorjamon.es\/wp-content\/uploads\/2017\/10\/1234-thickbox_default-Queso-de-oveja-curado-120-dias-Don-Ismael-3-kg.jpg\" \/>\n\t<meta property=\"og:image:width\" content=\"1100\" \/>\n\t<meta property=\"og:image:height\" content=\"1422\" \/>\n\t<meta property=\"og:image:type\" content=\"image\/jpeg\" \/>\n<meta name=\"twitter:card\" content=\"summary_large_image\" \/>\n<meta name=\"twitter:site\" content=\"@elmejorjamonweb\" \/>\n<meta name=\"twitter:label1\" content=\"Dur\u00e9e de lecture estim\u00e9e\" \/>\n\t<meta name=\"twitter:data1\" content=\"1 minute\" \/>\n<script type=\"application\/ld+json\" class=\"yoast-schema-graph\">{\"@context\":\"https:\\\/\\\/schema.org\",\"@graph\":[{\"@type\":\"WebPage\",\"@id\":\"https:\\\/\\\/elmejorjamon.es\\\/producto\\\/queso-de-oveja-curado-120-dias-don-ismael-3-kg\\\/\",\"url\":\"https:\\\/\\\/elmejorjamon.es\\\/producto\\\/queso-de-oveja-curado-120-dias-don-ismael-3-kg\\\/\",\"name\":\"Fromage de brebis gu\u00e9ri 120 jours Don Ismael 3 kg. - El Mejor Jam\u00f3n\",\"isPartOf\":{\"@id\":\"https:\\\/\\\/elmejorjamon.es\\\/#website\"},\"primaryImageOfPage\":{\"@id\":\"https:\\\/\\\/elmejorjamon.es\\\/producto\\\/queso-de-oveja-curado-120-dias-don-ismael-3-kg\\\/#primaryimage\"},\"image\":{\"@id\":\"https:\\\/\\\/elmejorjamon.es\\\/producto\\\/queso-de-oveja-curado-120-dias-don-ismael-3-kg\\\/#primaryimage\"},\"thumbnailUrl\":\"https:\\\/\\\/elmejorjamon.es\\\/wp-content\\\/uploads\\\/2017\\\/10\\\/1234-thickbox_default-Queso-de-oveja-curado-120-dias-Don-Ismael-3-kg.jpg\",\"datePublished\":\"2017-10-08T22:58:13+00:00\",\"dateModified\":\"2026-04-06T16:13:10+00:00\",\"breadcrumb\":{\"@id\":\"https:\\\/\\\/elmejorjamon.es\\\/producto\\\/queso-de-oveja-curado-120-dias-don-ismael-3-kg\\\/#breadcrumb\"},\"inLanguage\":\"fr-FR\",\"potentialAction\":[{\"@type\":\"ReadAction\",\"target\":[\"https:\\\/\\\/elmejorjamon.es\\\/producto\\\/queso-de-oveja-curado-120-dias-don-ismael-3-kg\\\/\"]}]},{\"@type\":\"ImageObject\",\"inLanguage\":\"fr-FR\",\"@id\":\"https:\\\/\\\/elmejorjamon.es\\\/producto\\\/queso-de-oveja-curado-120-dias-don-ismael-3-kg\\\/#primaryimage\",\"url\":\"https:\\\/\\\/elmejorjamon.es\\\/wp-content\\\/uploads\\\/2017\\\/10\\\/1234-thickbox_default-Queso-de-oveja-curado-120-dias-Don-Ismael-3-kg.jpg\",\"contentUrl\":\"https:\\\/\\\/elmejorjamon.es\\\/wp-content\\\/uploads\\\/2017\\\/10\\\/1234-thickbox_default-Queso-de-oveja-curado-120-dias-Don-Ismael-3-kg.jpg\",\"width\":1100,\"height\":1422,\"caption\":\"Queso de oveja curado 120 dias Don Ismael 3 kg.\"},{\"@type\":\"BreadcrumbList\",\"@id\":\"https:\\\/\\\/elmejorjamon.es\\\/producto\\\/queso-de-oveja-curado-120-dias-don-ismael-3-kg\\\/#breadcrumb\",\"itemListElement\":[{\"@type\":\"ListItem\",\"position\":1,\"name\":\"Portada\",\"item\":\"https:\\\/\\\/elmejorjamon.es\\\/fr\\\/\"},{\"@type\":\"ListItem\",\"position\":2,\"name\":\"D\u00e9marrage rapide\",\"item\":\"https:\\\/\\\/elmejorjamon.es\\\/fr\\\/\"},{\"@type\":\"ListItem\",\"position\":3,\"name\":\"Fromage de brebis gu\u00e9ri 120 jours Don Ismael 3 kg.\"}]},{\"@type\":\"WebSite\",\"@id\":\"https:\\\/\\\/elmejorjamon.es\\\/#website\",\"url\":\"https:\\\/\\\/elmejorjamon.es\\\/\",\"name\":\"El Mejor Jam\u00f3n\",\"description\":\"Comprar jamones y embutidos a buen precio\",\"publisher\":{\"@id\":\"https:\\\/\\\/elmejorjamon.es\\\/#organization\"},\"potentialAction\":[{\"@type\":\"SearchAction\",\"target\":{\"@type\":\"EntryPoint\",\"urlTemplate\":\"https:\\\/\\\/elmejorjamon.es\\\/?s={search_term_string}\"},\"query-input\":{\"@type\":\"PropertyValueSpecification\",\"valueRequired\":true,\"valueName\":\"search_term_string\"}}],\"inLanguage\":\"fr-FR\"},{\"@type\":\"Organization\",\"@id\":\"https:\\\/\\\/elmejorjamon.es\\\/#organization\",\"name\":\"El Mejor Jam\u00f3n\",\"url\":\"https:\\\/\\\/elmejorjamon.es\\\/\",\"logo\":{\"@type\":\"ImageObject\",\"inLanguage\":\"fr-FR\",\"@id\":\"https:\\\/\\\/elmejorjamon.es\\\/#\\\/schema\\\/logo\\\/image\\\/\",\"url\":\"https:\\\/\\\/elmejorjamon.es\\\/wp-content\\\/uploads\\\/2025\\\/01\\\/logocorreos.png\",\"contentUrl\":\"https:\\\/\\\/elmejorjamon.es\\\/wp-content\\\/uploads\\\/2025\\\/01\\\/logocorreos.png\",\"width\":277,\"height\":200,\"caption\":\"El Mejor Jam\u00f3n\"},\"image\":{\"@id\":\"https:\\\/\\\/elmejorjamon.es\\\/#\\\/schema\\\/logo\\\/image\\\/\"},\"sameAs\":[\"https:\\\/\\\/www.facebook.com\\\/elmejorjamonweb\",\"https:\\\/\\\/x.com\\\/elmejorjamonweb\",\"https:\\\/\\\/www.instagram.com\\\/elmejorjamonweb\\\/\"]}]}<\/script>\n<!-- \/ Yoast SEO plugin. -->","yoast_head_json":{"title":"Fromage de brebis gu\u00e9ri 120 jours Don Ismael 3 kg. - El Mejor Jam\u00f3n","robots":{"index":"index","follow":"follow","max-snippet":"max-snippet:-1","max-image-preview":"max-image-preview:large","max-video-preview":"max-video-preview:-1"},"canonical":"https:\/\/elmejorjamon.es\/producto\/queso-de-oveja-curado-120-dias-don-ismael-3-kg\/","og_locale":"fr_FR","og_type":"article","og_title":"Fromage de brebis gu\u00e9ri 120 jours Don Ismael 3 kg. - El Mejor Jam\u00f3n","og_description":"Fromage de brebis gu\u00e9ri 120 jours Don Ismael 3 kg.","og_url":"https:\/\/elmejorjamon.es\/producto\/queso-de-oveja-curado-120-dias-don-ismael-3-kg\/","og_site_name":"El Mejor Jam\u00f3n","article_publisher":"https:\/\/www.facebook.com\/elmejorjamonweb","article_modified_time":"2026-04-06T16:13:10+00:00","og_image":[{"width":1100,"height":1422,"url":"https:\/\/elmejorjamon.es\/wp-content\/uploads\/2017\/10\/1234-thickbox_default-Queso-de-oveja-curado-120-dias-Don-Ismael-3-kg.jpg","type":"image\/jpeg"}],"twitter_card":"summary_large_image","twitter_site":"@elmejorjamonweb","twitter_misc":{"Dur\u00e9e de lecture estim\u00e9e":"1 minute"},"schema":{"@context":"https:\/\/schema.org","@graph":[{"@type":"WebPage","@id":"https:\/\/elmejorjamon.es\/producto\/queso-de-oveja-curado-120-dias-don-ismael-3-kg\/","url":"https:\/\/elmejorjamon.es\/producto\/queso-de-oveja-curado-120-dias-don-ismael-3-kg\/","name":"Fromage de brebis gu\u00e9ri 120 jours Don Ismael 3 kg. - El Mejor Jam\u00f3n","isPartOf":{"@id":"https:\/\/elmejorjamon.es\/#website"},"primaryImageOfPage":{"@id":"https:\/\/elmejorjamon.es\/producto\/queso-de-oveja-curado-120-dias-don-ismael-3-kg\/#primaryimage"},"image":{"@id":"https:\/\/elmejorjamon.es\/producto\/queso-de-oveja-curado-120-dias-don-ismael-3-kg\/#primaryimage"},"thumbnailUrl":"https:\/\/elmejorjamon.es\/wp-content\/uploads\/2017\/10\/1234-thickbox_default-Queso-de-oveja-curado-120-dias-Don-Ismael-3-kg.jpg","datePublished":"2017-10-08T22:58:13+00:00","dateModified":"2026-04-06T16:13:10+00:00","breadcrumb":{"@id":"https:\/\/elmejorjamon.es\/producto\/queso-de-oveja-curado-120-dias-don-ismael-3-kg\/#breadcrumb"},"inLanguage":"fr-FR","potentialAction":[{"@type":"ReadAction","target":["https:\/\/elmejorjamon.es\/producto\/queso-de-oveja-curado-120-dias-don-ismael-3-kg\/"]}]},{"@type":"ImageObject","inLanguage":"fr-FR","@id":"https:\/\/elmejorjamon.es\/producto\/queso-de-oveja-curado-120-dias-don-ismael-3-kg\/#primaryimage","url":"https:\/\/elmejorjamon.es\/wp-content\/uploads\/2017\/10\/1234-thickbox_default-Queso-de-oveja-curado-120-dias-Don-Ismael-3-kg.jpg","contentUrl":"https:\/\/elmejorjamon.es\/wp-content\/uploads\/2017\/10\/1234-thickbox_default-Queso-de-oveja-curado-120-dias-Don-Ismael-3-kg.jpg","width":1100,"height":1422,"caption":"Queso de oveja curado 120 dias Don Ismael 3 kg."},{"@type":"BreadcrumbList","@id":"https:\/\/elmejorjamon.es\/producto\/queso-de-oveja-curado-120-dias-don-ismael-3-kg\/#breadcrumb","itemListElement":[{"@type":"ListItem","position":1,"name":"Portada","item":"https:\/\/elmejorjamon.es\/fr\/"},{"@type":"ListItem","position":2,"name":"D\u00e9marrage rapide","item":"https:\/\/elmejorjamon.es\/fr\/"},{"@type":"ListItem","position":3,"name":"Fromage de brebis gu\u00e9ri 120 jours Don Ismael 3 kg."}]},{"@type":"WebSite","@id":"https:\/\/elmejorjamon.es\/#website","url":"https:\/\/elmejorjamon.es\/","name":"El Mejor Jam\u00f3n","description":"Comprar jamones y embutidos a buen precio","publisher":{"@id":"https:\/\/elmejorjamon.es\/#organization"},"potentialAction":[{"@type":"SearchAction","target":{"@type":"EntryPoint","urlTemplate":"https:\/\/elmejorjamon.es\/?s={search_term_string}"},"query-input":{"@type":"PropertyValueSpecification","valueRequired":true,"valueName":"search_term_string"}}],"inLanguage":"fr-FR"},{"@type":"Organization","@id":"https:\/\/elmejorjamon.es\/#organization","name":"El Mejor Jam\u00f3n","url":"https:\/\/elmejorjamon.es\/","logo":{"@type":"ImageObject","inLanguage":"fr-FR","@id":"https:\/\/elmejorjamon.es\/#\/schema\/logo\/image\/","url":"https:\/\/elmejorjamon.es\/wp-content\/uploads\/2025\/01\/logocorreos.png","contentUrl":"https:\/\/elmejorjamon.es\/wp-content\/uploads\/2025\/01\/logocorreos.png","width":277,"height":200,"caption":"El Mejor Jam\u00f3n"},"image":{"@id":"https:\/\/elmejorjamon.es\/#\/schema\/logo\/image\/"},"sameAs":["https:\/\/www.facebook.com\/elmejorjamonweb","https:\/\/x.com\/elmejorjamonweb","https:\/\/www.instagram.com\/elmejorjamonweb\/"]}]}},"_links":{"self":[{"href":"https:\/\/elmejorjamon.es\/fr\/wp-json\/wp\/v2\/product\/3471","targetHints":{"allow":["GET"]}}],"collection":[{"href":"https:\/\/elmejorjamon.es\/fr\/wp-json\/wp\/v2\/product"}],"about":[{"href":"https:\/\/elmejorjamon.es\/fr\/wp-json\/wp\/v2\/types\/product"}],"replies":[{"embeddable":true,"href":"https:\/\/elmejorjamon.es\/fr\/wp-json\/wp\/v2\/comments?post=3471"}],"wp:featuredmedia":[{"embeddable":true,"href":"https:\/\/elmejorjamon.es\/fr\/wp-json\/wp\/v2\/media\/3457"}],"wp:attachment":[{"href":"https:\/\/elmejorjamon.es\/fr\/wp-json\/wp\/v2\/media?parent=3471"}],"wp:term":[{"taxonomy":"product_brand","embeddable":true,"href":"https:\/\/elmejorjamon.es\/fr\/wp-json\/wp\/v2\/product_brand?post=3471"},{"taxonomy":"product_cat","embeddable":true,"href":"https:\/\/elmejorjamon.es\/fr\/wp-json\/wp\/v2\/product_cat?post=3471"},{"taxonomy":"product_tag","embeddable":true,"href":"https:\/\/elmejorjamon.es\/fr\/wp-json\/wp\/v2\/product_tag?post=3471"}],"curies":[{"name":"wp","href":"https:\/\/api.w.org\/{rel}","templated":true}]}}