{"id":321,"date":"2007-11-29T10:59:30","date_gmt":"2007-11-29T09:59:30","guid":{"rendered":"https:\/\/nueva.elmejorjamon.es\/producto\/chorizo-iberique-de-gland-monteparra-guijuelo-1-kg\/"},"modified":"2025-12-03T18:26:56","modified_gmt":"2025-12-03T17:26:56","slug":"chorizo-iberique-de-gland-monteparra-guijuelo-1-kg","status":"publish","type":"product","link":"https:\/\/elmejorjamon.es\/fr\/producto\/chorizo-iberique-de-gland-monteparra-guijuelo-1-kg\/","title":{"rendered":"Chorizo ib\u00e9rique de gland Monteparra Guijuelo 1 Kg."},"content":{"rendered":"<p>Chorizo MONTEPARRA de porc ib\u00e9rique \u00e9lev\u00e9 en libert\u00e9 \u00e0 Salvatierra de Tormes, comt\u00e9 de G\u00fcijuelo (Salamanque). La pi\u00e8ce est servie sous vide d&rsquo;un poids de 1 kg. APROX.INGREDIENTS Porc ib\u00e9rique, graisse, sel, paprika, origan, ail, polyphosphates E-450a.C, antioxydants E-325 E-301, conservateur E-202 , sucres, lait \u00e9cr\u00e9m\u00e9 en poudre, cas\u00e9inate, dextrine. ALLERG\u00c8NES SANS GLUTEN PAS DE CONSERVATION DE LACTOSE Conserver dans un endroit frais et sec. Ouvrir 10 minutes avant de consommer. INFORMATION NUTRITIONNELLE Valeurs \u00e9nerg\u00e9tiques: 2139.45Kj \/ 503.4Kcal Prot\u00e9ines: 22.8g Lipides: 45.8g Sels min\u00e9raux: 4.5g Eau: 31g<\/p>\n","protected":false},"excerpt":{"rendered":"<p>Chorizo ib\u00e9rique de gland Monteparra Guijuelo 1 Kg.<\/p>\n","protected":false},"featured_media":307,"comment_status":"open","ping_status":"closed","template":"","meta":{"_et_pb_use_builder":"","_et_pb_old_content":"","_et_gb_content_width":"","_sitemap_exclude":false,"_sitemap_priority":"","_sitemap_frequency":""},"product_brand":[],"product_cat":[23,29,47],"product_tag":[],"class_list":{"0":"post-321","1":"product","2":"type-product","3":"status-publish","4":"has-post-thumbnail","6":"product_cat-accueil","7":"product_cat-embutidos-ibericos-fr","8":"product_cat-tous-les-produits","9":"product_shipping_class-normal-fr","11":"first","12":"instock","13":"shipping-taxable","14":"purchasable","15":"product-type-simple"},"yoast_head":"<!-- This site is optimized with the Yoast SEO plugin v27.4 - https:\/\/yoast.com\/product\/yoast-seo-wordpress\/ -->\n<title>Chorizo ib\u00e9rique de gland Monteparra Guijuelo 1 Kg. - El Mejor Jam\u00f3n<\/title>\n<meta name=\"robots\" content=\"index, follow, max-snippet:-1, max-image-preview:large, max-video-preview:-1\" \/>\n<link rel=\"canonical\" href=\"https:\/\/elmejorjamon.es\/fr\/producto\/chorizo-iberique-de-gland-monteparra-guijuelo-1-kg\/\" \/>\n<meta property=\"og:locale\" content=\"fr_FR\" \/>\n<meta property=\"og:type\" content=\"article\" \/>\n<meta property=\"og:title\" content=\"Chorizo ib\u00e9rique de gland Monteparra Guijuelo 1 Kg. - El Mejor Jam\u00f3n\" \/>\n<meta property=\"og:description\" content=\"Chorizo ib\u00e9rique de gland Monteparra Guijuelo 1 Kg.\" \/>\n<meta property=\"og:url\" content=\"https:\/\/elmejorjamon.es\/fr\/producto\/chorizo-iberique-de-gland-monteparra-guijuelo-1-kg\/\" \/>\n<meta property=\"og:site_name\" content=\"El Mejor Jam\u00f3n\" \/>\n<meta property=\"article:publisher\" content=\"https:\/\/www.facebook.com\/elmejorjamonweb\" \/>\n<meta property=\"article:modified_time\" content=\"2025-12-03T17:26:56+00:00\" \/>\n<meta property=\"og:image\" content=\"https:\/\/elmejorjamon.es\/wp-content\/uploads\/2007\/11\/1838-thickbox_default-Chorizo-de-bellota-iberico-cular-Monteparra-Guijuelo-1-Kg.-Aprox.jpg\" \/>\n\t<meta property=\"og:image:width\" content=\"1100\" \/>\n\t<meta property=\"og:image:height\" content=\"1422\" \/>\n\t<meta property=\"og:image:type\" content=\"image\/jpeg\" \/>\n<meta name=\"twitter:card\" content=\"summary_large_image\" \/>\n<meta name=\"twitter:site\" content=\"@elmejorjamonweb\" \/>\n<script type=\"application\/ld+json\" class=\"yoast-schema-graph\">{\"@context\":\"https:\\\/\\\/schema.org\",\"@graph\":[{\"@type\":\"WebPage\",\"@id\":\"https:\\\/\\\/elmejorjamon.es\\\/fr\\\/producto\\\/chorizo-iberique-de-gland-monteparra-guijuelo-1-kg\\\/\",\"url\":\"https:\\\/\\\/elmejorjamon.es\\\/fr\\\/producto\\\/chorizo-iberique-de-gland-monteparra-guijuelo-1-kg\\\/\",\"name\":\"Chorizo ib\u00e9rique de gland Monteparra Guijuelo 1 Kg. - El Mejor Jam\u00f3n\",\"isPartOf\":{\"@id\":\"https:\\\/\\\/elmejorjamon.es\\\/#website\"},\"primaryImageOfPage\":{\"@id\":\"https:\\\/\\\/elmejorjamon.es\\\/fr\\\/producto\\\/chorizo-iberique-de-gland-monteparra-guijuelo-1-kg\\\/#primaryimage\"},\"image\":{\"@id\":\"https:\\\/\\\/elmejorjamon.es\\\/fr\\\/producto\\\/chorizo-iberique-de-gland-monteparra-guijuelo-1-kg\\\/#primaryimage\"},\"thumbnailUrl\":\"https:\\\/\\\/elmejorjamon.es\\\/wp-content\\\/uploads\\\/2007\\\/11\\\/1838-thickbox_default-Chorizo-de-bellota-iberico-cular-Monteparra-Guijuelo-1-Kg.-Aprox.jpg\",\"datePublished\":\"2007-11-29T09:59:30+00:00\",\"dateModified\":\"2025-12-03T17:26:56+00:00\",\"breadcrumb\":{\"@id\":\"https:\\\/\\\/elmejorjamon.es\\\/fr\\\/producto\\\/chorizo-iberique-de-gland-monteparra-guijuelo-1-kg\\\/#breadcrumb\"},\"inLanguage\":\"fr-FR\",\"potentialAction\":[{\"@type\":\"ReadAction\",\"target\":[\"https:\\\/\\\/elmejorjamon.es\\\/fr\\\/producto\\\/chorizo-iberique-de-gland-monteparra-guijuelo-1-kg\\\/\"]}]},{\"@type\":\"ImageObject\",\"inLanguage\":\"fr-FR\",\"@id\":\"https:\\\/\\\/elmejorjamon.es\\\/fr\\\/producto\\\/chorizo-iberique-de-gland-monteparra-guijuelo-1-kg\\\/#primaryimage\",\"url\":\"https:\\\/\\\/elmejorjamon.es\\\/wp-content\\\/uploads\\\/2007\\\/11\\\/1838-thickbox_default-Chorizo-de-bellota-iberico-cular-Monteparra-Guijuelo-1-Kg.-Aprox.jpg\",\"contentUrl\":\"https:\\\/\\\/elmejorjamon.es\\\/wp-content\\\/uploads\\\/2007\\\/11\\\/1838-thickbox_default-Chorizo-de-bellota-iberico-cular-Monteparra-Guijuelo-1-Kg.-Aprox.jpg\",\"width\":1100,\"height\":1422,\"caption\":\"Chorizo de bellota ib\u00e9rico cular Monteparra Guijuelo 1 Kg. Aprox.\"},{\"@type\":\"BreadcrumbList\",\"@id\":\"https:\\\/\\\/elmejorjamon.es\\\/fr\\\/producto\\\/chorizo-iberique-de-gland-monteparra-guijuelo-1-kg\\\/#breadcrumb\",\"itemListElement\":[{\"@type\":\"ListItem\",\"position\":1,\"name\":\"Portada\",\"item\":\"https:\\\/\\\/elmejorjamon.es\\\/fr\\\/\"},{\"@type\":\"ListItem\",\"position\":2,\"name\":\"D\u00e9marrage rapide\",\"item\":\"https:\\\/\\\/elmejorjamon.es\\\/fr\\\/\"},{\"@type\":\"ListItem\",\"position\":3,\"name\":\"Chorizo ib\u00e9rique de gland Monteparra Guijuelo 1 Kg.\"}]},{\"@type\":\"WebSite\",\"@id\":\"https:\\\/\\\/elmejorjamon.es\\\/#website\",\"url\":\"https:\\\/\\\/elmejorjamon.es\\\/\",\"name\":\"El Mejor Jam\u00f3n\",\"description\":\"Comprar jamones y embutidos a buen precio\",\"publisher\":{\"@id\":\"https:\\\/\\\/elmejorjamon.es\\\/#organization\"},\"potentialAction\":[{\"@type\":\"SearchAction\",\"target\":{\"@type\":\"EntryPoint\",\"urlTemplate\":\"https:\\\/\\\/elmejorjamon.es\\\/?s={search_term_string}\"},\"query-input\":{\"@type\":\"PropertyValueSpecification\",\"valueRequired\":true,\"valueName\":\"search_term_string\"}}],\"inLanguage\":\"fr-FR\"},{\"@type\":\"Organization\",\"@id\":\"https:\\\/\\\/elmejorjamon.es\\\/#organization\",\"name\":\"El Mejor Jam\u00f3n\",\"url\":\"https:\\\/\\\/elmejorjamon.es\\\/\",\"logo\":{\"@type\":\"ImageObject\",\"inLanguage\":\"fr-FR\",\"@id\":\"https:\\\/\\\/elmejorjamon.es\\\/#\\\/schema\\\/logo\\\/image\\\/\",\"url\":\"https:\\\/\\\/elmejorjamon.es\\\/wp-content\\\/uploads\\\/2025\\\/01\\\/logocorreos.png\",\"contentUrl\":\"https:\\\/\\\/elmejorjamon.es\\\/wp-content\\\/uploads\\\/2025\\\/01\\\/logocorreos.png\",\"width\":277,\"height\":200,\"caption\":\"El Mejor Jam\u00f3n\"},\"image\":{\"@id\":\"https:\\\/\\\/elmejorjamon.es\\\/#\\\/schema\\\/logo\\\/image\\\/\"},\"sameAs\":[\"https:\\\/\\\/www.facebook.com\\\/elmejorjamonweb\",\"https:\\\/\\\/x.com\\\/elmejorjamonweb\",\"https:\\\/\\\/www.instagram.com\\\/elmejorjamonweb\\\/\"]}]}<\/script>\n<!-- \/ Yoast SEO plugin. -->","yoast_head_json":{"title":"Chorizo ib\u00e9rique de gland Monteparra Guijuelo 1 Kg. - El Mejor Jam\u00f3n","robots":{"index":"index","follow":"follow","max-snippet":"max-snippet:-1","max-image-preview":"max-image-preview:large","max-video-preview":"max-video-preview:-1"},"canonical":"https:\/\/elmejorjamon.es\/fr\/producto\/chorizo-iberique-de-gland-monteparra-guijuelo-1-kg\/","og_locale":"fr_FR","og_type":"article","og_title":"Chorizo ib\u00e9rique de gland Monteparra Guijuelo 1 Kg. - El Mejor Jam\u00f3n","og_description":"Chorizo ib\u00e9rique de gland Monteparra Guijuelo 1 Kg.","og_url":"https:\/\/elmejorjamon.es\/fr\/producto\/chorizo-iberique-de-gland-monteparra-guijuelo-1-kg\/","og_site_name":"El Mejor Jam\u00f3n","article_publisher":"https:\/\/www.facebook.com\/elmejorjamonweb","article_modified_time":"2025-12-03T17:26:56+00:00","og_image":[{"width":1100,"height":1422,"url":"https:\/\/elmejorjamon.es\/wp-content\/uploads\/2007\/11\/1838-thickbox_default-Chorizo-de-bellota-iberico-cular-Monteparra-Guijuelo-1-Kg.-Aprox.jpg","type":"image\/jpeg"}],"twitter_card":"summary_large_image","twitter_site":"@elmejorjamonweb","schema":{"@context":"https:\/\/schema.org","@graph":[{"@type":"WebPage","@id":"https:\/\/elmejorjamon.es\/fr\/producto\/chorizo-iberique-de-gland-monteparra-guijuelo-1-kg\/","url":"https:\/\/elmejorjamon.es\/fr\/producto\/chorizo-iberique-de-gland-monteparra-guijuelo-1-kg\/","name":"Chorizo ib\u00e9rique de gland Monteparra Guijuelo 1 Kg. - El Mejor Jam\u00f3n","isPartOf":{"@id":"https:\/\/elmejorjamon.es\/#website"},"primaryImageOfPage":{"@id":"https:\/\/elmejorjamon.es\/fr\/producto\/chorizo-iberique-de-gland-monteparra-guijuelo-1-kg\/#primaryimage"},"image":{"@id":"https:\/\/elmejorjamon.es\/fr\/producto\/chorizo-iberique-de-gland-monteparra-guijuelo-1-kg\/#primaryimage"},"thumbnailUrl":"https:\/\/elmejorjamon.es\/wp-content\/uploads\/2007\/11\/1838-thickbox_default-Chorizo-de-bellota-iberico-cular-Monteparra-Guijuelo-1-Kg.-Aprox.jpg","datePublished":"2007-11-29T09:59:30+00:00","dateModified":"2025-12-03T17:26:56+00:00","breadcrumb":{"@id":"https:\/\/elmejorjamon.es\/fr\/producto\/chorizo-iberique-de-gland-monteparra-guijuelo-1-kg\/#breadcrumb"},"inLanguage":"fr-FR","potentialAction":[{"@type":"ReadAction","target":["https:\/\/elmejorjamon.es\/fr\/producto\/chorizo-iberique-de-gland-monteparra-guijuelo-1-kg\/"]}]},{"@type":"ImageObject","inLanguage":"fr-FR","@id":"https:\/\/elmejorjamon.es\/fr\/producto\/chorizo-iberique-de-gland-monteparra-guijuelo-1-kg\/#primaryimage","url":"https:\/\/elmejorjamon.es\/wp-content\/uploads\/2007\/11\/1838-thickbox_default-Chorizo-de-bellota-iberico-cular-Monteparra-Guijuelo-1-Kg.-Aprox.jpg","contentUrl":"https:\/\/elmejorjamon.es\/wp-content\/uploads\/2007\/11\/1838-thickbox_default-Chorizo-de-bellota-iberico-cular-Monteparra-Guijuelo-1-Kg.-Aprox.jpg","width":1100,"height":1422,"caption":"Chorizo de bellota ib\u00e9rico cular Monteparra Guijuelo 1 Kg. Aprox."},{"@type":"BreadcrumbList","@id":"https:\/\/elmejorjamon.es\/fr\/producto\/chorizo-iberique-de-gland-monteparra-guijuelo-1-kg\/#breadcrumb","itemListElement":[{"@type":"ListItem","position":1,"name":"Portada","item":"https:\/\/elmejorjamon.es\/fr\/"},{"@type":"ListItem","position":2,"name":"D\u00e9marrage rapide","item":"https:\/\/elmejorjamon.es\/fr\/"},{"@type":"ListItem","position":3,"name":"Chorizo ib\u00e9rique de gland Monteparra Guijuelo 1 Kg."}]},{"@type":"WebSite","@id":"https:\/\/elmejorjamon.es\/#website","url":"https:\/\/elmejorjamon.es\/","name":"El Mejor Jam\u00f3n","description":"Comprar jamones y embutidos a buen precio","publisher":{"@id":"https:\/\/elmejorjamon.es\/#organization"},"potentialAction":[{"@type":"SearchAction","target":{"@type":"EntryPoint","urlTemplate":"https:\/\/elmejorjamon.es\/?s={search_term_string}"},"query-input":{"@type":"PropertyValueSpecification","valueRequired":true,"valueName":"search_term_string"}}],"inLanguage":"fr-FR"},{"@type":"Organization","@id":"https:\/\/elmejorjamon.es\/#organization","name":"El Mejor Jam\u00f3n","url":"https:\/\/elmejorjamon.es\/","logo":{"@type":"ImageObject","inLanguage":"fr-FR","@id":"https:\/\/elmejorjamon.es\/#\/schema\/logo\/image\/","url":"https:\/\/elmejorjamon.es\/wp-content\/uploads\/2025\/01\/logocorreos.png","contentUrl":"https:\/\/elmejorjamon.es\/wp-content\/uploads\/2025\/01\/logocorreos.png","width":277,"height":200,"caption":"El Mejor Jam\u00f3n"},"image":{"@id":"https:\/\/elmejorjamon.es\/#\/schema\/logo\/image\/"},"sameAs":["https:\/\/www.facebook.com\/elmejorjamonweb","https:\/\/x.com\/elmejorjamonweb","https:\/\/www.instagram.com\/elmejorjamonweb\/"]}]}},"_links":{"self":[{"href":"https:\/\/elmejorjamon.es\/fr\/wp-json\/wp\/v2\/product\/321","targetHints":{"allow":["GET"]}}],"collection":[{"href":"https:\/\/elmejorjamon.es\/fr\/wp-json\/wp\/v2\/product"}],"about":[{"href":"https:\/\/elmejorjamon.es\/fr\/wp-json\/wp\/v2\/types\/product"}],"replies":[{"embeddable":true,"href":"https:\/\/elmejorjamon.es\/fr\/wp-json\/wp\/v2\/comments?post=321"}],"wp:featuredmedia":[{"embeddable":true,"href":"https:\/\/elmejorjamon.es\/fr\/wp-json\/wp\/v2\/media\/307"}],"wp:attachment":[{"href":"https:\/\/elmejorjamon.es\/fr\/wp-json\/wp\/v2\/media?parent=321"}],"wp:term":[{"taxonomy":"product_brand","embeddable":true,"href":"https:\/\/elmejorjamon.es\/fr\/wp-json\/wp\/v2\/product_brand?post=321"},{"taxonomy":"product_cat","embeddable":true,"href":"https:\/\/elmejorjamon.es\/fr\/wp-json\/wp\/v2\/product_cat?post=321"},{"taxonomy":"product_tag","embeddable":true,"href":"https:\/\/elmejorjamon.es\/fr\/wp-json\/wp\/v2\/product_tag?post=321"}],"curies":[{"name":"wp","href":"https:\/\/api.w.org\/{rel}","templated":true}]}}