{"id":231,"date":"2025-09-19T09:06:36","date_gmt":"2025-09-19T07:06:36","guid":{"rendered":"https:\/\/nueva.elmejorjamon.es\/?post_type=product&#038;p=231"},"modified":"2025-09-19T09:06:39","modified_gmt":"2025-09-19T07:06:39","slug":"jambon-iberique-de-gland-monteparra-do-de-75-kg-environ-guijuelo","status":"publish","type":"product","link":"https:\/\/elmejorjamon.es\/fr\/producto\/jambon-iberique-de-gland-monteparra-do-de-75-kg-environ-guijuelo\/","title":{"rendered":"Jambon iberique de gland Monteparra D.O.  Guijuelo"},"content":{"rendered":"<p>Le jambon ib\u00e9rique de gland D.O. Il est le r\u00e9sultat d&rsquo;un long processus qui commence dans les m\u00eames p\u00e2turages o\u00f9 les porcs ib\u00e9riques soigneusement s\u00e9lectionn\u00e9s par nos sp\u00e9cialistes Campe\u00e1n librement, en consommant des glands qui conf\u00e8rent une grande partie de ses caract\u00e9ristiques organoleptiques. Plus tard, dans les locaux de porc poivr\u00e9e ib\u00e9rique sont soumis membres post\u00e9rieurs \u00e0 l&rsquo;action du sel et \u00e0 un lent processus de s\u00e9chage et de maturation en cave leur donne leur caract\u00e8re sp\u00e9cial. \u00c0 la fin du processus, ses propri\u00e9t\u00e9s nutritionnelles, de saveur et de texture soulignent son origine et sa nourriture, ce qui fait de notre production l&rsquo;une des plus reconnues \u00e0 Guijuelo. Sa qualit\u00e9 est \u00e9galement garantie par un processus rigoureux d&rsquo;analyse par le Conseil de r\u00e9gulation de l&rsquo;Guijuelo qui garantit \u00e0 la fois l&rsquo;aptitude g\u00e9n\u00e9tique comme se nourrissant de glands. Temps de cuisson moyen: 36 mois apr\u00e8s le salage. Course: Certifi\u00e9 par une entit\u00e9 d&rsquo;inspection. Aliments: Certifi\u00e9 par une entit\u00e9 de certification. Facteur d&rsquo;alimentation: herbe et gland.<\/p>\n","protected":false},"excerpt":{"rendered":"<p>Jambon iberique de gland Monteparra D.O. \u00a0Guijuelo<\/p>\n","protected":false},"featured_media":195,"comment_status":"open","ping_status":"closed","template":"","meta":{"_et_pb_use_builder":"","_et_pb_old_content":"","_et_gb_content_width":"","_sitemap_exclude":false,"_sitemap_priority":"","_sitemap_frequency":""},"product_brand":[],"product_cat":[23,107,47],"product_tag":[],"class_list":{"0":"post-231","1":"product","2":"type-product","3":"status-publish","4":"has-post-thumbnail","6":"product_cat-accueil","7":"product_cat-jambons-iberiques","8":"product_cat-tous-les-produits","9":"product_shipping_class-normal-fr","10":"pa_opciones-63-decoupeaucouteauetemballe-fr","11":"pa_opciones-desosseetemballesousvide59-fr","12":"pa_opciones-pieceentiere-fr","13":"pa_peso-7_7_5kg-fr","14":"pa_peso-8_8_5kg-fr","15":"pa_peso-8kgaprox-fr","16":"pa_peso-environ-85-kg","18":"first","19":"instock","20":"shipping-taxable","21":"purchasable","22":"product-type-variable","23":"has-default-attributes"},"yoast_head":"<!-- This site is optimized with the Yoast SEO plugin v27.4 - https:\/\/yoast.com\/product\/yoast-seo-wordpress\/ -->\n<title>Jambon iberique de gland Monteparra D.O. Guijuelo - El Mejor Jam\u00f3n<\/title>\n<meta name=\"robots\" content=\"index, follow, max-snippet:-1, max-image-preview:large, max-video-preview:-1\" \/>\n<link rel=\"canonical\" href=\"https:\/\/elmejorjamon.es\/fr\/producto\/jambon-iberique-de-gland-monteparra-do-de-75-kg-environ-guijuelo\/\" \/>\n<meta property=\"og:locale\" content=\"fr_FR\" \/>\n<meta property=\"og:type\" content=\"article\" \/>\n<meta property=\"og:title\" content=\"Jambon iberique de gland Monteparra D.O. Guijuelo - El Mejor Jam\u00f3n\" \/>\n<meta property=\"og:description\" content=\"Jambon iberique de gland Monteparra D.O. \u00a0Guijuelo\" \/>\n<meta property=\"og:url\" content=\"https:\/\/elmejorjamon.es\/fr\/producto\/jambon-iberique-de-gland-monteparra-do-de-75-kg-environ-guijuelo\/\" \/>\n<meta property=\"og:site_name\" content=\"El Mejor Jam\u00f3n\" \/>\n<meta property=\"article:publisher\" content=\"https:\/\/www.facebook.com\/elmejorjamonweb\" \/>\n<meta property=\"article:modified_time\" content=\"2025-09-19T07:06:39+00:00\" \/>\n<meta property=\"og:image\" content=\"https:\/\/elmejorjamon.es\/wp-content\/uploads\/2007\/11\/1761-thickbox_default-Jamon-de-Bellota-75berico-Monteparra-D.O.-Guijuelo.jpg\" \/>\n\t<meta property=\"og:image:width\" content=\"1100\" \/>\n\t<meta property=\"og:image:height\" content=\"1422\" \/>\n\t<meta property=\"og:image:type\" content=\"image\/jpeg\" \/>\n<meta name=\"twitter:card\" content=\"summary_large_image\" \/>\n<meta name=\"twitter:site\" content=\"@elmejorjamonweb\" \/>\n<meta name=\"twitter:label1\" content=\"Dur\u00e9e de lecture estim\u00e9e\" \/>\n\t<meta name=\"twitter:data1\" content=\"1 minute\" \/>\n<script type=\"application\/ld+json\" class=\"yoast-schema-graph\">{\"@context\":\"https:\\\/\\\/schema.org\",\"@graph\":[{\"@type\":\"WebPage\",\"@id\":\"https:\\\/\\\/elmejorjamon.es\\\/fr\\\/producto\\\/jambon-iberique-de-gland-monteparra-do-de-75-kg-environ-guijuelo\\\/\",\"url\":\"https:\\\/\\\/elmejorjamon.es\\\/fr\\\/producto\\\/jambon-iberique-de-gland-monteparra-do-de-75-kg-environ-guijuelo\\\/\",\"name\":\"Jambon iberique de gland Monteparra D.O. Guijuelo - El Mejor Jam\u00f3n\",\"isPartOf\":{\"@id\":\"https:\\\/\\\/elmejorjamon.es\\\/#website\"},\"primaryImageOfPage\":{\"@id\":\"https:\\\/\\\/elmejorjamon.es\\\/fr\\\/producto\\\/jambon-iberique-de-gland-monteparra-do-de-75-kg-environ-guijuelo\\\/#primaryimage\"},\"image\":{\"@id\":\"https:\\\/\\\/elmejorjamon.es\\\/fr\\\/producto\\\/jambon-iberique-de-gland-monteparra-do-de-75-kg-environ-guijuelo\\\/#primaryimage\"},\"thumbnailUrl\":\"https:\\\/\\\/elmejorjamon.es\\\/wp-content\\\/uploads\\\/2007\\\/11\\\/1761-thickbox_default-Jamon-de-Bellota-75berico-Monteparra-D.O.-Guijuelo.jpg\",\"datePublished\":\"2025-09-19T07:06:36+00:00\",\"dateModified\":\"2025-09-19T07:06:39+00:00\",\"breadcrumb\":{\"@id\":\"https:\\\/\\\/elmejorjamon.es\\\/fr\\\/producto\\\/jambon-iberique-de-gland-monteparra-do-de-75-kg-environ-guijuelo\\\/#breadcrumb\"},\"inLanguage\":\"fr-FR\",\"potentialAction\":[{\"@type\":\"ReadAction\",\"target\":[\"https:\\\/\\\/elmejorjamon.es\\\/fr\\\/producto\\\/jambon-iberique-de-gland-monteparra-do-de-75-kg-environ-guijuelo\\\/\"]}]},{\"@type\":\"ImageObject\",\"inLanguage\":\"fr-FR\",\"@id\":\"https:\\\/\\\/elmejorjamon.es\\\/fr\\\/producto\\\/jambon-iberique-de-gland-monteparra-do-de-75-kg-environ-guijuelo\\\/#primaryimage\",\"url\":\"https:\\\/\\\/elmejorjamon.es\\\/wp-content\\\/uploads\\\/2007\\\/11\\\/1761-thickbox_default-Jamon-de-Bellota-75berico-Monteparra-D.O.-Guijuelo.jpg\",\"contentUrl\":\"https:\\\/\\\/elmejorjamon.es\\\/wp-content\\\/uploads\\\/2007\\\/11\\\/1761-thickbox_default-Jamon-de-Bellota-75berico-Monteparra-D.O.-Guijuelo.jpg\",\"width\":1100,\"height\":1422},{\"@type\":\"BreadcrumbList\",\"@id\":\"https:\\\/\\\/elmejorjamon.es\\\/fr\\\/producto\\\/jambon-iberique-de-gland-monteparra-do-de-75-kg-environ-guijuelo\\\/#breadcrumb\",\"itemListElement\":[{\"@type\":\"ListItem\",\"position\":1,\"name\":\"Portada\",\"item\":\"https:\\\/\\\/elmejorjamon.es\\\/fr\\\/\"},{\"@type\":\"ListItem\",\"position\":2,\"name\":\"D\u00e9marrage rapide\",\"item\":\"https:\\\/\\\/elmejorjamon.es\\\/fr\\\/\"},{\"@type\":\"ListItem\",\"position\":3,\"name\":\"Jambon iberique de gland Monteparra D.O. Guijuelo\"}]},{\"@type\":\"WebSite\",\"@id\":\"https:\\\/\\\/elmejorjamon.es\\\/#website\",\"url\":\"https:\\\/\\\/elmejorjamon.es\\\/\",\"name\":\"El Mejor Jam\u00f3n\",\"description\":\"Comprar jamones y embutidos a buen precio\",\"publisher\":{\"@id\":\"https:\\\/\\\/elmejorjamon.es\\\/#organization\"},\"potentialAction\":[{\"@type\":\"SearchAction\",\"target\":{\"@type\":\"EntryPoint\",\"urlTemplate\":\"https:\\\/\\\/elmejorjamon.es\\\/?s={search_term_string}\"},\"query-input\":{\"@type\":\"PropertyValueSpecification\",\"valueRequired\":true,\"valueName\":\"search_term_string\"}}],\"inLanguage\":\"fr-FR\"},{\"@type\":\"Organization\",\"@id\":\"https:\\\/\\\/elmejorjamon.es\\\/#organization\",\"name\":\"El Mejor Jam\u00f3n\",\"url\":\"https:\\\/\\\/elmejorjamon.es\\\/\",\"logo\":{\"@type\":\"ImageObject\",\"inLanguage\":\"fr-FR\",\"@id\":\"https:\\\/\\\/elmejorjamon.es\\\/#\\\/schema\\\/logo\\\/image\\\/\",\"url\":\"https:\\\/\\\/elmejorjamon.es\\\/wp-content\\\/uploads\\\/2025\\\/01\\\/logocorreos.png\",\"contentUrl\":\"https:\\\/\\\/elmejorjamon.es\\\/wp-content\\\/uploads\\\/2025\\\/01\\\/logocorreos.png\",\"width\":277,\"height\":200,\"caption\":\"El Mejor Jam\u00f3n\"},\"image\":{\"@id\":\"https:\\\/\\\/elmejorjamon.es\\\/#\\\/schema\\\/logo\\\/image\\\/\"},\"sameAs\":[\"https:\\\/\\\/www.facebook.com\\\/elmejorjamonweb\",\"https:\\\/\\\/x.com\\\/elmejorjamonweb\",\"https:\\\/\\\/www.instagram.com\\\/elmejorjamonweb\\\/\"]}]}<\/script>\n<!-- \/ Yoast SEO plugin. -->","yoast_head_json":{"title":"Jambon iberique de gland Monteparra D.O. Guijuelo - El Mejor Jam\u00f3n","robots":{"index":"index","follow":"follow","max-snippet":"max-snippet:-1","max-image-preview":"max-image-preview:large","max-video-preview":"max-video-preview:-1"},"canonical":"https:\/\/elmejorjamon.es\/fr\/producto\/jambon-iberique-de-gland-monteparra-do-de-75-kg-environ-guijuelo\/","og_locale":"fr_FR","og_type":"article","og_title":"Jambon iberique de gland Monteparra D.O. Guijuelo - El Mejor Jam\u00f3n","og_description":"Jambon iberique de gland Monteparra D.O. \u00a0Guijuelo","og_url":"https:\/\/elmejorjamon.es\/fr\/producto\/jambon-iberique-de-gland-monteparra-do-de-75-kg-environ-guijuelo\/","og_site_name":"El Mejor Jam\u00f3n","article_publisher":"https:\/\/www.facebook.com\/elmejorjamonweb","article_modified_time":"2025-09-19T07:06:39+00:00","og_image":[{"width":1100,"height":1422,"url":"https:\/\/elmejorjamon.es\/wp-content\/uploads\/2007\/11\/1761-thickbox_default-Jamon-de-Bellota-75berico-Monteparra-D.O.-Guijuelo.jpg","type":"image\/jpeg"}],"twitter_card":"summary_large_image","twitter_site":"@elmejorjamonweb","twitter_misc":{"Dur\u00e9e de lecture estim\u00e9e":"1 minute"},"schema":{"@context":"https:\/\/schema.org","@graph":[{"@type":"WebPage","@id":"https:\/\/elmejorjamon.es\/fr\/producto\/jambon-iberique-de-gland-monteparra-do-de-75-kg-environ-guijuelo\/","url":"https:\/\/elmejorjamon.es\/fr\/producto\/jambon-iberique-de-gland-monteparra-do-de-75-kg-environ-guijuelo\/","name":"Jambon iberique de gland Monteparra D.O. Guijuelo - El Mejor Jam\u00f3n","isPartOf":{"@id":"https:\/\/elmejorjamon.es\/#website"},"primaryImageOfPage":{"@id":"https:\/\/elmejorjamon.es\/fr\/producto\/jambon-iberique-de-gland-monteparra-do-de-75-kg-environ-guijuelo\/#primaryimage"},"image":{"@id":"https:\/\/elmejorjamon.es\/fr\/producto\/jambon-iberique-de-gland-monteparra-do-de-75-kg-environ-guijuelo\/#primaryimage"},"thumbnailUrl":"https:\/\/elmejorjamon.es\/wp-content\/uploads\/2007\/11\/1761-thickbox_default-Jamon-de-Bellota-75berico-Monteparra-D.O.-Guijuelo.jpg","datePublished":"2025-09-19T07:06:36+00:00","dateModified":"2025-09-19T07:06:39+00:00","breadcrumb":{"@id":"https:\/\/elmejorjamon.es\/fr\/producto\/jambon-iberique-de-gland-monteparra-do-de-75-kg-environ-guijuelo\/#breadcrumb"},"inLanguage":"fr-FR","potentialAction":[{"@type":"ReadAction","target":["https:\/\/elmejorjamon.es\/fr\/producto\/jambon-iberique-de-gland-monteparra-do-de-75-kg-environ-guijuelo\/"]}]},{"@type":"ImageObject","inLanguage":"fr-FR","@id":"https:\/\/elmejorjamon.es\/fr\/producto\/jambon-iberique-de-gland-monteparra-do-de-75-kg-environ-guijuelo\/#primaryimage","url":"https:\/\/elmejorjamon.es\/wp-content\/uploads\/2007\/11\/1761-thickbox_default-Jamon-de-Bellota-75berico-Monteparra-D.O.-Guijuelo.jpg","contentUrl":"https:\/\/elmejorjamon.es\/wp-content\/uploads\/2007\/11\/1761-thickbox_default-Jamon-de-Bellota-75berico-Monteparra-D.O.-Guijuelo.jpg","width":1100,"height":1422},{"@type":"BreadcrumbList","@id":"https:\/\/elmejorjamon.es\/fr\/producto\/jambon-iberique-de-gland-monteparra-do-de-75-kg-environ-guijuelo\/#breadcrumb","itemListElement":[{"@type":"ListItem","position":1,"name":"Portada","item":"https:\/\/elmejorjamon.es\/fr\/"},{"@type":"ListItem","position":2,"name":"D\u00e9marrage rapide","item":"https:\/\/elmejorjamon.es\/fr\/"},{"@type":"ListItem","position":3,"name":"Jambon iberique de gland Monteparra D.O. Guijuelo"}]},{"@type":"WebSite","@id":"https:\/\/elmejorjamon.es\/#website","url":"https:\/\/elmejorjamon.es\/","name":"El Mejor Jam\u00f3n","description":"Comprar jamones y embutidos a buen precio","publisher":{"@id":"https:\/\/elmejorjamon.es\/#organization"},"potentialAction":[{"@type":"SearchAction","target":{"@type":"EntryPoint","urlTemplate":"https:\/\/elmejorjamon.es\/?s={search_term_string}"},"query-input":{"@type":"PropertyValueSpecification","valueRequired":true,"valueName":"search_term_string"}}],"inLanguage":"fr-FR"},{"@type":"Organization","@id":"https:\/\/elmejorjamon.es\/#organization","name":"El Mejor Jam\u00f3n","url":"https:\/\/elmejorjamon.es\/","logo":{"@type":"ImageObject","inLanguage":"fr-FR","@id":"https:\/\/elmejorjamon.es\/#\/schema\/logo\/image\/","url":"https:\/\/elmejorjamon.es\/wp-content\/uploads\/2025\/01\/logocorreos.png","contentUrl":"https:\/\/elmejorjamon.es\/wp-content\/uploads\/2025\/01\/logocorreos.png","width":277,"height":200,"caption":"El Mejor Jam\u00f3n"},"image":{"@id":"https:\/\/elmejorjamon.es\/#\/schema\/logo\/image\/"},"sameAs":["https:\/\/www.facebook.com\/elmejorjamonweb","https:\/\/x.com\/elmejorjamonweb","https:\/\/www.instagram.com\/elmejorjamonweb\/"]}]}},"_links":{"self":[{"href":"https:\/\/elmejorjamon.es\/fr\/wp-json\/wp\/v2\/product\/231","targetHints":{"allow":["GET"]}}],"collection":[{"href":"https:\/\/elmejorjamon.es\/fr\/wp-json\/wp\/v2\/product"}],"about":[{"href":"https:\/\/elmejorjamon.es\/fr\/wp-json\/wp\/v2\/types\/product"}],"replies":[{"embeddable":true,"href":"https:\/\/elmejorjamon.es\/fr\/wp-json\/wp\/v2\/comments?post=231"}],"wp:featuredmedia":[{"embeddable":true,"href":"https:\/\/elmejorjamon.es\/fr\/wp-json\/wp\/v2\/media\/195"}],"wp:attachment":[{"href":"https:\/\/elmejorjamon.es\/fr\/wp-json\/wp\/v2\/media?parent=231"}],"wp:term":[{"taxonomy":"product_brand","embeddable":true,"href":"https:\/\/elmejorjamon.es\/fr\/wp-json\/wp\/v2\/product_brand?post=231"},{"taxonomy":"product_cat","embeddable":true,"href":"https:\/\/elmejorjamon.es\/fr\/wp-json\/wp\/v2\/product_cat?post=231"},{"taxonomy":"product_tag","embeddable":true,"href":"https:\/\/elmejorjamon.es\/fr\/wp-json\/wp\/v2\/product_tag?post=231"}],"curies":[{"name":"wp","href":"https:\/\/api.w.org\/{rel}","templated":true}]}}