{"id":20796,"date":"2025-11-05T14:22:42","date_gmt":"2025-11-05T13:22:42","guid":{"rendered":"https:\/\/elmejorjamon.es\/?post_type=product&#038;p=20796"},"modified":"2025-11-05T14:33:33","modified_gmt":"2025-11-05T13:33:33","slug":"pieds-de-porc-a-la-sauce-la-alacena","status":"publish","type":"product","link":"https:\/\/elmejorjamon.es\/fr\/producto\/pieds-de-porc-a-la-sauce-la-alacena\/","title":{"rendered":"Pieds de porc \u00e0 la sauce \u00ab\u00a0La Alacena\u00a0\u00bb"},"content":{"rendered":"<p>Un plat exquis, enti\u00e8rement artisanal, pr\u00e9par\u00e9 sans additifs ni conservateurs.<\/p>\n<p>\u00c0 conserver dans un endroit frais et sec. Apr\u00e8s ouverture, conserver au r\u00e9frig\u00e9rateur et consommer dans les 5 jours.<\/p>\n<p>Sans gluten. Sans additifs. Produit naturel sans conservateurs ni colorants. Pr\u00e9paration artisanale. Produit gourmand.<\/p>\n<p>Il est recommand\u00e9 de r\u00e9chauffer au bain-marie ou au micro-ondes (pour le micro-ondes, verser le contenu dans un r\u00e9cipient adapt\u00e9 et chauffer 3 \u00e0 4 minutes).<\/p>\n<p>Poids net : 580 g | Poids \u00e9goutt\u00e9 : 405 g<\/p>\n<p>Peut contenir des sulfites.<\/p>\n<p>Informations nutritionnelles<\/p>\n<p>Valeurs moyennes approximatives pour 100 g :<\/p>\n<p>\u00c9nergie : 282 kcal \/ 1177 kJ<br \/>\nMATI\u00c8RES GRASSES : 23,40 g<br \/>\nAcide gras satur\u00e9s : 2,03 g<br \/>\nGlucides : 2,52 g<br \/>\nSucres : 0,71 g<br \/>\nProt\u00e9ines : 15,20 g<br \/>\nSel : 1,72 g<\/p>\n<p>Ingr\u00e9dients : pieds de porc (75 %), eau, vin blanc, tomate, oignon, ail, sel, \u00e9pices<\/p>\n<p>Allerg\u00e8nes : peut contenir des sulfites<\/p>\n<p>Les pieds de porc en sauce constituent un plat exquis, enti\u00e8rement fait maison, pr\u00e9par\u00e9 sans additifs ni conservateurs. Pesant 580 grammes, ce d\u00e9licieux plat est id\u00e9al pour ceux qui souhaitent savourer une cuisine familiale authentique.<\/p>\n<p>Les pieds de porc sont un ingr\u00e9dient tr\u00e8s pris\u00e9 de la cuisine espagnole, r\u00e9put\u00e9s pour leur texture g\u00e9latineuse et leur saveur unique. Associ\u00e9s \u00e0 une d\u00e9licieuse sauce maison, ces pieds de porc en sauce cr\u00e9ent un plat riche en saveurs et empreint de tradition.<\/p>\n<p>Ce plat a \u00e9t\u00e9 pr\u00e9par\u00e9 avec soin et passion, selon des recettes traditionnelles qui garantissent sa qualit\u00e9 et son authenticit\u00e9. Chaque bouch\u00e9e vous transportera sur la table de votre grand-m\u00e8re, o\u00f9 les saveurs maison \u00e9taient reines.<\/p>\n<p>De plus, sans additifs ni conservateurs, vous pouvez savourer ce plat en toute s\u00e9r\u00e9nit\u00e9, en sachant que vous d\u00e9gustez un produit naturel et sain. Les pieds de porc en sauce sont parfaits pour ceux qui recherchent un repas r\u00e9confortant et savoureux.<\/p>\n<p>Ne manquez pas l&rsquo;occasion de go\u00fbter ces d\u00e9licieux pieds de porc en sauce, un plat qui vous fera retrouver les saveurs traditionnelles de la cuisine familiale. Vous ne le regretterez pas !<\/p>\n","protected":false},"excerpt":{"rendered":"<p>Pieds de porc \u00e0 la sauce \u00ab\u00a0La Alacena\u00a0\u00bb<\/p>\n","protected":false},"featured_media":20785,"comment_status":"open","ping_status":"closed","template":"","meta":{"_et_pb_use_builder":"","_et_pb_old_content":"","_et_gb_content_width":"","_sitemap_exclude":false,"_sitemap_priority":"","_sitemap_frequency":""},"product_brand":[],"product_cat":[23,41,221,904,77,47],"product_tag":[],"class_list":{"0":"post-20796","1":"product","2":"type-product","3":"status-publish","4":"has-post-thumbnail","6":"product_cat-accueil","7":"product_cat-conserves","8":"product_cat-gourmet-fr","9":"product_cat-offres","10":"product_cat-platos-preparados-fr","11":"product_cat-tous-les-produits","12":"product_shipping_class-normal-fr","14":"first","15":"instock","16":"sale","17":"shipping-taxable","18":"purchasable","19":"product-type-simple"},"yoast_head":"<!-- This site is optimized with the Yoast SEO plugin v27.4 - https:\/\/yoast.com\/product\/yoast-seo-wordpress\/ -->\n<title>Acheter Pieds de porc \u00e0 la sauce &quot;La Alacena&quot; - El Mejor Jam\u00f3n<\/title>\n<meta name=\"description\" content=\"Plat exquis, enti\u00e8rement pr\u00e9par\u00e9 \u00e0 la main, sans additifs ni conservateurs. Sans gluten. Pr\u00e9paration artisanale.\" \/>\n<meta name=\"robots\" content=\"index, follow, max-snippet:-1, max-image-preview:large, max-video-preview:-1\" \/>\n<link rel=\"canonical\" href=\"https:\/\/elmejorjamon.es\/fr\/producto\/pieds-de-porc-a-la-sauce-la-alacena\/\" \/>\n<meta property=\"og:locale\" content=\"fr_FR\" \/>\n<meta property=\"og:type\" content=\"article\" \/>\n<meta property=\"og:title\" content=\"Acheter Pieds de porc \u00e0 la sauce &quot;La Alacena&quot; - El Mejor Jam\u00f3n\" \/>\n<meta property=\"og:description\" content=\"Plat exquis, enti\u00e8rement pr\u00e9par\u00e9 \u00e0 la main, sans additifs ni conservateurs. Sans gluten. Pr\u00e9paration artisanale.\" \/>\n<meta property=\"og:url\" content=\"https:\/\/elmejorjamon.es\/fr\/producto\/pieds-de-porc-a-la-sauce-la-alacena\/\" \/>\n<meta property=\"og:site_name\" content=\"El Mejor Jam\u00f3n\" \/>\n<meta property=\"article:publisher\" content=\"https:\/\/www.facebook.com\/elmejorjamonweb\" \/>\n<meta property=\"article:modified_time\" content=\"2025-11-05T13:33:33+00:00\" \/>\n<meta property=\"og:image\" content=\"https:\/\/elmejorjamon.es\/wp-content\/uploads\/2025\/11\/manitaslaalacena.jpg\" \/>\n\t<meta property=\"og:image:width\" content=\"1000\" \/>\n\t<meta property=\"og:image:height\" content=\"1388\" \/>\n\t<meta property=\"og:image:type\" content=\"image\/jpeg\" \/>\n<meta name=\"twitter:card\" content=\"summary_large_image\" \/>\n<meta name=\"twitter:site\" content=\"@elmejorjamonweb\" \/>\n<meta name=\"twitter:label1\" content=\"Dur\u00e9e de lecture estim\u00e9e\" \/>\n\t<meta name=\"twitter:data1\" content=\"2 minutes\" \/>\n<script type=\"application\/ld+json\" class=\"yoast-schema-graph\">{\"@context\":\"https:\\\/\\\/schema.org\",\"@graph\":[{\"@type\":\"WebPage\",\"@id\":\"https:\\\/\\\/elmejorjamon.es\\\/fr\\\/producto\\\/pieds-de-porc-a-la-sauce-la-alacena\\\/\",\"url\":\"https:\\\/\\\/elmejorjamon.es\\\/fr\\\/producto\\\/pieds-de-porc-a-la-sauce-la-alacena\\\/\",\"name\":\"Acheter Pieds de porc \u00e0 la sauce \\\"La Alacena\\\" - El Mejor Jam\u00f3n\",\"isPartOf\":{\"@id\":\"https:\\\/\\\/elmejorjamon.es\\\/#website\"},\"primaryImageOfPage\":{\"@id\":\"https:\\\/\\\/elmejorjamon.es\\\/fr\\\/producto\\\/pieds-de-porc-a-la-sauce-la-alacena\\\/#primaryimage\"},\"image\":{\"@id\":\"https:\\\/\\\/elmejorjamon.es\\\/fr\\\/producto\\\/pieds-de-porc-a-la-sauce-la-alacena\\\/#primaryimage\"},\"thumbnailUrl\":\"https:\\\/\\\/elmejorjamon.es\\\/wp-content\\\/uploads\\\/2025\\\/11\\\/manitaslaalacena.jpg\",\"datePublished\":\"2025-11-05T13:22:42+00:00\",\"dateModified\":\"2025-11-05T13:33:33+00:00\",\"description\":\"Plat exquis, enti\u00e8rement pr\u00e9par\u00e9 \u00e0 la main, sans additifs ni conservateurs. Sans gluten. Pr\u00e9paration artisanale.\",\"breadcrumb\":{\"@id\":\"https:\\\/\\\/elmejorjamon.es\\\/fr\\\/producto\\\/pieds-de-porc-a-la-sauce-la-alacena\\\/#breadcrumb\"},\"inLanguage\":\"fr-FR\",\"potentialAction\":[{\"@type\":\"ReadAction\",\"target\":[\"https:\\\/\\\/elmejorjamon.es\\\/fr\\\/producto\\\/pieds-de-porc-a-la-sauce-la-alacena\\\/\"]}]},{\"@type\":\"ImageObject\",\"inLanguage\":\"fr-FR\",\"@id\":\"https:\\\/\\\/elmejorjamon.es\\\/fr\\\/producto\\\/pieds-de-porc-a-la-sauce-la-alacena\\\/#primaryimage\",\"url\":\"https:\\\/\\\/elmejorjamon.es\\\/wp-content\\\/uploads\\\/2025\\\/11\\\/manitaslaalacena.jpg\",\"contentUrl\":\"https:\\\/\\\/elmejorjamon.es\\\/wp-content\\\/uploads\\\/2025\\\/11\\\/manitaslaalacena.jpg\",\"width\":1000,\"height\":1388},{\"@type\":\"BreadcrumbList\",\"@id\":\"https:\\\/\\\/elmejorjamon.es\\\/fr\\\/producto\\\/pieds-de-porc-a-la-sauce-la-alacena\\\/#breadcrumb\",\"itemListElement\":[{\"@type\":\"ListItem\",\"position\":1,\"name\":\"Portada\",\"item\":\"https:\\\/\\\/elmejorjamon.es\\\/fr\\\/\"},{\"@type\":\"ListItem\",\"position\":2,\"name\":\"D\u00e9marrage rapide\",\"item\":\"https:\\\/\\\/elmejorjamon.es\\\/fr\\\/\"},{\"@type\":\"ListItem\",\"position\":3,\"name\":\"Pieds de porc \u00e0 la sauce &#8220;La Alacena&#8221;\"}]},{\"@type\":\"WebSite\",\"@id\":\"https:\\\/\\\/elmejorjamon.es\\\/#website\",\"url\":\"https:\\\/\\\/elmejorjamon.es\\\/\",\"name\":\"El Mejor Jam\u00f3n\",\"description\":\"Comprar jamones y embutidos a buen precio\",\"publisher\":{\"@id\":\"https:\\\/\\\/elmejorjamon.es\\\/#organization\"},\"potentialAction\":[{\"@type\":\"SearchAction\",\"target\":{\"@type\":\"EntryPoint\",\"urlTemplate\":\"https:\\\/\\\/elmejorjamon.es\\\/?s={search_term_string}\"},\"query-input\":{\"@type\":\"PropertyValueSpecification\",\"valueRequired\":true,\"valueName\":\"search_term_string\"}}],\"inLanguage\":\"fr-FR\"},{\"@type\":\"Organization\",\"@id\":\"https:\\\/\\\/elmejorjamon.es\\\/#organization\",\"name\":\"El Mejor Jam\u00f3n\",\"url\":\"https:\\\/\\\/elmejorjamon.es\\\/\",\"logo\":{\"@type\":\"ImageObject\",\"inLanguage\":\"fr-FR\",\"@id\":\"https:\\\/\\\/elmejorjamon.es\\\/#\\\/schema\\\/logo\\\/image\\\/\",\"url\":\"https:\\\/\\\/elmejorjamon.es\\\/wp-content\\\/uploads\\\/2025\\\/01\\\/logocorreos.png\",\"contentUrl\":\"https:\\\/\\\/elmejorjamon.es\\\/wp-content\\\/uploads\\\/2025\\\/01\\\/logocorreos.png\",\"width\":277,\"height\":200,\"caption\":\"El Mejor Jam\u00f3n\"},\"image\":{\"@id\":\"https:\\\/\\\/elmejorjamon.es\\\/#\\\/schema\\\/logo\\\/image\\\/\"},\"sameAs\":[\"https:\\\/\\\/www.facebook.com\\\/elmejorjamonweb\",\"https:\\\/\\\/x.com\\\/elmejorjamonweb\",\"https:\\\/\\\/www.instagram.com\\\/elmejorjamonweb\\\/\"]}]}<\/script>\n<!-- \/ Yoast SEO plugin. -->","yoast_head_json":{"title":"Acheter Pieds de porc \u00e0 la sauce \"La Alacena\" - El Mejor Jam\u00f3n","description":"Plat exquis, enti\u00e8rement pr\u00e9par\u00e9 \u00e0 la main, sans additifs ni conservateurs. Sans gluten. Pr\u00e9paration artisanale.","robots":{"index":"index","follow":"follow","max-snippet":"max-snippet:-1","max-image-preview":"max-image-preview:large","max-video-preview":"max-video-preview:-1"},"canonical":"https:\/\/elmejorjamon.es\/fr\/producto\/pieds-de-porc-a-la-sauce-la-alacena\/","og_locale":"fr_FR","og_type":"article","og_title":"Acheter Pieds de porc \u00e0 la sauce \"La Alacena\" - El Mejor Jam\u00f3n","og_description":"Plat exquis, enti\u00e8rement pr\u00e9par\u00e9 \u00e0 la main, sans additifs ni conservateurs. Sans gluten. Pr\u00e9paration artisanale.","og_url":"https:\/\/elmejorjamon.es\/fr\/producto\/pieds-de-porc-a-la-sauce-la-alacena\/","og_site_name":"El Mejor Jam\u00f3n","article_publisher":"https:\/\/www.facebook.com\/elmejorjamonweb","article_modified_time":"2025-11-05T13:33:33+00:00","og_image":[{"width":1000,"height":1388,"url":"https:\/\/elmejorjamon.es\/wp-content\/uploads\/2025\/11\/manitaslaalacena.jpg","type":"image\/jpeg"}],"twitter_card":"summary_large_image","twitter_site":"@elmejorjamonweb","twitter_misc":{"Dur\u00e9e de lecture estim\u00e9e":"2 minutes"},"schema":{"@context":"https:\/\/schema.org","@graph":[{"@type":"WebPage","@id":"https:\/\/elmejorjamon.es\/fr\/producto\/pieds-de-porc-a-la-sauce-la-alacena\/","url":"https:\/\/elmejorjamon.es\/fr\/producto\/pieds-de-porc-a-la-sauce-la-alacena\/","name":"Acheter Pieds de porc \u00e0 la sauce \"La Alacena\" - El Mejor Jam\u00f3n","isPartOf":{"@id":"https:\/\/elmejorjamon.es\/#website"},"primaryImageOfPage":{"@id":"https:\/\/elmejorjamon.es\/fr\/producto\/pieds-de-porc-a-la-sauce-la-alacena\/#primaryimage"},"image":{"@id":"https:\/\/elmejorjamon.es\/fr\/producto\/pieds-de-porc-a-la-sauce-la-alacena\/#primaryimage"},"thumbnailUrl":"https:\/\/elmejorjamon.es\/wp-content\/uploads\/2025\/11\/manitaslaalacena.jpg","datePublished":"2025-11-05T13:22:42+00:00","dateModified":"2025-11-05T13:33:33+00:00","description":"Plat exquis, enti\u00e8rement pr\u00e9par\u00e9 \u00e0 la main, sans additifs ni conservateurs. Sans gluten. Pr\u00e9paration artisanale.","breadcrumb":{"@id":"https:\/\/elmejorjamon.es\/fr\/producto\/pieds-de-porc-a-la-sauce-la-alacena\/#breadcrumb"},"inLanguage":"fr-FR","potentialAction":[{"@type":"ReadAction","target":["https:\/\/elmejorjamon.es\/fr\/producto\/pieds-de-porc-a-la-sauce-la-alacena\/"]}]},{"@type":"ImageObject","inLanguage":"fr-FR","@id":"https:\/\/elmejorjamon.es\/fr\/producto\/pieds-de-porc-a-la-sauce-la-alacena\/#primaryimage","url":"https:\/\/elmejorjamon.es\/wp-content\/uploads\/2025\/11\/manitaslaalacena.jpg","contentUrl":"https:\/\/elmejorjamon.es\/wp-content\/uploads\/2025\/11\/manitaslaalacena.jpg","width":1000,"height":1388},{"@type":"BreadcrumbList","@id":"https:\/\/elmejorjamon.es\/fr\/producto\/pieds-de-porc-a-la-sauce-la-alacena\/#breadcrumb","itemListElement":[{"@type":"ListItem","position":1,"name":"Portada","item":"https:\/\/elmejorjamon.es\/fr\/"},{"@type":"ListItem","position":2,"name":"D\u00e9marrage rapide","item":"https:\/\/elmejorjamon.es\/fr\/"},{"@type":"ListItem","position":3,"name":"Pieds de porc \u00e0 la sauce &#8220;La Alacena&#8221;"}]},{"@type":"WebSite","@id":"https:\/\/elmejorjamon.es\/#website","url":"https:\/\/elmejorjamon.es\/","name":"El Mejor Jam\u00f3n","description":"Comprar jamones y embutidos a buen precio","publisher":{"@id":"https:\/\/elmejorjamon.es\/#organization"},"potentialAction":[{"@type":"SearchAction","target":{"@type":"EntryPoint","urlTemplate":"https:\/\/elmejorjamon.es\/?s={search_term_string}"},"query-input":{"@type":"PropertyValueSpecification","valueRequired":true,"valueName":"search_term_string"}}],"inLanguage":"fr-FR"},{"@type":"Organization","@id":"https:\/\/elmejorjamon.es\/#organization","name":"El Mejor Jam\u00f3n","url":"https:\/\/elmejorjamon.es\/","logo":{"@type":"ImageObject","inLanguage":"fr-FR","@id":"https:\/\/elmejorjamon.es\/#\/schema\/logo\/image\/","url":"https:\/\/elmejorjamon.es\/wp-content\/uploads\/2025\/01\/logocorreos.png","contentUrl":"https:\/\/elmejorjamon.es\/wp-content\/uploads\/2025\/01\/logocorreos.png","width":277,"height":200,"caption":"El Mejor Jam\u00f3n"},"image":{"@id":"https:\/\/elmejorjamon.es\/#\/schema\/logo\/image\/"},"sameAs":["https:\/\/www.facebook.com\/elmejorjamonweb","https:\/\/x.com\/elmejorjamonweb","https:\/\/www.instagram.com\/elmejorjamonweb\/"]}]}},"_links":{"self":[{"href":"https:\/\/elmejorjamon.es\/fr\/wp-json\/wp\/v2\/product\/20796","targetHints":{"allow":["GET"]}}],"collection":[{"href":"https:\/\/elmejorjamon.es\/fr\/wp-json\/wp\/v2\/product"}],"about":[{"href":"https:\/\/elmejorjamon.es\/fr\/wp-json\/wp\/v2\/types\/product"}],"replies":[{"embeddable":true,"href":"https:\/\/elmejorjamon.es\/fr\/wp-json\/wp\/v2\/comments?post=20796"}],"wp:featuredmedia":[{"embeddable":true,"href":"https:\/\/elmejorjamon.es\/fr\/wp-json\/wp\/v2\/media\/20785"}],"wp:attachment":[{"href":"https:\/\/elmejorjamon.es\/fr\/wp-json\/wp\/v2\/media?parent=20796"}],"wp:term":[{"taxonomy":"product_brand","embeddable":true,"href":"https:\/\/elmejorjamon.es\/fr\/wp-json\/wp\/v2\/product_brand?post=20796"},{"taxonomy":"product_cat","embeddable":true,"href":"https:\/\/elmejorjamon.es\/fr\/wp-json\/wp\/v2\/product_cat?post=20796"},{"taxonomy":"product_tag","embeddable":true,"href":"https:\/\/elmejorjamon.es\/fr\/wp-json\/wp\/v2\/product_tag?post=20796"}],"curies":[{"name":"wp","href":"https:\/\/api.w.org\/{rel}","templated":true}]}}