{"id":14756,"date":"2024-11-06T14:05:52","date_gmt":"2024-11-06T13:05:52","guid":{"rendered":"https:\/\/nueva.elmejorjamon.es\/conditions-generales-dutilisation\/"},"modified":"2024-11-15T11:21:18","modified_gmt":"2024-11-15T10:21:18","slug":"conditions-generales-dutilisation","status":"publish","type":"page","link":"https:\/\/elmejorjamon.es\/fr\/conditions-generales-dutilisation\/","title":{"rendered":"Conditions g\u00e9n\u00e9rales d&rsquo;utilisation"},"content":{"rendered":"<p>www.elmejorjamon.es, afin de prot\u00e9ger les droits des personnes, notamment en ce qui concerne le traitement automatis\u00e9, et dans un souci de transparence vis-\u00e0-vis de l&rsquo;utilisateur, a mis en place une politique exposant l&rsquo;ensemble des proc\u00e9dures, les finalit\u00e9s poursuivies par ces derni\u00e8res, la l\u00e9gitimit\u00e9 de celles-ci ainsi que les instruments \u00e0 la disposition de l&rsquo;utilisateur pour exercer ses droits. La navigation sur ce site web implique la pleine acceptation des dispositions et conditions d&rsquo;utilisation suivantes. L&rsquo;utilisation de cookies est accept\u00e9e. Si vous n&rsquo;\u00eates pas d&rsquo;accord, veuillez envoyer un courriel \u00e0 admin@elmejorjamon.es.<\/p>\n<p>La version actuelle de cette politique de confidentialit\u00e9 est la seule applicable pour la dur\u00e9e de votre utilisation du site web jusqu&rsquo;\u00e0 ce qu&rsquo;une nouvelle version soit disponible pour la remplacer. Pour plus d&rsquo;informations sur la protection des donn\u00e9es, nous vous invitons \u00e0 consulter notre site web.<\/p>\n<p>&nbsp;<\/p>\n<p><strong>Qui est le responsable du traitement de vos donn\u00e9es ?<\/strong><\/p>\n<p>Nom de l&rsquo;entreprise : Valls Alimentaci\u00f3n, S.L. CIF : B-03675477 Adresse : F\u00e1brica de la Moneda, 7 Pol. Ind. Tres Hermanas II T\u00e9l\u00e9phone : 965463401 Contact : Antonio Valls<\/p>\n<p><strong>Collecte de donn\u00e9es<\/strong><\/p>\n<p>Vos donn\u00e9es sont collect\u00e9es par le PROPRI\u00c9TAIRE Une donn\u00e9e \u00e0 caract\u00e8re personnel est une information concernant une personne physique identifiable ou identifi\u00e9e (personne concern\u00e9e). Une personne identifiable est une personne qui peut \u00eatre identifi\u00e9e directement ou indirectement, notamment par r\u00e9f\u00e9rence \u00e0 un nom, \u00e0 un num\u00e9ro d&rsquo;identification (num\u00e9ro de carte d&rsquo;identit\u00e9, num\u00e9ro d&rsquo;identification fiscale, num\u00e9ro de carte d&rsquo;identit\u00e9, num\u00e9ro de passeport) ou par une description de ses caract\u00e9ristiques physiques, physiologiques, g\u00e9n\u00e9tiques, psychologiques, \u00e9conomiques, culturelles ou sociales, ainsi que de son identit\u00e9. Les donn\u00e9es qui seront g\u00e9n\u00e9ralement collect\u00e9es sont les suivantes : Nom et pr\u00e9nom, adresse, adresse \u00e9lectronique, num\u00e9ro de t\u00e9l\u00e9phone, date de naissance, donn\u00e9es relatives aux moyens de paiement. D&rsquo;autres donn\u00e9es peuvent \u00eatre collect\u00e9es si l&rsquo;utilisateur en est inform\u00e9.<\/p>\n<p>&nbsp;<\/p>\n<p><strong>Dans quel but les donn\u00e9es personnelles sont-elles trait\u00e9es ?<\/strong><\/p>\n<p>Chez Valls Alimentaci\u00f3n, S.L., nous traitons les informations suivantes aux fins suivantes : La finalit\u00e9 du traitement des donn\u00e9es personnelles qui peuvent \u00eatre collect\u00e9es est de les utiliser principalement par le PROPRI\u00c9TAIRE pour la gestion de sa relation avec vous, pour vous offrir des produits et des services en fonction de vos int\u00e9r\u00eats, am\u00e9liorer votre exp\u00e9rience utilisateur et, le cas \u00e9ch\u00e9ant, pour le traitement de vos demandes, requ\u00eates ou commandes. Un profil commercial sera cr\u00e9\u00e9 sur la base des informations que vous nous fournissez. Aucune d\u00e9cision automatis\u00e9e ne sera prise sur la base de ce profil.<\/p>\n<p>Les donn\u00e9es fournies seront conserv\u00e9es tant que la relation commerciale est maintenue, \u00e0 condition que vous ne demandiez pas la suppression ou pendant les ann\u00e9es n\u00e9cessaires pour se conformer aux obligations l\u00e9gales. Elles seront enregistr\u00e9es dans le fichier des clients et leur traitement sera enregistr\u00e9 comme des traitements qui doivent \u00eatre effectu\u00e9s par le PROPRI\u00c9TAIRE (avant le 25 mai 2018) pourrait \u00e9galement \u00eatre inclus dans le fichier pr\u00e9par\u00e9 avec les donn\u00e9es personnelles enregistr\u00e9es dans l&rsquo;AEPD (Agence espagnole de protection des donn\u00e9es) ou l&rsquo;organisme comp\u00e9tent de la Communaut\u00e9 autonome respective) le nom du fichier est le suivant : clients et utilisateurs.<\/p>\n<p>&nbsp;<\/p>\n<p><strong>Quelle est la l\u00e9gitimit\u00e9 du traitement de vos donn\u00e9es ?<\/strong><\/p>\n<p>La base juridique du traitement de vos donn\u00e9es personnelles est la suivante : L&rsquo;ex\u00e9cution correcte et la r\u00e9alisation du contrat. L&rsquo;int\u00e9r\u00eat l\u00e9gitime du PROPRI\u00c9TAIRE Le consentement de l&rsquo;utilisateur ou du client pour le traitement des donn\u00e9es.<\/p>\n<p>&nbsp;<\/p>\n<p><strong>A quels destinataires les donn\u00e9es seront-elles communiqu\u00e9es ?<\/strong><\/p>\n<p>En principe, l&rsquo;ENTREPRISE ne transf\u00e8re pas de donn\u00e9es personnelles \u00e0 des tiers. Toutefois, en cas de transfert \u00e0 un tiers, une information pr\u00e9alable sera fournie, en demandant le consentement expr\u00e8s de la personne concern\u00e9e. <\/p>\n<p>De m\u00eame, lorsque des communications doivent \u00eatre faites aux autorit\u00e9s dans le cas o\u00f9 l&rsquo;utilisateur a men\u00e9 des actions contraires \u00e0 la loi ou a enfreint l&rsquo;avis l\u00e9gal. Les donn\u00e9es de l&rsquo;utilisateur peuvent \u00eatre communiqu\u00e9es \u00e0 d&rsquo;autres soci\u00e9t\u00e9s du groupe, le cas \u00e9ch\u00e9ant, \u00e0 des fins administratives internes pouvant impliquer le traitement de ces donn\u00e9es. Les donn\u00e9es personnelles de l&rsquo;utilisateur peuvent \u00eatre transf\u00e9r\u00e9es \u00e0 un pays tiers ou \u00e0 une organisation internationale, mais l&rsquo;utilisateur doit \u00eatre inform\u00e9 de la date et des conditions de ce transfert ainsi que du destinataire. Lorsque certaines donn\u00e9es sont obligatoires pour acc\u00e9der \u00e0 des fonctionnalit\u00e9s sp\u00e9cifiques du site web, le PROPRI\u00c9TAIRE indiquera ce caract\u00e8re obligatoire au moment de la collecte des donn\u00e9es de l&rsquo;utilisateur.<\/p>\n<p><strong>Cookies<\/strong><\/p>\n<p>Lors de la navigation sur ce site, des cookies du PROPRI\u00c9TAIRE du site concern\u00e9 et\/ou de soci\u00e9t\u00e9s tierces peuvent \u00eatre d\u00e9pos\u00e9s sur votre ordinateur, tablette ou t\u00e9l\u00e9phone mobile. Lors de la premi\u00e8re navigation, une banni\u00e8re expliquant l&rsquo;utilisation des cookies appara\u00eetra. <\/p>\n<p>Par cons\u00e9quent, en continuant \u00e0 naviguer, l&rsquo;utilisateur est consid\u00e9r\u00e9 comme inform\u00e9. Le consentement donn\u00e9 sera valable pour une p\u00e9riode de treize mois. <\/p>\n<p>&nbsp;<\/p>\n<p><strong>Droits de l&rsquo;utilisateur<\/strong><\/p>\n<p>Les utilisateurs sont inform\u00e9s de la possibilit\u00e9 d&rsquo;exercer leurs droits d&rsquo;acc\u00e8s, de rectification, d&rsquo;effacement et d&rsquo;opposition. Chaque personne dispose \u00e9galement du droit \u00e0 la limitation du traitement des donn\u00e9es \u00e0 caract\u00e8re personnel la concernant, du droit \u00e0 l&rsquo;effacement des transferts de donn\u00e9es \u00e0 caract\u00e8re personnel transmises au responsable du traitement et du droit \u00e0 la portabilit\u00e9 des donn\u00e9es. <\/p>\n<p>L&rsquo;utilisateur a la possibilit\u00e9 de d\u00e9poser une plainte aupr\u00e8s de l&rsquo;AEPD (Agence espagnole de protection des donn\u00e9es) ou de l&rsquo;organisme comp\u00e9tent de la communaut\u00e9 autonome, lorsqu&rsquo;il n&rsquo;a pas obtenu de solution satisfaisante dans l&rsquo;exercice de ses droits, en s&rsquo;adressant par \u00e9crit \u00e0 cette derni\u00e8re. \u00c0 moins que l&rsquo;utilisateur ne s&rsquo;y oppose, en envoyant un courrier \u00e9lectronique \u00e0 l&rsquo;adresse <a href=\"mailto:admin@elmejorjamon.es\">admin@elmejorjamon.es<\/a>, vos donn\u00e9es pourront \u00eatre utilis\u00e9es, le cas \u00e9ch\u00e9ant, si n\u00e9cessaire pour envoyer des informations commerciales de la part de Valls Alimentaci\u00f3n, S.L. Les donn\u00e9es commerciales seront conserv\u00e9es tant que la relation commerciale est maintenue ou pendant les ann\u00e9es n\u00e9cessaires pour respecter les obligations l\u00e9gales. L&rsquo;utilisateur est responsable de l&rsquo;information fournie \u00e0 travers ce site Web est exacte dans toutes les donn\u00e9es communiqu\u00e9es et de le maintenir \u00e0 jour pour refl\u00e9ter une situation r\u00e9elle, \u00e9tant responsable des informations fausses ou inexactes fournies et les dommages, les inconv\u00e9nients et les probl\u00e8mes qui peuvent causer aipasvi rb formation ou des tiers Cette information sera stock\u00e9e et g\u00e9r\u00e9e avec la confidentialit\u00e9 due, en appliquant des mesures de s\u00e9curit\u00e9 informatique n\u00e9cessaires pour emp\u00eacher l&rsquo;acc\u00e8s ou l&rsquo;utilisation abusive de leurs donn\u00e9es, la manipulation, la d\u00e9t\u00e9rioration ou la perte. Toutefois, l&rsquo;utilisateur doit garder \u00e0 l&rsquo;esprit que la s\u00e9curit\u00e9 des syst\u00e8mes informatiques n&rsquo;est jamais absolue. Lorsque des donn\u00e9es personnelles sont fournies sur Internet, elles peuvent \u00eatre collect\u00e9es sans votre consentement et trait\u00e9es par des tiers non autoris\u00e9s.<\/p>\n<p>Valls Alimentaci\u00f3n, S.L. d\u00e9cline toute responsabilit\u00e9 quant aux cons\u00e9quences que ces actes peuvent avoir pour l&rsquo;utilisateur si l&rsquo;information a \u00e9t\u00e9 publi\u00e9e volontairement. Vous pouvez exercer et faire valoir ces droits par demande \u00e9crite et sign\u00e9e que vous pouvez envoyer \u00e0 l&rsquo;adresse Valls Alimentaci\u00f3n, S.L. F\u00e1brica de la Moneda, 7, 03680 Aspe (Alicante), en joignant une photocopie de votre carte d&rsquo;identit\u00e9 ou d&rsquo;un document \u00e9quivalent. Vous pouvez \u00e9galement l&rsquo;envoyer par courrier \u00e9lectronique \u00e0 l&rsquo;adresse <a href=\"mailto:admin@elmejorjamon.es\">admin@elmejorjamon.es.<\/a> Ces droits seront trait\u00e9s dans un d\u00e9lai d&rsquo;un mois, qui pourra \u00eatre port\u00e9 \u00e0 deux mois si la complexit\u00e9 de la demande ou le nombre de demandes re\u00e7ues l&rsquo;exige. Tout cela sans pr\u00e9judice de l&rsquo;obligation de conserver certaines donn\u00e9es aux termes de la loi et jusqu&rsquo;\u00e0 ce que les \u00e9ventuelles responsabilit\u00e9s d\u00e9riv\u00e9es d&rsquo;un \u00e9ventuel traitement ou, le cas \u00e9ch\u00e9ant, d&rsquo;une relation contractuelle, aient expir\u00e9.<\/p>\n<p>En plus de ce qui pr\u00e9c\u00e8de, et au regard des r\u00e8gles de protection des donn\u00e9es, les utilisateurs qui en font la demande ont la possibilit\u00e9 d&rsquo;organiser la destination de leurs donn\u00e9es apr\u00e8s leur d\u00e9c\u00e8s.<\/p>\n<p>&nbsp;<\/p>\n<p><strong>Comment avons-nous obtenu vos donn\u00e9es ?<\/strong><\/p>\n<p>Les donn\u00e9es personnelles que nous traitons \u00e0 Valls Alimentaci\u00f3n, S.L. proviennent de l&rsquo;int\u00e9ress\u00e9. La partie int\u00e9ress\u00e9e qui envoie les informations \u00e0 Valls Alimentaci\u00f3n, S.L. garantit et r\u00e9pond, dans tous les cas, l&rsquo;exactitude, la validit\u00e9 et l&rsquo;authenticit\u00e9 des donn\u00e9es personnelles fournies et s&rsquo;engage \u00e0 les maintenir correctement mises \u00e0 jour, exon\u00e9rant la SOCI\u00c9T\u00c9 de toute responsabilit\u00e9 \u00e0 cet \u00e9gard. L&rsquo;utilisateur accepte de fournir des informations compl\u00e8tes et correctes dans les formulaires d&rsquo;inscription.<\/p>\n<p>&nbsp;<\/p>\n<p>&nbsp;<\/p>\n<p><strong>Utilisation courante avec les r\u00e9seaux sociaux<\/strong><\/p>\n<p>&nbsp;<\/p>\n<p>Si vous choisissez d&rsquo;acc\u00e9der aux services via votre compte de m\u00e9dia social ou si vous cliquez sur l&rsquo;un des boutons ou liens de m\u00e9dia social disponibles sur les services, votre contenu et vos informations personnelles seront partag\u00e9s avec les sites de m\u00e9dia social concern\u00e9s.<\/p>\n<p>&nbsp;<\/p>\n<p>Vous reconnaissez et acceptez que l&rsquo;utilisation par les r\u00e9seaux sociaux de vos informations personnelles, y compris les informations que vous partagez avec les r\u00e9seaux sociaux par l&rsquo;interm\u00e9diaire des Services, est r\u00e9gie par leurs politiques de confidentialit\u00e9 respectives. Si vous ne souhaitez pas que les r\u00e9seaux sociaux collectent vos informations, veuillez consulter la politique de confidentialit\u00e9 du r\u00e9seau social concern\u00e9 et\/ou vous d\u00e9connecter du r\u00e9seau social avant d&rsquo;utiliser nos Services. <\/p>\n<p>&nbsp;<\/p>\n<p><strong>Mineurs<\/strong><\/p>\n<p>Les enfants de moins de 14 ans ne peuvent s&rsquo;inscrire qu&rsquo;avec l&rsquo;autorisation de leurs parents et\/ou tuteurs l\u00e9gaux.<\/p>\n<p>&nbsp;<\/p>\n<p><strong>Modifications de la politique de confidentialit\u00e9<\/strong><\/p>\n<p>Valls Alimentaci\u00f3n, S.L. se r\u00e9serve le droit de modifier cette politique afin de l&rsquo;adapter aux nouvelles l\u00e9gislations ou jurisprudences. Dans ce cas, l&rsquo;entreprise annoncera sur cette page les changements introduits avec un pr\u00e9avis raisonnable avant leur mise en \u0153uvre. <\/p>\n","protected":false},"excerpt":{"rendered":"<p>www.elmejorjamon.es, afin de prot\u00e9ger les droits des personnes, notamment en ce qui concerne le traitement automatis\u00e9, et dans un souci de transparence vis-\u00e0-vis de l&rsquo;utilisateur, a mis en place une politique exposant l&rsquo;ensemble des proc\u00e9dures, les finalit\u00e9s poursuivies par ces derni\u00e8res, la l\u00e9gitimit\u00e9 de celles-ci ainsi que les instruments \u00e0 la disposition de l&rsquo;utilisateur pour [&hellip;]<\/p>\n","protected":false},"author":4412,"featured_media":0,"parent":0,"menu_order":0,"comment_status":"closed","ping_status":"closed","template":"","meta":{"_et_pb_use_builder":"on","_et_pb_old_content":"","_et_gb_content_width":"","_sitemap_exclude":false,"_sitemap_priority":"","_sitemap_frequency":"","footnotes":""},"class_list":["post-14756","page","type-page","status-publish","hentry"],"yoast_head":"<!-- This site is optimized with the Yoast SEO plugin v27.4 - https:\/\/yoast.com\/product\/yoast-seo-wordpress\/ -->\n<title>Conditions g\u00e9n\u00e9rales d&#039;utilisation - El Mejor Jam\u00f3n<\/title>\n<meta name=\"robots\" content=\"index, follow, max-snippet:-1, max-image-preview:large, max-video-preview:-1\" \/>\n<link rel=\"canonical\" href=\"https:\/\/elmejorjamon.es\/terminos-y-condiciones\/\" \/>\n<meta property=\"og:locale\" content=\"fr_FR\" \/>\n<meta property=\"og:type\" content=\"article\" \/>\n<meta property=\"og:title\" content=\"Conditions g\u00e9n\u00e9rales d&#039;utilisation - El Mejor Jam\u00f3n\" \/>\n<meta property=\"og:description\" content=\"www.elmejorjamon.es, afin de prot\u00e9ger les droits des personnes, notamment en ce qui concerne le traitement automatis\u00e9, et dans un souci de transparence vis-\u00e0-vis de l&#039;utilisateur, a mis en place une politique exposant l&#039;ensemble des proc\u00e9dures, les finalit\u00e9s poursuivies par ces derni\u00e8res, la l\u00e9gitimit\u00e9 de celles-ci ainsi que les instruments \u00e0 la disposition de l&#039;utilisateur pour [&hellip;]\" \/>\n<meta property=\"og:url\" content=\"https:\/\/elmejorjamon.es\/terminos-y-condiciones\/\" \/>\n<meta property=\"og:site_name\" content=\"El Mejor Jam\u00f3n\" \/>\n<meta property=\"article:publisher\" content=\"https:\/\/www.facebook.com\/elmejorjamonweb\" \/>\n<meta property=\"article:modified_time\" content=\"2024-11-15T10:21:18+00:00\" \/>\n<meta property=\"og:image\" content=\"https:\/\/elmejorjamon.es\/wp-content\/uploads\/2025\/01\/logocorreos.png\" \/>\n\t<meta property=\"og:image:width\" content=\"277\" \/>\n\t<meta property=\"og:image:height\" content=\"200\" \/>\n\t<meta property=\"og:image:type\" content=\"image\/png\" \/>\n<meta name=\"twitter:card\" content=\"summary_large_image\" \/>\n<meta name=\"twitter:site\" content=\"@elmejorjamonweb\" \/>\n<meta name=\"twitter:label1\" content=\"Dur\u00e9e de lecture estim\u00e9e\" \/>\n\t<meta name=\"twitter:data1\" content=\"8 minutes\" \/>\n<script type=\"application\/ld+json\" class=\"yoast-schema-graph\">{\"@context\":\"https:\\\/\\\/schema.org\",\"@graph\":[{\"@type\":\"WebPage\",\"@id\":\"https:\\\/\\\/elmejorjamon.es\\\/terminos-y-condiciones\\\/\",\"url\":\"https:\\\/\\\/elmejorjamon.es\\\/terminos-y-condiciones\\\/\",\"name\":\"Conditions g\u00e9n\u00e9rales d'utilisation - El Mejor Jam\u00f3n\",\"isPartOf\":{\"@id\":\"https:\\\/\\\/elmejorjamon.es\\\/#website\"},\"datePublished\":\"2024-11-06T13:05:52+00:00\",\"dateModified\":\"2024-11-15T10:21:18+00:00\",\"breadcrumb\":{\"@id\":\"https:\\\/\\\/elmejorjamon.es\\\/terminos-y-condiciones\\\/#breadcrumb\"},\"inLanguage\":\"fr-FR\",\"potentialAction\":[{\"@type\":\"ReadAction\",\"target\":[\"https:\\\/\\\/elmejorjamon.es\\\/terminos-y-condiciones\\\/\"]}]},{\"@type\":\"BreadcrumbList\",\"@id\":\"https:\\\/\\\/elmejorjamon.es\\\/terminos-y-condiciones\\\/#breadcrumb\",\"itemListElement\":[{\"@type\":\"ListItem\",\"position\":1,\"name\":\"Portada\",\"item\":\"https:\\\/\\\/elmejorjamon.es\\\/fr\\\/\"},{\"@type\":\"ListItem\",\"position\":2,\"name\":\"Conditions g\u00e9n\u00e9rales d&#8217;utilisation\"}]},{\"@type\":\"WebSite\",\"@id\":\"https:\\\/\\\/elmejorjamon.es\\\/#website\",\"url\":\"https:\\\/\\\/elmejorjamon.es\\\/\",\"name\":\"El Mejor Jam\u00f3n\",\"description\":\"Comprar jamones y embutidos a buen precio\",\"publisher\":{\"@id\":\"https:\\\/\\\/elmejorjamon.es\\\/#organization\"},\"potentialAction\":[{\"@type\":\"SearchAction\",\"target\":{\"@type\":\"EntryPoint\",\"urlTemplate\":\"https:\\\/\\\/elmejorjamon.es\\\/?s={search_term_string}\"},\"query-input\":{\"@type\":\"PropertyValueSpecification\",\"valueRequired\":true,\"valueName\":\"search_term_string\"}}],\"inLanguage\":\"fr-FR\"},{\"@type\":\"Organization\",\"@id\":\"https:\\\/\\\/elmejorjamon.es\\\/#organization\",\"name\":\"El Mejor Jam\u00f3n\",\"url\":\"https:\\\/\\\/elmejorjamon.es\\\/\",\"logo\":{\"@type\":\"ImageObject\",\"inLanguage\":\"fr-FR\",\"@id\":\"https:\\\/\\\/elmejorjamon.es\\\/#\\\/schema\\\/logo\\\/image\\\/\",\"url\":\"https:\\\/\\\/elmejorjamon.es\\\/wp-content\\\/uploads\\\/2025\\\/01\\\/logocorreos.png\",\"contentUrl\":\"https:\\\/\\\/elmejorjamon.es\\\/wp-content\\\/uploads\\\/2025\\\/01\\\/logocorreos.png\",\"width\":277,\"height\":200,\"caption\":\"El Mejor Jam\u00f3n\"},\"image\":{\"@id\":\"https:\\\/\\\/elmejorjamon.es\\\/#\\\/schema\\\/logo\\\/image\\\/\"},\"sameAs\":[\"https:\\\/\\\/www.facebook.com\\\/elmejorjamonweb\",\"https:\\\/\\\/x.com\\\/elmejorjamonweb\",\"https:\\\/\\\/www.instagram.com\\\/elmejorjamonweb\\\/\"]}]}<\/script>\n<!-- \/ Yoast SEO plugin. -->","yoast_head_json":{"title":"Conditions g\u00e9n\u00e9rales d'utilisation - El Mejor Jam\u00f3n","robots":{"index":"index","follow":"follow","max-snippet":"max-snippet:-1","max-image-preview":"max-image-preview:large","max-video-preview":"max-video-preview:-1"},"canonical":"https:\/\/elmejorjamon.es\/terminos-y-condiciones\/","og_locale":"fr_FR","og_type":"article","og_title":"Conditions g\u00e9n\u00e9rales d'utilisation - El Mejor Jam\u00f3n","og_description":"www.elmejorjamon.es, afin de prot\u00e9ger les droits des personnes, notamment en ce qui concerne le traitement automatis\u00e9, et dans un souci de transparence vis-\u00e0-vis de l'utilisateur, a mis en place une politique exposant l'ensemble des proc\u00e9dures, les finalit\u00e9s poursuivies par ces derni\u00e8res, la l\u00e9gitimit\u00e9 de celles-ci ainsi que les instruments \u00e0 la disposition de l'utilisateur pour [&hellip;]","og_url":"https:\/\/elmejorjamon.es\/terminos-y-condiciones\/","og_site_name":"El Mejor Jam\u00f3n","article_publisher":"https:\/\/www.facebook.com\/elmejorjamonweb","article_modified_time":"2024-11-15T10:21:18+00:00","og_image":[{"width":277,"height":200,"url":"https:\/\/elmejorjamon.es\/wp-content\/uploads\/2025\/01\/logocorreos.png","type":"image\/png"}],"twitter_card":"summary_large_image","twitter_site":"@elmejorjamonweb","twitter_misc":{"Dur\u00e9e de lecture estim\u00e9e":"8 minutes"},"schema":{"@context":"https:\/\/schema.org","@graph":[{"@type":"WebPage","@id":"https:\/\/elmejorjamon.es\/terminos-y-condiciones\/","url":"https:\/\/elmejorjamon.es\/terminos-y-condiciones\/","name":"Conditions g\u00e9n\u00e9rales d'utilisation - El Mejor Jam\u00f3n","isPartOf":{"@id":"https:\/\/elmejorjamon.es\/#website"},"datePublished":"2024-11-06T13:05:52+00:00","dateModified":"2024-11-15T10:21:18+00:00","breadcrumb":{"@id":"https:\/\/elmejorjamon.es\/terminos-y-condiciones\/#breadcrumb"},"inLanguage":"fr-FR","potentialAction":[{"@type":"ReadAction","target":["https:\/\/elmejorjamon.es\/terminos-y-condiciones\/"]}]},{"@type":"BreadcrumbList","@id":"https:\/\/elmejorjamon.es\/terminos-y-condiciones\/#breadcrumb","itemListElement":[{"@type":"ListItem","position":1,"name":"Portada","item":"https:\/\/elmejorjamon.es\/fr\/"},{"@type":"ListItem","position":2,"name":"Conditions g\u00e9n\u00e9rales d&#8217;utilisation"}]},{"@type":"WebSite","@id":"https:\/\/elmejorjamon.es\/#website","url":"https:\/\/elmejorjamon.es\/","name":"El Mejor Jam\u00f3n","description":"Comprar jamones y embutidos a buen precio","publisher":{"@id":"https:\/\/elmejorjamon.es\/#organization"},"potentialAction":[{"@type":"SearchAction","target":{"@type":"EntryPoint","urlTemplate":"https:\/\/elmejorjamon.es\/?s={search_term_string}"},"query-input":{"@type":"PropertyValueSpecification","valueRequired":true,"valueName":"search_term_string"}}],"inLanguage":"fr-FR"},{"@type":"Organization","@id":"https:\/\/elmejorjamon.es\/#organization","name":"El Mejor Jam\u00f3n","url":"https:\/\/elmejorjamon.es\/","logo":{"@type":"ImageObject","inLanguage":"fr-FR","@id":"https:\/\/elmejorjamon.es\/#\/schema\/logo\/image\/","url":"https:\/\/elmejorjamon.es\/wp-content\/uploads\/2025\/01\/logocorreos.png","contentUrl":"https:\/\/elmejorjamon.es\/wp-content\/uploads\/2025\/01\/logocorreos.png","width":277,"height":200,"caption":"El Mejor Jam\u00f3n"},"image":{"@id":"https:\/\/elmejorjamon.es\/#\/schema\/logo\/image\/"},"sameAs":["https:\/\/www.facebook.com\/elmejorjamonweb","https:\/\/x.com\/elmejorjamonweb","https:\/\/www.instagram.com\/elmejorjamonweb\/"]}]}},"_links":{"self":[{"href":"https:\/\/elmejorjamon.es\/fr\/wp-json\/wp\/v2\/pages\/14756","targetHints":{"allow":["GET"]}}],"collection":[{"href":"https:\/\/elmejorjamon.es\/fr\/wp-json\/wp\/v2\/pages"}],"about":[{"href":"https:\/\/elmejorjamon.es\/fr\/wp-json\/wp\/v2\/types\/page"}],"author":[{"embeddable":true,"href":"https:\/\/elmejorjamon.es\/fr\/wp-json\/wp\/v2\/users\/4412"}],"replies":[{"embeddable":true,"href":"https:\/\/elmejorjamon.es\/fr\/wp-json\/wp\/v2\/comments?post=14756"}],"version-history":[{"count":0,"href":"https:\/\/elmejorjamon.es\/fr\/wp-json\/wp\/v2\/pages\/14756\/revisions"}],"wp:attachment":[{"href":"https:\/\/elmejorjamon.es\/fr\/wp-json\/wp\/v2\/media?parent=14756"}],"curies":[{"name":"wp","href":"https:\/\/api.w.org\/{rel}","templated":true}]}}