{"id":7810,"date":"2022-02-02T14:44:28","date_gmt":"2022-02-02T13:44:28","guid":{"rendered":"https:\/\/nueva.elmejorjamon.es\/producto\/12-umami-kaese-aus-cerrato-nationaler-preis-14-kg-ca\/"},"modified":"2022-02-02T14:44:28","modified_gmt":"2022-02-02T13:44:28","slug":"12-umami-kaese-aus-cerrato-nationaler-preis-14-kg-ca","status":"publish","type":"product","link":"https:\/\/elmejorjamon.es\/de\/producto\/12-umami-kaese-aus-cerrato-nationaler-preis-14-kg-ca\/","title":{"rendered":"1\/2 Umami-K\u00e4se aus Cerrato nationaler Preis 1,4 kg. ca."},"content":{"rendered":"<p>1\/2 Umami-K\u00e4se aus Cerrato nationaler Preis 1,4 kg. ca.<\/p>\n<\/p>\n<p>Professor Kikunae Ikeda entdeckte, dass es einen Geschmack gab, der nicht mit den 4 klassischen Geschmacksrichtungen verwandt werden konnte. Er erkannte, dass es ein allgemeiner Geschmack war, schmackhaft und in vielen Lebensmitteln vorhanden. Er nannte es: Umami, ein japanisches Wort, das sich aus den Begriffen umai, was \u201elecker\u201c bedeutet, und mi, was \u201eGeschmack\u201c bedeutet, also k\u00f6stlicher Geschmack, zusammensetzt. Zu den traditionellen Grundgeschmacksrichtungen s\u00fc\u00df, salzig, sauer und bitter kam der Umami-Geschmack hinzu, auch f\u00fcnfter Geschmack genannt.<\/p>\n<\/p>\n<p>Umami beg\u00fcnstigt die abschlie\u00dfende Verdauung, da das Gehirn angenehme und saftige Geschmackserlebnisse erh\u00e4lt. Dar\u00fcber hinaus aktiviert es einen st\u00e4rkeren Speichelfluss im Mund, wodurch es gelingt, die Verdauung zu verbessern und dieses Geschmackserlebnis zu betonen. Die Einbeziehung von Umami in unsere Ern\u00e4hrung kann unerl\u00e4sslich sein, um schmackhaftere Mahlzeiten zu kreieren, indem der Salzgehalt reduziert wird.<\/p>\n<\/p>\n<p>Cerrato Umami ist ein K\u00e4se aus einer Mischung von Schafs- und Kuhmilch, pasteurisiert aus halbgekochtem Pressteig und unter besonderen Reifungsbedingungen gereift. Feste und kompakte hellgelbe Paste, das Ergebnis der Mischung aus Kuh- und Schafsmilch und der Reifezeit. Wenn es geschnitten wird, zeigt es kleine, ungleichm\u00e4\u00dfig verteilte Augen.<\/p>\n<\/p>\n<p>Saftiger und intensiver Geruch von Milchprodukten und s\u00fc\u00dfen Noten. Am Gaumen feste Textur, leicht elastisch und mit guter L\u00f6slichkeit. Intensiver Geschmack, bei dem der Umami-Geschmack hervorsticht, begleitet von Noten s\u00fc\u00dfer N\u00fcsse, die ein sehr rundes Bouquet bieten. Hohe Persistenz im Mund. Umami-Nachgeschmack. Ohne Zweifel ein K\u00e4se mit einem sehr \u201epers\u00f6nlichen\u201c Geschmacksprofil.<\/p>\n<\/p>\n<p>Zutaten: Pasteurisierte Kuhmilch (min. 70 %) und Schafsmilch (min. 20 %), Salz, Lab, Stabilisator: Calciumchlorid, Konservierungsstoff: Lysozym (aus Eiern gewonnen) und Milchfermente Ungenie\u00dfbare Rinde. Herkunft der Milch Spanien.<\/p>\n","protected":false},"excerpt":{"rendered":"<p>1\/2 Umami-K\u00e4se aus Cerrato nationaler Preis 1,4 kg. ca.<\/p>\n","protected":false},"featured_media":7777,"comment_status":"open","ping_status":"closed","template":"","meta":{"_et_pb_use_builder":"","_et_pb_old_content":"","_et_gb_content_width":"","_sitemap_exclude":false,"_sitemap_priority":"","_sitemap_frequency":""},"product_brand":[],"product_cat":[48,54,24],"product_tag":[],"class_list":{"0":"post-7810","1":"product","2":"type-product","3":"status-publish","4":"has-post-thumbnail","6":"product_cat-alle-produkte","7":"product_cat-quesos-de","8":"product_cat-startseite","9":"product_shipping_class-normal-de","11":"first","12":"instock","13":"shipping-taxable","14":"purchasable","15":"product-type-simple"},"yoast_head":"<!-- This site is optimized with the Yoast SEO plugin v27.4 - https:\/\/yoast.com\/product\/yoast-seo-wordpress\/ -->\n<title>1\/2 Umami-K\u00e4se aus Cerrato nationaler Preis 1,4 kg. ca. - El Mejor Jam\u00f3n<\/title>\n<meta name=\"robots\" content=\"index, follow, max-snippet:-1, max-image-preview:large, max-video-preview:-1\" \/>\n<link rel=\"canonical\" href=\"https:\/\/elmejorjamon.es\/producto\/12-queso-umami-de-cerrato-premio-nacional-14-kg-aprox\/\" \/>\n<meta property=\"og:locale\" content=\"de_DE\" \/>\n<meta property=\"og:type\" content=\"article\" \/>\n<meta property=\"og:title\" content=\"1\/2 Umami-K\u00e4se aus Cerrato nationaler Preis 1,4 kg. ca. - El Mejor Jam\u00f3n\" \/>\n<meta property=\"og:description\" content=\"1\/2 Umami-K\u00e4se aus Cerrato nationaler Preis 1,4 kg. ca.\" \/>\n<meta property=\"og:url\" content=\"https:\/\/elmejorjamon.es\/producto\/12-queso-umami-de-cerrato-premio-nacional-14-kg-aprox\/\" \/>\n<meta property=\"og:site_name\" content=\"El Mejor Jam\u00f3n\" \/>\n<meta property=\"article:publisher\" content=\"https:\/\/www.facebook.com\/elmejorjamonweb\" \/>\n<meta property=\"og:image\" content=\"https:\/\/elmejorjamon.es\/wp-content\/uploads\/2022\/02\/2161-thickbox_default-12-Queso-Umami-de-Cerrato-premio-nacional-14-kg.-aprox.jpg\" \/>\n\t<meta property=\"og:image:width\" content=\"1100\" \/>\n\t<meta property=\"og:image:height\" content=\"1422\" \/>\n\t<meta property=\"og:image:type\" content=\"image\/jpeg\" \/>\n<meta name=\"twitter:card\" content=\"summary_large_image\" \/>\n<meta name=\"twitter:site\" content=\"@elmejorjamonweb\" \/>\n<meta name=\"twitter:label1\" content=\"Gesch\u00e4tzte Lesezeit\" \/>\n\t<meta name=\"twitter:data1\" content=\"1\u00a0Minute\" \/>\n<script type=\"application\/ld+json\" class=\"yoast-schema-graph\">{\"@context\":\"https:\\\/\\\/schema.org\",\"@graph\":[{\"@type\":\"WebPage\",\"@id\":\"https:\\\/\\\/elmejorjamon.es\\\/producto\\\/12-queso-umami-de-cerrato-premio-nacional-14-kg-aprox\\\/\",\"url\":\"https:\\\/\\\/elmejorjamon.es\\\/producto\\\/12-queso-umami-de-cerrato-premio-nacional-14-kg-aprox\\\/\",\"name\":\"1\\\/2 Umami-K\u00e4se aus Cerrato nationaler Preis 1,4 kg. ca. - El Mejor Jam\u00f3n\",\"isPartOf\":{\"@id\":\"https:\\\/\\\/elmejorjamon.es\\\/#website\"},\"primaryImageOfPage\":{\"@id\":\"https:\\\/\\\/elmejorjamon.es\\\/producto\\\/12-queso-umami-de-cerrato-premio-nacional-14-kg-aprox\\\/#primaryimage\"},\"image\":{\"@id\":\"https:\\\/\\\/elmejorjamon.es\\\/producto\\\/12-queso-umami-de-cerrato-premio-nacional-14-kg-aprox\\\/#primaryimage\"},\"thumbnailUrl\":\"https:\\\/\\\/elmejorjamon.es\\\/wp-content\\\/uploads\\\/2022\\\/02\\\/2161-thickbox_default-12-Queso-Umami-de-Cerrato-premio-nacional-14-kg.-aprox.jpg\",\"datePublished\":\"2022-02-02T13:44:28+00:00\",\"breadcrumb\":{\"@id\":\"https:\\\/\\\/elmejorjamon.es\\\/producto\\\/12-queso-umami-de-cerrato-premio-nacional-14-kg-aprox\\\/#breadcrumb\"},\"inLanguage\":\"de\",\"potentialAction\":[{\"@type\":\"ReadAction\",\"target\":[\"https:\\\/\\\/elmejorjamon.es\\\/producto\\\/12-queso-umami-de-cerrato-premio-nacional-14-kg-aprox\\\/\"]}]},{\"@type\":\"ImageObject\",\"inLanguage\":\"de\",\"@id\":\"https:\\\/\\\/elmejorjamon.es\\\/producto\\\/12-queso-umami-de-cerrato-premio-nacional-14-kg-aprox\\\/#primaryimage\",\"url\":\"https:\\\/\\\/elmejorjamon.es\\\/wp-content\\\/uploads\\\/2022\\\/02\\\/2161-thickbox_default-12-Queso-Umami-de-Cerrato-premio-nacional-14-kg.-aprox.jpg\",\"contentUrl\":\"https:\\\/\\\/elmejorjamon.es\\\/wp-content\\\/uploads\\\/2022\\\/02\\\/2161-thickbox_default-12-Queso-Umami-de-Cerrato-premio-nacional-14-kg.-aprox.jpg\",\"width\":1100,\"height\":1422,\"caption\":\"1\\\/2 Queso Umami de Cerrato premio nacional 1,4 kg. aprox\"},{\"@type\":\"BreadcrumbList\",\"@id\":\"https:\\\/\\\/elmejorjamon.es\\\/producto\\\/12-queso-umami-de-cerrato-premio-nacional-14-kg-aprox\\\/#breadcrumb\",\"itemListElement\":[{\"@type\":\"ListItem\",\"position\":1,\"name\":\"Portada\",\"item\":\"https:\\\/\\\/elmejorjamon.es\\\/de\\\/\"},{\"@type\":\"ListItem\",\"position\":2,\"name\":\"Schnellstart\",\"item\":\"https:\\\/\\\/elmejorjamon.es\\\/de\\\/\"},{\"@type\":\"ListItem\",\"position\":3,\"name\":\"1\\\/2 Umami-K\u00e4se aus Cerrato nationaler Preis 1,4 kg. ca.\"}]},{\"@type\":\"WebSite\",\"@id\":\"https:\\\/\\\/elmejorjamon.es\\\/#website\",\"url\":\"https:\\\/\\\/elmejorjamon.es\\\/\",\"name\":\"El Mejor Jam\u00f3n\",\"description\":\"Comprar jamones y embutidos a buen precio\",\"publisher\":{\"@id\":\"https:\\\/\\\/elmejorjamon.es\\\/#organization\"},\"potentialAction\":[{\"@type\":\"SearchAction\",\"target\":{\"@type\":\"EntryPoint\",\"urlTemplate\":\"https:\\\/\\\/elmejorjamon.es\\\/?s={search_term_string}\"},\"query-input\":{\"@type\":\"PropertyValueSpecification\",\"valueRequired\":true,\"valueName\":\"search_term_string\"}}],\"inLanguage\":\"de\"},{\"@type\":\"Organization\",\"@id\":\"https:\\\/\\\/elmejorjamon.es\\\/#organization\",\"name\":\"El Mejor Jam\u00f3n\",\"url\":\"https:\\\/\\\/elmejorjamon.es\\\/\",\"logo\":{\"@type\":\"ImageObject\",\"inLanguage\":\"de\",\"@id\":\"https:\\\/\\\/elmejorjamon.es\\\/#\\\/schema\\\/logo\\\/image\\\/\",\"url\":\"https:\\\/\\\/elmejorjamon.es\\\/wp-content\\\/uploads\\\/2025\\\/01\\\/logocorreos.png\",\"contentUrl\":\"https:\\\/\\\/elmejorjamon.es\\\/wp-content\\\/uploads\\\/2025\\\/01\\\/logocorreos.png\",\"width\":277,\"height\":200,\"caption\":\"El Mejor Jam\u00f3n\"},\"image\":{\"@id\":\"https:\\\/\\\/elmejorjamon.es\\\/#\\\/schema\\\/logo\\\/image\\\/\"},\"sameAs\":[\"https:\\\/\\\/www.facebook.com\\\/elmejorjamonweb\",\"https:\\\/\\\/x.com\\\/elmejorjamonweb\",\"https:\\\/\\\/www.instagram.com\\\/elmejorjamonweb\\\/\"]}]}<\/script>\n<!-- \/ Yoast SEO plugin. -->","yoast_head_json":{"title":"1\/2 Umami-K\u00e4se aus Cerrato nationaler Preis 1,4 kg. ca. - El Mejor Jam\u00f3n","robots":{"index":"index","follow":"follow","max-snippet":"max-snippet:-1","max-image-preview":"max-image-preview:large","max-video-preview":"max-video-preview:-1"},"canonical":"https:\/\/elmejorjamon.es\/producto\/12-queso-umami-de-cerrato-premio-nacional-14-kg-aprox\/","og_locale":"de_DE","og_type":"article","og_title":"1\/2 Umami-K\u00e4se aus Cerrato nationaler Preis 1,4 kg. ca. - El Mejor Jam\u00f3n","og_description":"1\/2 Umami-K\u00e4se aus Cerrato nationaler Preis 1,4 kg. ca.","og_url":"https:\/\/elmejorjamon.es\/producto\/12-queso-umami-de-cerrato-premio-nacional-14-kg-aprox\/","og_site_name":"El Mejor Jam\u00f3n","article_publisher":"https:\/\/www.facebook.com\/elmejorjamonweb","og_image":[{"width":1100,"height":1422,"url":"https:\/\/elmejorjamon.es\/wp-content\/uploads\/2022\/02\/2161-thickbox_default-12-Queso-Umami-de-Cerrato-premio-nacional-14-kg.-aprox.jpg","type":"image\/jpeg"}],"twitter_card":"summary_large_image","twitter_site":"@elmejorjamonweb","twitter_misc":{"Gesch\u00e4tzte Lesezeit":"1\u00a0Minute"},"schema":{"@context":"https:\/\/schema.org","@graph":[{"@type":"WebPage","@id":"https:\/\/elmejorjamon.es\/producto\/12-queso-umami-de-cerrato-premio-nacional-14-kg-aprox\/","url":"https:\/\/elmejorjamon.es\/producto\/12-queso-umami-de-cerrato-premio-nacional-14-kg-aprox\/","name":"1\/2 Umami-K\u00e4se aus Cerrato nationaler Preis 1,4 kg. ca. - El Mejor Jam\u00f3n","isPartOf":{"@id":"https:\/\/elmejorjamon.es\/#website"},"primaryImageOfPage":{"@id":"https:\/\/elmejorjamon.es\/producto\/12-queso-umami-de-cerrato-premio-nacional-14-kg-aprox\/#primaryimage"},"image":{"@id":"https:\/\/elmejorjamon.es\/producto\/12-queso-umami-de-cerrato-premio-nacional-14-kg-aprox\/#primaryimage"},"thumbnailUrl":"https:\/\/elmejorjamon.es\/wp-content\/uploads\/2022\/02\/2161-thickbox_default-12-Queso-Umami-de-Cerrato-premio-nacional-14-kg.-aprox.jpg","datePublished":"2022-02-02T13:44:28+00:00","breadcrumb":{"@id":"https:\/\/elmejorjamon.es\/producto\/12-queso-umami-de-cerrato-premio-nacional-14-kg-aprox\/#breadcrumb"},"inLanguage":"de","potentialAction":[{"@type":"ReadAction","target":["https:\/\/elmejorjamon.es\/producto\/12-queso-umami-de-cerrato-premio-nacional-14-kg-aprox\/"]}]},{"@type":"ImageObject","inLanguage":"de","@id":"https:\/\/elmejorjamon.es\/producto\/12-queso-umami-de-cerrato-premio-nacional-14-kg-aprox\/#primaryimage","url":"https:\/\/elmejorjamon.es\/wp-content\/uploads\/2022\/02\/2161-thickbox_default-12-Queso-Umami-de-Cerrato-premio-nacional-14-kg.-aprox.jpg","contentUrl":"https:\/\/elmejorjamon.es\/wp-content\/uploads\/2022\/02\/2161-thickbox_default-12-Queso-Umami-de-Cerrato-premio-nacional-14-kg.-aprox.jpg","width":1100,"height":1422,"caption":"1\/2 Queso Umami de Cerrato premio nacional 1,4 kg. aprox"},{"@type":"BreadcrumbList","@id":"https:\/\/elmejorjamon.es\/producto\/12-queso-umami-de-cerrato-premio-nacional-14-kg-aprox\/#breadcrumb","itemListElement":[{"@type":"ListItem","position":1,"name":"Portada","item":"https:\/\/elmejorjamon.es\/de\/"},{"@type":"ListItem","position":2,"name":"Schnellstart","item":"https:\/\/elmejorjamon.es\/de\/"},{"@type":"ListItem","position":3,"name":"1\/2 Umami-K\u00e4se aus Cerrato nationaler Preis 1,4 kg. ca."}]},{"@type":"WebSite","@id":"https:\/\/elmejorjamon.es\/#website","url":"https:\/\/elmejorjamon.es\/","name":"El Mejor Jam\u00f3n","description":"Comprar jamones y embutidos a buen precio","publisher":{"@id":"https:\/\/elmejorjamon.es\/#organization"},"potentialAction":[{"@type":"SearchAction","target":{"@type":"EntryPoint","urlTemplate":"https:\/\/elmejorjamon.es\/?s={search_term_string}"},"query-input":{"@type":"PropertyValueSpecification","valueRequired":true,"valueName":"search_term_string"}}],"inLanguage":"de"},{"@type":"Organization","@id":"https:\/\/elmejorjamon.es\/#organization","name":"El Mejor Jam\u00f3n","url":"https:\/\/elmejorjamon.es\/","logo":{"@type":"ImageObject","inLanguage":"de","@id":"https:\/\/elmejorjamon.es\/#\/schema\/logo\/image\/","url":"https:\/\/elmejorjamon.es\/wp-content\/uploads\/2025\/01\/logocorreos.png","contentUrl":"https:\/\/elmejorjamon.es\/wp-content\/uploads\/2025\/01\/logocorreos.png","width":277,"height":200,"caption":"El Mejor Jam\u00f3n"},"image":{"@id":"https:\/\/elmejorjamon.es\/#\/schema\/logo\/image\/"},"sameAs":["https:\/\/www.facebook.com\/elmejorjamonweb","https:\/\/x.com\/elmejorjamonweb","https:\/\/www.instagram.com\/elmejorjamonweb\/"]}]}},"_links":{"self":[{"href":"https:\/\/elmejorjamon.es\/de\/wp-json\/wp\/v2\/product\/7810","targetHints":{"allow":["GET"]}}],"collection":[{"href":"https:\/\/elmejorjamon.es\/de\/wp-json\/wp\/v2\/product"}],"about":[{"href":"https:\/\/elmejorjamon.es\/de\/wp-json\/wp\/v2\/types\/product"}],"replies":[{"embeddable":true,"href":"https:\/\/elmejorjamon.es\/de\/wp-json\/wp\/v2\/comments?post=7810"}],"wp:featuredmedia":[{"embeddable":true,"href":"https:\/\/elmejorjamon.es\/de\/wp-json\/wp\/v2\/media\/7777"}],"wp:attachment":[{"href":"https:\/\/elmejorjamon.es\/de\/wp-json\/wp\/v2\/media?parent=7810"}],"wp:term":[{"taxonomy":"product_brand","embeddable":true,"href":"https:\/\/elmejorjamon.es\/de\/wp-json\/wp\/v2\/product_brand?post=7810"},{"taxonomy":"product_cat","embeddable":true,"href":"https:\/\/elmejorjamon.es\/de\/wp-json\/wp\/v2\/product_cat?post=7810"},{"taxonomy":"product_tag","embeddable":true,"href":"https:\/\/elmejorjamon.es\/de\/wp-json\/wp\/v2\/product_tag?post=7810"}],"curies":[{"name":"wp","href":"https:\/\/api.w.org\/{rel}","templated":true}]}}