{"id":6130,"date":"2020-12-23T12:10:24","date_gmt":"2020-12-23T11:10:24","guid":{"rendered":"https:\/\/nueva.elmejorjamon.es\/producto\/schinken-monteparra-koeder-feld-50-iberica-rennen\/"},"modified":"2020-12-23T12:10:24","modified_gmt":"2020-12-23T11:10:24","slug":"schinken-monteparra-koeder-feld-50-iberica-rennen","status":"publish","type":"product","link":"https:\/\/elmejorjamon.es\/de\/producto\/schinken-monteparra-koeder-feld-50-iberica-rennen\/","title":{"rendered":"Schinken Monteparra K\u00f6der Feld 50% iberica Rennen"},"content":{"rendered":"<p style=\"margin-top:0px;margin-bottom:0.8rem;color:#777777;font-family:Karla, sans-serif;font-size:14px;background-color:#ffffff;\">Im Freien gez\u00fcchtete Schweine, die mit hochwertigem Futter gef\u00fcttert werden und in der Saison auch mit Gr\u00e4sern und etwas Eichel gef\u00fcttert werden, mit sehr d\u00fcnnen Beinen und Fett durchsetzt, sehr saftigem und s\u00fc\u00dfem Schinken.<\/p>\n<p style=\"margin-top:0px;margin-bottom:0px;color:#777777;font-family:Karla, sans-serif;font-size:14px;background-color:#ffffff;\">Kurierte von mehr als 36 Monaten.<\/p>\n<p style=\"margin-top:0px;margin-bottom:0px;color:#777777;font-family:Karla, sans-serif;font-size:14px;background-color:#ffffff;\">\n<p style=\"margin-top:0px;margin-bottom:0px;color:#777777;font-family:Karla, sans-serif;font-size:14px;background-color:#ffffff;\"><span style=\"color:#777777;font-family:Karla, sans-serif;\"><span style=\"font-size:14px;\">Aufgewachsen durch umfangreiches System. Die Schweine in diesem System sind in die nat\u00fcrliche Umgebung integriert und bleiben in all ihren Lebensstadien frei.<\/span><\/span><\/p>\n","protected":false},"excerpt":{"rendered":"<p>Schinken Monteparra K\u00f6der Feld 50% iberica Rennen<\/p>\n","protected":false},"featured_media":6094,"comment_status":"open","ping_status":"closed","template":"","meta":{"_et_pb_use_builder":"","_et_pb_old_content":"","_et_gb_content_width":"","_sitemap_exclude":false,"_sitemap_priority":"","_sitemap_frequency":""},"product_brand":[],"product_cat":[48,108,24],"product_tag":[],"class_list":{"0":"post-6130","1":"product","2":"type-product","3":"status-publish","4":"has-post-thumbnail","6":"product_cat-alle-produkte","7":"product_cat-iberischer-schinken","8":"product_cat-startseite","9":"product_shipping_class-normal-de","10":"pa_opciones-gesamtesstuck-de","11":"pa_opciones-4c-mitdemmessergeschnittenun-de","12":"pa_opciones-9c-ohneknochenundvakuumverpa-de","13":"pa_peso-7_5_8kg-de","14":"pa_peso-8_5_9kg-de","15":"pa_peso-ca-85-kg","17":"first","18":"instock","19":"shipping-taxable","20":"purchasable","21":"product-type-variable","22":"has-default-attributes"},"yoast_head":"<!-- This site is optimized with the Yoast SEO plugin v27.4 - https:\/\/yoast.com\/product\/yoast-seo-wordpress\/ -->\n<title>Schinken Monteparra K\u00f6der Feld 50% iberica Rennen - El Mejor Jam\u00f3n<\/title>\n<meta name=\"robots\" content=\"index, follow, max-snippet:-1, max-image-preview:large, max-video-preview:-1\" \/>\n<link rel=\"canonical\" href=\"https:\/\/elmejorjamon.es\/de\/producto\/schinken-monteparra-koeder-feld-50-iberica-rennen\/\" \/>\n<meta property=\"og:locale\" content=\"de_DE\" \/>\n<meta property=\"og:type\" content=\"article\" \/>\n<meta property=\"og:title\" content=\"Schinken Monteparra K\u00f6der Feld 50% iberica Rennen - El Mejor Jam\u00f3n\" \/>\n<meta property=\"og:description\" content=\"Schinken Monteparra K\u00f6der Feld 50% iberica Rennen\" \/>\n<meta property=\"og:url\" content=\"https:\/\/elmejorjamon.es\/de\/producto\/schinken-monteparra-koeder-feld-50-iberica-rennen\/\" \/>\n<meta property=\"og:site_name\" content=\"El Mejor Jam\u00f3n\" \/>\n<meta property=\"article:publisher\" content=\"https:\/\/www.facebook.com\/elmejorjamonweb\" \/>\n<meta property=\"og:image\" content=\"https:\/\/elmejorjamon.es\/wp-content\/uploads\/2020\/12\/1818-thickbox_default-Jamon-de-cebo-de-campo-50berico-Monteparra.jpg\" \/>\n\t<meta property=\"og:image:width\" content=\"1100\" \/>\n\t<meta property=\"og:image:height\" content=\"1422\" \/>\n\t<meta property=\"og:image:type\" content=\"image\/jpeg\" \/>\n<meta name=\"twitter:card\" content=\"summary_large_image\" \/>\n<meta name=\"twitter:site\" content=\"@elmejorjamonweb\" \/>\n<script type=\"application\/ld+json\" class=\"yoast-schema-graph\">{\"@context\":\"https:\\\/\\\/schema.org\",\"@graph\":[{\"@type\":\"WebPage\",\"@id\":\"https:\\\/\\\/elmejorjamon.es\\\/de\\\/producto\\\/schinken-monteparra-koeder-feld-50-iberica-rennen\\\/\",\"url\":\"https:\\\/\\\/elmejorjamon.es\\\/de\\\/producto\\\/schinken-monteparra-koeder-feld-50-iberica-rennen\\\/\",\"name\":\"Schinken Monteparra K\u00f6der Feld 50% iberica Rennen - El Mejor Jam\u00f3n\",\"isPartOf\":{\"@id\":\"https:\\\/\\\/elmejorjamon.es\\\/#website\"},\"primaryImageOfPage\":{\"@id\":\"https:\\\/\\\/elmejorjamon.es\\\/de\\\/producto\\\/schinken-monteparra-koeder-feld-50-iberica-rennen\\\/#primaryimage\"},\"image\":{\"@id\":\"https:\\\/\\\/elmejorjamon.es\\\/de\\\/producto\\\/schinken-monteparra-koeder-feld-50-iberica-rennen\\\/#primaryimage\"},\"thumbnailUrl\":\"https:\\\/\\\/elmejorjamon.es\\\/wp-content\\\/uploads\\\/2020\\\/12\\\/1818-thickbox_default-Jamon-de-cebo-de-campo-50berico-Monteparra.jpg\",\"datePublished\":\"2020-12-23T11:10:24+00:00\",\"breadcrumb\":{\"@id\":\"https:\\\/\\\/elmejorjamon.es\\\/de\\\/producto\\\/schinken-monteparra-koeder-feld-50-iberica-rennen\\\/#breadcrumb\"},\"inLanguage\":\"de\",\"potentialAction\":[{\"@type\":\"ReadAction\",\"target\":[\"https:\\\/\\\/elmejorjamon.es\\\/de\\\/producto\\\/schinken-monteparra-koeder-feld-50-iberica-rennen\\\/\"]}]},{\"@type\":\"ImageObject\",\"inLanguage\":\"de\",\"@id\":\"https:\\\/\\\/elmejorjamon.es\\\/de\\\/producto\\\/schinken-monteparra-koeder-feld-50-iberica-rennen\\\/#primaryimage\",\"url\":\"https:\\\/\\\/elmejorjamon.es\\\/wp-content\\\/uploads\\\/2020\\\/12\\\/1818-thickbox_default-Jamon-de-cebo-de-campo-50berico-Monteparra.jpg\",\"contentUrl\":\"https:\\\/\\\/elmejorjamon.es\\\/wp-content\\\/uploads\\\/2020\\\/12\\\/1818-thickbox_default-Jamon-de-cebo-de-campo-50berico-Monteparra.jpg\",\"width\":1100,\"height\":1422},{\"@type\":\"BreadcrumbList\",\"@id\":\"https:\\\/\\\/elmejorjamon.es\\\/de\\\/producto\\\/schinken-monteparra-koeder-feld-50-iberica-rennen\\\/#breadcrumb\",\"itemListElement\":[{\"@type\":\"ListItem\",\"position\":1,\"name\":\"Portada\",\"item\":\"https:\\\/\\\/elmejorjamon.es\\\/de\\\/\"},{\"@type\":\"ListItem\",\"position\":2,\"name\":\"Schnellstart\",\"item\":\"https:\\\/\\\/elmejorjamon.es\\\/de\\\/\"},{\"@type\":\"ListItem\",\"position\":3,\"name\":\"Schinken Monteparra K\u00f6der Feld 50% iberica Rennen\"}]},{\"@type\":\"WebSite\",\"@id\":\"https:\\\/\\\/elmejorjamon.es\\\/#website\",\"url\":\"https:\\\/\\\/elmejorjamon.es\\\/\",\"name\":\"El Mejor Jam\u00f3n\",\"description\":\"Comprar jamones y embutidos a buen precio\",\"publisher\":{\"@id\":\"https:\\\/\\\/elmejorjamon.es\\\/#organization\"},\"potentialAction\":[{\"@type\":\"SearchAction\",\"target\":{\"@type\":\"EntryPoint\",\"urlTemplate\":\"https:\\\/\\\/elmejorjamon.es\\\/?s={search_term_string}\"},\"query-input\":{\"@type\":\"PropertyValueSpecification\",\"valueRequired\":true,\"valueName\":\"search_term_string\"}}],\"inLanguage\":\"de\"},{\"@type\":\"Organization\",\"@id\":\"https:\\\/\\\/elmejorjamon.es\\\/#organization\",\"name\":\"El Mejor Jam\u00f3n\",\"url\":\"https:\\\/\\\/elmejorjamon.es\\\/\",\"logo\":{\"@type\":\"ImageObject\",\"inLanguage\":\"de\",\"@id\":\"https:\\\/\\\/elmejorjamon.es\\\/#\\\/schema\\\/logo\\\/image\\\/\",\"url\":\"https:\\\/\\\/elmejorjamon.es\\\/wp-content\\\/uploads\\\/2025\\\/01\\\/logocorreos.png\",\"contentUrl\":\"https:\\\/\\\/elmejorjamon.es\\\/wp-content\\\/uploads\\\/2025\\\/01\\\/logocorreos.png\",\"width\":277,\"height\":200,\"caption\":\"El Mejor Jam\u00f3n\"},\"image\":{\"@id\":\"https:\\\/\\\/elmejorjamon.es\\\/#\\\/schema\\\/logo\\\/image\\\/\"},\"sameAs\":[\"https:\\\/\\\/www.facebook.com\\\/elmejorjamonweb\",\"https:\\\/\\\/x.com\\\/elmejorjamonweb\",\"https:\\\/\\\/www.instagram.com\\\/elmejorjamonweb\\\/\"]}]}<\/script>\n<!-- \/ Yoast SEO plugin. -->","yoast_head_json":{"title":"Schinken Monteparra K\u00f6der Feld 50% iberica Rennen - El Mejor Jam\u00f3n","robots":{"index":"index","follow":"follow","max-snippet":"max-snippet:-1","max-image-preview":"max-image-preview:large","max-video-preview":"max-video-preview:-1"},"canonical":"https:\/\/elmejorjamon.es\/de\/producto\/schinken-monteparra-koeder-feld-50-iberica-rennen\/","og_locale":"de_DE","og_type":"article","og_title":"Schinken Monteparra K\u00f6der Feld 50% iberica Rennen - El Mejor Jam\u00f3n","og_description":"Schinken Monteparra K\u00f6der Feld 50% iberica Rennen","og_url":"https:\/\/elmejorjamon.es\/de\/producto\/schinken-monteparra-koeder-feld-50-iberica-rennen\/","og_site_name":"El Mejor Jam\u00f3n","article_publisher":"https:\/\/www.facebook.com\/elmejorjamonweb","og_image":[{"width":1100,"height":1422,"url":"https:\/\/elmejorjamon.es\/wp-content\/uploads\/2020\/12\/1818-thickbox_default-Jamon-de-cebo-de-campo-50berico-Monteparra.jpg","type":"image\/jpeg"}],"twitter_card":"summary_large_image","twitter_site":"@elmejorjamonweb","schema":{"@context":"https:\/\/schema.org","@graph":[{"@type":"WebPage","@id":"https:\/\/elmejorjamon.es\/de\/producto\/schinken-monteparra-koeder-feld-50-iberica-rennen\/","url":"https:\/\/elmejorjamon.es\/de\/producto\/schinken-monteparra-koeder-feld-50-iberica-rennen\/","name":"Schinken Monteparra K\u00f6der Feld 50% iberica Rennen - El Mejor Jam\u00f3n","isPartOf":{"@id":"https:\/\/elmejorjamon.es\/#website"},"primaryImageOfPage":{"@id":"https:\/\/elmejorjamon.es\/de\/producto\/schinken-monteparra-koeder-feld-50-iberica-rennen\/#primaryimage"},"image":{"@id":"https:\/\/elmejorjamon.es\/de\/producto\/schinken-monteparra-koeder-feld-50-iberica-rennen\/#primaryimage"},"thumbnailUrl":"https:\/\/elmejorjamon.es\/wp-content\/uploads\/2020\/12\/1818-thickbox_default-Jamon-de-cebo-de-campo-50berico-Monteparra.jpg","datePublished":"2020-12-23T11:10:24+00:00","breadcrumb":{"@id":"https:\/\/elmejorjamon.es\/de\/producto\/schinken-monteparra-koeder-feld-50-iberica-rennen\/#breadcrumb"},"inLanguage":"de","potentialAction":[{"@type":"ReadAction","target":["https:\/\/elmejorjamon.es\/de\/producto\/schinken-monteparra-koeder-feld-50-iberica-rennen\/"]}]},{"@type":"ImageObject","inLanguage":"de","@id":"https:\/\/elmejorjamon.es\/de\/producto\/schinken-monteparra-koeder-feld-50-iberica-rennen\/#primaryimage","url":"https:\/\/elmejorjamon.es\/wp-content\/uploads\/2020\/12\/1818-thickbox_default-Jamon-de-cebo-de-campo-50berico-Monteparra.jpg","contentUrl":"https:\/\/elmejorjamon.es\/wp-content\/uploads\/2020\/12\/1818-thickbox_default-Jamon-de-cebo-de-campo-50berico-Monteparra.jpg","width":1100,"height":1422},{"@type":"BreadcrumbList","@id":"https:\/\/elmejorjamon.es\/de\/producto\/schinken-monteparra-koeder-feld-50-iberica-rennen\/#breadcrumb","itemListElement":[{"@type":"ListItem","position":1,"name":"Portada","item":"https:\/\/elmejorjamon.es\/de\/"},{"@type":"ListItem","position":2,"name":"Schnellstart","item":"https:\/\/elmejorjamon.es\/de\/"},{"@type":"ListItem","position":3,"name":"Schinken Monteparra K\u00f6der Feld 50% iberica Rennen"}]},{"@type":"WebSite","@id":"https:\/\/elmejorjamon.es\/#website","url":"https:\/\/elmejorjamon.es\/","name":"El Mejor Jam\u00f3n","description":"Comprar jamones y embutidos a buen precio","publisher":{"@id":"https:\/\/elmejorjamon.es\/#organization"},"potentialAction":[{"@type":"SearchAction","target":{"@type":"EntryPoint","urlTemplate":"https:\/\/elmejorjamon.es\/?s={search_term_string}"},"query-input":{"@type":"PropertyValueSpecification","valueRequired":true,"valueName":"search_term_string"}}],"inLanguage":"de"},{"@type":"Organization","@id":"https:\/\/elmejorjamon.es\/#organization","name":"El Mejor Jam\u00f3n","url":"https:\/\/elmejorjamon.es\/","logo":{"@type":"ImageObject","inLanguage":"de","@id":"https:\/\/elmejorjamon.es\/#\/schema\/logo\/image\/","url":"https:\/\/elmejorjamon.es\/wp-content\/uploads\/2025\/01\/logocorreos.png","contentUrl":"https:\/\/elmejorjamon.es\/wp-content\/uploads\/2025\/01\/logocorreos.png","width":277,"height":200,"caption":"El Mejor Jam\u00f3n"},"image":{"@id":"https:\/\/elmejorjamon.es\/#\/schema\/logo\/image\/"},"sameAs":["https:\/\/www.facebook.com\/elmejorjamonweb","https:\/\/x.com\/elmejorjamonweb","https:\/\/www.instagram.com\/elmejorjamonweb\/"]}]}},"_links":{"self":[{"href":"https:\/\/elmejorjamon.es\/de\/wp-json\/wp\/v2\/product\/6130","targetHints":{"allow":["GET"]}}],"collection":[{"href":"https:\/\/elmejorjamon.es\/de\/wp-json\/wp\/v2\/product"}],"about":[{"href":"https:\/\/elmejorjamon.es\/de\/wp-json\/wp\/v2\/types\/product"}],"replies":[{"embeddable":true,"href":"https:\/\/elmejorjamon.es\/de\/wp-json\/wp\/v2\/comments?post=6130"}],"wp:featuredmedia":[{"embeddable":true,"href":"https:\/\/elmejorjamon.es\/de\/wp-json\/wp\/v2\/media\/6094"}],"wp:attachment":[{"href":"https:\/\/elmejorjamon.es\/de\/wp-json\/wp\/v2\/media?parent=6130"}],"wp:term":[{"taxonomy":"product_brand","embeddable":true,"href":"https:\/\/elmejorjamon.es\/de\/wp-json\/wp\/v2\/product_brand?post=6130"},{"taxonomy":"product_cat","embeddable":true,"href":"https:\/\/elmejorjamon.es\/de\/wp-json\/wp\/v2\/product_cat?post=6130"},{"taxonomy":"product_tag","embeddable":true,"href":"https:\/\/elmejorjamon.es\/de\/wp-json\/wp\/v2\/product_tag?post=6130"}],"curies":[{"name":"wp","href":"https:\/\/api.w.org\/{rel}","templated":true}]}}