{"id":2728,"date":"2013-11-23T19:54:04","date_gmt":"2013-11-23T18:54:04","guid":{"rendered":"https:\/\/nueva.elmejorjamon.es\/producto\/jamon-iberico-koeder-50-iberischen-monteparra-guijuelo\/"},"modified":"2013-11-23T19:54:04","modified_gmt":"2013-11-23T18:54:04","slug":"jamon-iberico-koeder-50-iberischen-monteparra-guijuelo","status":"publish","type":"product","link":"https:\/\/elmejorjamon.es\/de\/producto\/jamon-iberico-koeder-50-iberischen-monteparra-guijuelo\/","title":{"rendered":"Jamon Iberico K\u00f6der 50% iberischen Monteparra Guijuelo"},"content":{"rendered":"<p>Jamon Iberico K\u00f6der 50% iberischen Monteparra Guijuelo<\/p>\n<p>Eigene Bauernhofschweine in Guijuelo. Heilung von mehr als 30 Monaten, die mit den besten Futtermitteln gef\u00fcttert werden, um einen s\u00fc\u00dfen und charakteristischen Geschmack von Guijuelo zu ergeben.<\/p>\n<p>Halbintensives System. Im Allgemeinen handelt es sich bei diesem Ausbeutungssystem um ein Mischsystem, bei dem die Tiere t\u00e4glich mehrere Stunden Ausbeutung im Freien genie\u00dfen, w\u00e4hrend sie zu anderen Zeiten oder Zeiten in geschlossenen R\u00e4umen (St\u00e4llen) einer intensiven F\u00fctterung unterzogen werden.<\/p>\n","protected":false},"excerpt":{"rendered":"<p>Jamon Iberico K\u00f6der 50% iberischen Monteparra Guijuelo<\/p>\n","protected":false},"featured_media":2680,"comment_status":"open","ping_status":"closed","template":"","meta":{"_et_pb_use_builder":"","_et_pb_old_content":"","_et_gb_content_width":"","_sitemap_exclude":false,"_sitemap_priority":"","_sitemap_frequency":""},"product_brand":[],"product_cat":[48,108,24],"product_tag":[],"class_list":{"0":"post-2728","1":"product","2":"type-product","3":"status-publish","4":"has-post-thumbnail","6":"product_cat-alle-produkte","7":"product_cat-iberischer-schinken","8":"product_cat-startseite","9":"product_shipping_class-normal-de","10":"pa_opciones-gesamtesstuck-de","11":"pa_opciones-4c-mitdemmessergeschnittenun-de","12":"pa_opciones-9c-ohneknochenundvakuumverpa-de","13":"pa_peso-7_5_8kg-de","14":"pa_peso-8_5_9kg-de","15":"pa_peso-ca-85-kg","17":"first","18":"instock","19":"shipping-taxable","20":"purchasable","21":"product-type-variable","22":"has-default-attributes"},"yoast_head":"<!-- This site is optimized with the Yoast SEO plugin v27.4 - https:\/\/yoast.com\/product\/yoast-seo-wordpress\/ -->\n<title>Jamon Iberico K\u00f6der 50% iberischen Monteparra Guijuelo - El Mejor Jam\u00f3n<\/title>\n<meta name=\"robots\" content=\"index, follow, max-snippet:-1, max-image-preview:large, max-video-preview:-1\" \/>\n<link rel=\"canonical\" href=\"https:\/\/elmejorjamon.es\/de\/producto\/jamon-iberico-koeder-50-iberischen-monteparra-guijuelo\/\" \/>\n<meta property=\"og:locale\" content=\"de_DE\" \/>\n<meta property=\"og:type\" content=\"article\" \/>\n<meta property=\"og:title\" content=\"Jamon Iberico K\u00f6der 50% iberischen Monteparra Guijuelo - El Mejor Jam\u00f3n\" \/>\n<meta property=\"og:description\" content=\"Jamon Iberico K\u00f6der 50% iberischen Monteparra Guijuelo\" \/>\n<meta property=\"og:url\" content=\"https:\/\/elmejorjamon.es\/de\/producto\/jamon-iberico-koeder-50-iberischen-monteparra-guijuelo\/\" \/>\n<meta property=\"og:site_name\" content=\"El Mejor Jam\u00f3n\" \/>\n<meta property=\"article:publisher\" content=\"https:\/\/www.facebook.com\/elmejorjamonweb\" \/>\n<meta property=\"og:image\" content=\"https:\/\/elmejorjamon.es\/wp-content\/uploads\/2013\/11\/2590-thickbox_default-Jamon-de-cebo-50berico-Monteparra.jpg\" \/>\n\t<meta property=\"og:image:width\" content=\"1100\" \/>\n\t<meta property=\"og:image:height\" content=\"1422\" \/>\n\t<meta property=\"og:image:type\" content=\"image\/jpeg\" \/>\n<meta name=\"twitter:card\" content=\"summary_large_image\" \/>\n<meta name=\"twitter:site\" content=\"@elmejorjamonweb\" \/>\n<script type=\"application\/ld+json\" class=\"yoast-schema-graph\">{\"@context\":\"https:\\\/\\\/schema.org\",\"@graph\":[{\"@type\":\"WebPage\",\"@id\":\"https:\\\/\\\/elmejorjamon.es\\\/de\\\/producto\\\/jamon-iberico-koeder-50-iberischen-monteparra-guijuelo\\\/\",\"url\":\"https:\\\/\\\/elmejorjamon.es\\\/de\\\/producto\\\/jamon-iberico-koeder-50-iberischen-monteparra-guijuelo\\\/\",\"name\":\"Jamon Iberico K\u00f6der 50% iberischen Monteparra Guijuelo - El Mejor Jam\u00f3n\",\"isPartOf\":{\"@id\":\"https:\\\/\\\/elmejorjamon.es\\\/#website\"},\"primaryImageOfPage\":{\"@id\":\"https:\\\/\\\/elmejorjamon.es\\\/de\\\/producto\\\/jamon-iberico-koeder-50-iberischen-monteparra-guijuelo\\\/#primaryimage\"},\"image\":{\"@id\":\"https:\\\/\\\/elmejorjamon.es\\\/de\\\/producto\\\/jamon-iberico-koeder-50-iberischen-monteparra-guijuelo\\\/#primaryimage\"},\"thumbnailUrl\":\"https:\\\/\\\/elmejorjamon.es\\\/wp-content\\\/uploads\\\/2013\\\/11\\\/2590-thickbox_default-Jamon-de-cebo-50berico-Monteparra.jpg\",\"datePublished\":\"2013-11-23T18:54:04+00:00\",\"breadcrumb\":{\"@id\":\"https:\\\/\\\/elmejorjamon.es\\\/de\\\/producto\\\/jamon-iberico-koeder-50-iberischen-monteparra-guijuelo\\\/#breadcrumb\"},\"inLanguage\":\"de\",\"potentialAction\":[{\"@type\":\"ReadAction\",\"target\":[\"https:\\\/\\\/elmejorjamon.es\\\/de\\\/producto\\\/jamon-iberico-koeder-50-iberischen-monteparra-guijuelo\\\/\"]}]},{\"@type\":\"ImageObject\",\"inLanguage\":\"de\",\"@id\":\"https:\\\/\\\/elmejorjamon.es\\\/de\\\/producto\\\/jamon-iberico-koeder-50-iberischen-monteparra-guijuelo\\\/#primaryimage\",\"url\":\"https:\\\/\\\/elmejorjamon.es\\\/wp-content\\\/uploads\\\/2013\\\/11\\\/2590-thickbox_default-Jamon-de-cebo-50berico-Monteparra.jpg\",\"contentUrl\":\"https:\\\/\\\/elmejorjamon.es\\\/wp-content\\\/uploads\\\/2013\\\/11\\\/2590-thickbox_default-Jamon-de-cebo-50berico-Monteparra.jpg\",\"width\":1100,\"height\":1422},{\"@type\":\"BreadcrumbList\",\"@id\":\"https:\\\/\\\/elmejorjamon.es\\\/de\\\/producto\\\/jamon-iberico-koeder-50-iberischen-monteparra-guijuelo\\\/#breadcrumb\",\"itemListElement\":[{\"@type\":\"ListItem\",\"position\":1,\"name\":\"Portada\",\"item\":\"https:\\\/\\\/elmejorjamon.es\\\/de\\\/\"},{\"@type\":\"ListItem\",\"position\":2,\"name\":\"Schnellstart\",\"item\":\"https:\\\/\\\/elmejorjamon.es\\\/de\\\/\"},{\"@type\":\"ListItem\",\"position\":3,\"name\":\"Jamon Iberico K\u00f6der 50% iberischen Monteparra Guijuelo\"}]},{\"@type\":\"WebSite\",\"@id\":\"https:\\\/\\\/elmejorjamon.es\\\/#website\",\"url\":\"https:\\\/\\\/elmejorjamon.es\\\/\",\"name\":\"El Mejor Jam\u00f3n\",\"description\":\"Comprar jamones y embutidos a buen precio\",\"publisher\":{\"@id\":\"https:\\\/\\\/elmejorjamon.es\\\/#organization\"},\"potentialAction\":[{\"@type\":\"SearchAction\",\"target\":{\"@type\":\"EntryPoint\",\"urlTemplate\":\"https:\\\/\\\/elmejorjamon.es\\\/?s={search_term_string}\"},\"query-input\":{\"@type\":\"PropertyValueSpecification\",\"valueRequired\":true,\"valueName\":\"search_term_string\"}}],\"inLanguage\":\"de\"},{\"@type\":\"Organization\",\"@id\":\"https:\\\/\\\/elmejorjamon.es\\\/#organization\",\"name\":\"El Mejor Jam\u00f3n\",\"url\":\"https:\\\/\\\/elmejorjamon.es\\\/\",\"logo\":{\"@type\":\"ImageObject\",\"inLanguage\":\"de\",\"@id\":\"https:\\\/\\\/elmejorjamon.es\\\/#\\\/schema\\\/logo\\\/image\\\/\",\"url\":\"https:\\\/\\\/elmejorjamon.es\\\/wp-content\\\/uploads\\\/2025\\\/01\\\/logocorreos.png\",\"contentUrl\":\"https:\\\/\\\/elmejorjamon.es\\\/wp-content\\\/uploads\\\/2025\\\/01\\\/logocorreos.png\",\"width\":277,\"height\":200,\"caption\":\"El Mejor Jam\u00f3n\"},\"image\":{\"@id\":\"https:\\\/\\\/elmejorjamon.es\\\/#\\\/schema\\\/logo\\\/image\\\/\"},\"sameAs\":[\"https:\\\/\\\/www.facebook.com\\\/elmejorjamonweb\",\"https:\\\/\\\/x.com\\\/elmejorjamonweb\",\"https:\\\/\\\/www.instagram.com\\\/elmejorjamonweb\\\/\"]}]}<\/script>\n<!-- \/ Yoast SEO plugin. -->","yoast_head_json":{"title":"Jamon Iberico K\u00f6der 50% iberischen Monteparra Guijuelo - El Mejor Jam\u00f3n","robots":{"index":"index","follow":"follow","max-snippet":"max-snippet:-1","max-image-preview":"max-image-preview:large","max-video-preview":"max-video-preview:-1"},"canonical":"https:\/\/elmejorjamon.es\/de\/producto\/jamon-iberico-koeder-50-iberischen-monteparra-guijuelo\/","og_locale":"de_DE","og_type":"article","og_title":"Jamon Iberico K\u00f6der 50% iberischen Monteparra Guijuelo - El Mejor Jam\u00f3n","og_description":"Jamon Iberico K\u00f6der 50% iberischen Monteparra Guijuelo","og_url":"https:\/\/elmejorjamon.es\/de\/producto\/jamon-iberico-koeder-50-iberischen-monteparra-guijuelo\/","og_site_name":"El Mejor Jam\u00f3n","article_publisher":"https:\/\/www.facebook.com\/elmejorjamonweb","og_image":[{"width":1100,"height":1422,"url":"https:\/\/elmejorjamon.es\/wp-content\/uploads\/2013\/11\/2590-thickbox_default-Jamon-de-cebo-50berico-Monteparra.jpg","type":"image\/jpeg"}],"twitter_card":"summary_large_image","twitter_site":"@elmejorjamonweb","schema":{"@context":"https:\/\/schema.org","@graph":[{"@type":"WebPage","@id":"https:\/\/elmejorjamon.es\/de\/producto\/jamon-iberico-koeder-50-iberischen-monteparra-guijuelo\/","url":"https:\/\/elmejorjamon.es\/de\/producto\/jamon-iberico-koeder-50-iberischen-monteparra-guijuelo\/","name":"Jamon Iberico K\u00f6der 50% iberischen Monteparra Guijuelo - El Mejor Jam\u00f3n","isPartOf":{"@id":"https:\/\/elmejorjamon.es\/#website"},"primaryImageOfPage":{"@id":"https:\/\/elmejorjamon.es\/de\/producto\/jamon-iberico-koeder-50-iberischen-monteparra-guijuelo\/#primaryimage"},"image":{"@id":"https:\/\/elmejorjamon.es\/de\/producto\/jamon-iberico-koeder-50-iberischen-monteparra-guijuelo\/#primaryimage"},"thumbnailUrl":"https:\/\/elmejorjamon.es\/wp-content\/uploads\/2013\/11\/2590-thickbox_default-Jamon-de-cebo-50berico-Monteparra.jpg","datePublished":"2013-11-23T18:54:04+00:00","breadcrumb":{"@id":"https:\/\/elmejorjamon.es\/de\/producto\/jamon-iberico-koeder-50-iberischen-monteparra-guijuelo\/#breadcrumb"},"inLanguage":"de","potentialAction":[{"@type":"ReadAction","target":["https:\/\/elmejorjamon.es\/de\/producto\/jamon-iberico-koeder-50-iberischen-monteparra-guijuelo\/"]}]},{"@type":"ImageObject","inLanguage":"de","@id":"https:\/\/elmejorjamon.es\/de\/producto\/jamon-iberico-koeder-50-iberischen-monteparra-guijuelo\/#primaryimage","url":"https:\/\/elmejorjamon.es\/wp-content\/uploads\/2013\/11\/2590-thickbox_default-Jamon-de-cebo-50berico-Monteparra.jpg","contentUrl":"https:\/\/elmejorjamon.es\/wp-content\/uploads\/2013\/11\/2590-thickbox_default-Jamon-de-cebo-50berico-Monteparra.jpg","width":1100,"height":1422},{"@type":"BreadcrumbList","@id":"https:\/\/elmejorjamon.es\/de\/producto\/jamon-iberico-koeder-50-iberischen-monteparra-guijuelo\/#breadcrumb","itemListElement":[{"@type":"ListItem","position":1,"name":"Portada","item":"https:\/\/elmejorjamon.es\/de\/"},{"@type":"ListItem","position":2,"name":"Schnellstart","item":"https:\/\/elmejorjamon.es\/de\/"},{"@type":"ListItem","position":3,"name":"Jamon Iberico K\u00f6der 50% iberischen Monteparra Guijuelo"}]},{"@type":"WebSite","@id":"https:\/\/elmejorjamon.es\/#website","url":"https:\/\/elmejorjamon.es\/","name":"El Mejor Jam\u00f3n","description":"Comprar jamones y embutidos a buen precio","publisher":{"@id":"https:\/\/elmejorjamon.es\/#organization"},"potentialAction":[{"@type":"SearchAction","target":{"@type":"EntryPoint","urlTemplate":"https:\/\/elmejorjamon.es\/?s={search_term_string}"},"query-input":{"@type":"PropertyValueSpecification","valueRequired":true,"valueName":"search_term_string"}}],"inLanguage":"de"},{"@type":"Organization","@id":"https:\/\/elmejorjamon.es\/#organization","name":"El Mejor Jam\u00f3n","url":"https:\/\/elmejorjamon.es\/","logo":{"@type":"ImageObject","inLanguage":"de","@id":"https:\/\/elmejorjamon.es\/#\/schema\/logo\/image\/","url":"https:\/\/elmejorjamon.es\/wp-content\/uploads\/2025\/01\/logocorreos.png","contentUrl":"https:\/\/elmejorjamon.es\/wp-content\/uploads\/2025\/01\/logocorreos.png","width":277,"height":200,"caption":"El Mejor Jam\u00f3n"},"image":{"@id":"https:\/\/elmejorjamon.es\/#\/schema\/logo\/image\/"},"sameAs":["https:\/\/www.facebook.com\/elmejorjamonweb","https:\/\/x.com\/elmejorjamonweb","https:\/\/www.instagram.com\/elmejorjamonweb\/"]}]}},"_links":{"self":[{"href":"https:\/\/elmejorjamon.es\/de\/wp-json\/wp\/v2\/product\/2728","targetHints":{"allow":["GET"]}}],"collection":[{"href":"https:\/\/elmejorjamon.es\/de\/wp-json\/wp\/v2\/product"}],"about":[{"href":"https:\/\/elmejorjamon.es\/de\/wp-json\/wp\/v2\/types\/product"}],"replies":[{"embeddable":true,"href":"https:\/\/elmejorjamon.es\/de\/wp-json\/wp\/v2\/comments?post=2728"}],"wp:featuredmedia":[{"embeddable":true,"href":"https:\/\/elmejorjamon.es\/de\/wp-json\/wp\/v2\/media\/2680"}],"wp:attachment":[{"href":"https:\/\/elmejorjamon.es\/de\/wp-json\/wp\/v2\/media?parent=2728"}],"wp:term":[{"taxonomy":"product_brand","embeddable":true,"href":"https:\/\/elmejorjamon.es\/de\/wp-json\/wp\/v2\/product_brand?post=2728"},{"taxonomy":"product_cat","embeddable":true,"href":"https:\/\/elmejorjamon.es\/de\/wp-json\/wp\/v2\/product_cat?post=2728"},{"taxonomy":"product_tag","embeddable":true,"href":"https:\/\/elmejorjamon.es\/de\/wp-json\/wp\/v2\/product_tag?post=2728"}],"curies":[{"name":"wp","href":"https:\/\/api.w.org\/{rel}","templated":true}]}}