{"id":238,"date":"2025-09-19T09:06:36","date_gmt":"2025-09-19T07:06:36","guid":{"rendered":"https:\/\/nueva.elmejorjamon.es\/?post_type=product&#038;p=238"},"modified":"2025-09-19T09:06:36","modified_gmt":"2025-09-19T07:06:36","slug":"iberischer-schinken-bellota-monteparra-do-von-ca-75-kg-guijuelo","status":"publish","type":"product","link":"https:\/\/elmejorjamon.es\/de\/producto\/iberischer-schinken-bellota-monteparra-do-von-ca-75-kg-guijuelo\/","title":{"rendered":"Iberischer Schinken Bellota Monteparra D.O. von Guijuelo"},"content":{"rendered":"<p>Der Iberischer Schinken Bellota\u00a0D.O. Es ist das Ergebnis eines langen Prozesses, der auf den gleichen Wiesen beginnt, wo die von unseren Spezialisten sorgf\u00e4ltig ausgew\u00e4hlten iberischen Schweine frei herumlaufen und die Eicheln verzehren, die einen gro\u00dfen Teil ihrer organoleptischen Eigenschaften verleihen. Sp\u00e4ter, bereits in den Einrichtungen, werden die Hinterbeine des iberischen Eichelmastes der Einwirkung von Salz und sp\u00e4ter einem langsamen Prozess der Trocknung und Reifung in der Bodega unterworfen, der ihnen ihren besonderen Charakter verleiht. Am Ende des Prozesses betonen seine N\u00e4hrwert-, Geschmacks- und Textureigenschaften seinen Ursprung und sein Essen, was unsere Produktion zu einer der bekanntesten in Guijuelo macht. Seine Qualit\u00e4t wird auch durch einen strengen Analyseprozess durch den Regulatory Council der Herkunftsbezeichnung Guijuelo garantiert, der sowohl seine genetische Eignung als auch seine auf Acorn basierende Ern\u00e4hrung bescheinigt. Durchschnittliche Aush\u00e4rtezeit: 36 Monate ab dem Salzen. Rennen: Von einer Pr\u00fcfstelle zertifiziert. Essen: Von einer Zertifizierungsstelle zertifiziert. F\u00fctterungsfaktor: Gras und Eichel.<\/p>\n","protected":false},"excerpt":{"rendered":"<p>Iberischer Schinken Bellota Monteparra D.O. von Guijuelo<\/p>\n","protected":false},"featured_media":196,"comment_status":"open","ping_status":"closed","template":"","meta":{"_et_pb_use_builder":"","_et_pb_old_content":"","_et_gb_content_width":"","_sitemap_exclude":false,"_sitemap_priority":"","_sitemap_frequency":""},"product_brand":[],"product_cat":[48,108,24],"product_tag":[],"class_list":{"0":"post-238","1":"product","2":"type-product","3":"status-publish","4":"has-post-thumbnail","6":"product_cat-alle-produkte","7":"product_cat-iberischer-schinken","8":"product_cat-startseite","9":"product_shipping_class-normal-de","10":"pa_opciones-gesamtesstuck-de","11":"pa_opciones-4c-mitdemmessergeschnittenun-de","12":"pa_opciones-9c-ohneknochenundvakuumverpa-de","13":"pa_peso-7_7_5kg-de","14":"pa_peso-8_8_5kg-de","15":"pa_peso-8kgaprox-de","16":"pa_peso-ca-85-kg","18":"first","19":"instock","20":"shipping-taxable","21":"purchasable","22":"product-type-variable","23":"has-default-attributes"},"yoast_head":"<!-- This site is optimized with the Yoast SEO plugin v27.4 - https:\/\/yoast.com\/product\/yoast-seo-wordpress\/ -->\n<title>Iberischer Schinken Bellota Monteparra D.O. von Guijuelo - El Mejor Jam\u00f3n<\/title>\n<meta name=\"robots\" content=\"index, follow, max-snippet:-1, max-image-preview:large, max-video-preview:-1\" \/>\n<link rel=\"canonical\" href=\"https:\/\/elmejorjamon.es\/de\/producto\/iberischer-schinken-bellota-monteparra-do-von-ca-75-kg-guijuelo\/\" \/>\n<meta property=\"og:locale\" content=\"de_DE\" \/>\n<meta property=\"og:type\" content=\"article\" \/>\n<meta property=\"og:title\" content=\"Iberischer Schinken Bellota Monteparra D.O. von Guijuelo - El Mejor Jam\u00f3n\" \/>\n<meta property=\"og:description\" content=\"Iberischer Schinken Bellota Monteparra D.O. von Guijuelo\" \/>\n<meta property=\"og:url\" content=\"https:\/\/elmejorjamon.es\/de\/producto\/iberischer-schinken-bellota-monteparra-do-von-ca-75-kg-guijuelo\/\" \/>\n<meta property=\"og:site_name\" content=\"El Mejor Jam\u00f3n\" \/>\n<meta property=\"article:publisher\" content=\"https:\/\/www.facebook.com\/elmejorjamonweb\" \/>\n<meta property=\"og:image\" content=\"https:\/\/elmejorjamon.es\/wp-content\/uploads\/2007\/11\/1761-thickbox_default-Jamon-de-Bellota-75berico-Monteparra-D.O.-Guijuelo.jpg\" \/>\n\t<meta property=\"og:image:width\" content=\"1100\" \/>\n\t<meta property=\"og:image:height\" content=\"1422\" \/>\n\t<meta property=\"og:image:type\" content=\"image\/jpeg\" \/>\n<meta name=\"twitter:card\" content=\"summary_large_image\" \/>\n<meta name=\"twitter:site\" content=\"@elmejorjamonweb\" \/>\n<meta name=\"twitter:label1\" content=\"Gesch\u00e4tzte Lesezeit\" \/>\n\t<meta name=\"twitter:data1\" content=\"1\u00a0Minute\" \/>\n<script type=\"application\/ld+json\" class=\"yoast-schema-graph\">{\"@context\":\"https:\\\/\\\/schema.org\",\"@graph\":[{\"@type\":\"WebPage\",\"@id\":\"https:\\\/\\\/elmejorjamon.es\\\/de\\\/producto\\\/iberischer-schinken-bellota-monteparra-do-von-ca-75-kg-guijuelo\\\/\",\"url\":\"https:\\\/\\\/elmejorjamon.es\\\/de\\\/producto\\\/iberischer-schinken-bellota-monteparra-do-von-ca-75-kg-guijuelo\\\/\",\"name\":\"Iberischer Schinken Bellota Monteparra D.O. von Guijuelo - El Mejor Jam\u00f3n\",\"isPartOf\":{\"@id\":\"https:\\\/\\\/elmejorjamon.es\\\/#website\"},\"primaryImageOfPage\":{\"@id\":\"https:\\\/\\\/elmejorjamon.es\\\/de\\\/producto\\\/iberischer-schinken-bellota-monteparra-do-von-ca-75-kg-guijuelo\\\/#primaryimage\"},\"image\":{\"@id\":\"https:\\\/\\\/elmejorjamon.es\\\/de\\\/producto\\\/iberischer-schinken-bellota-monteparra-do-von-ca-75-kg-guijuelo\\\/#primaryimage\"},\"thumbnailUrl\":\"https:\\\/\\\/elmejorjamon.es\\\/wp-content\\\/uploads\\\/2007\\\/11\\\/1761-thickbox_default-Jamon-de-Bellota-75berico-Monteparra-D.O.-Guijuelo.jpg\",\"datePublished\":\"2025-09-19T07:06:36+00:00\",\"breadcrumb\":{\"@id\":\"https:\\\/\\\/elmejorjamon.es\\\/de\\\/producto\\\/iberischer-schinken-bellota-monteparra-do-von-ca-75-kg-guijuelo\\\/#breadcrumb\"},\"inLanguage\":\"de\",\"potentialAction\":[{\"@type\":\"ReadAction\",\"target\":[\"https:\\\/\\\/elmejorjamon.es\\\/de\\\/producto\\\/iberischer-schinken-bellota-monteparra-do-von-ca-75-kg-guijuelo\\\/\"]}]},{\"@type\":\"ImageObject\",\"inLanguage\":\"de\",\"@id\":\"https:\\\/\\\/elmejorjamon.es\\\/de\\\/producto\\\/iberischer-schinken-bellota-monteparra-do-von-ca-75-kg-guijuelo\\\/#primaryimage\",\"url\":\"https:\\\/\\\/elmejorjamon.es\\\/wp-content\\\/uploads\\\/2007\\\/11\\\/1761-thickbox_default-Jamon-de-Bellota-75berico-Monteparra-D.O.-Guijuelo.jpg\",\"contentUrl\":\"https:\\\/\\\/elmejorjamon.es\\\/wp-content\\\/uploads\\\/2007\\\/11\\\/1761-thickbox_default-Jamon-de-Bellota-75berico-Monteparra-D.O.-Guijuelo.jpg\",\"width\":1100,\"height\":1422},{\"@type\":\"BreadcrumbList\",\"@id\":\"https:\\\/\\\/elmejorjamon.es\\\/de\\\/producto\\\/iberischer-schinken-bellota-monteparra-do-von-ca-75-kg-guijuelo\\\/#breadcrumb\",\"itemListElement\":[{\"@type\":\"ListItem\",\"position\":1,\"name\":\"Portada\",\"item\":\"https:\\\/\\\/elmejorjamon.es\\\/de\\\/\"},{\"@type\":\"ListItem\",\"position\":2,\"name\":\"Schnellstart\",\"item\":\"https:\\\/\\\/elmejorjamon.es\\\/de\\\/\"},{\"@type\":\"ListItem\",\"position\":3,\"name\":\"Iberischer Schinken Bellota Monteparra D.O. von Guijuelo\"}]},{\"@type\":\"WebSite\",\"@id\":\"https:\\\/\\\/elmejorjamon.es\\\/#website\",\"url\":\"https:\\\/\\\/elmejorjamon.es\\\/\",\"name\":\"El Mejor Jam\u00f3n\",\"description\":\"Comprar jamones y embutidos a buen precio\",\"publisher\":{\"@id\":\"https:\\\/\\\/elmejorjamon.es\\\/#organization\"},\"potentialAction\":[{\"@type\":\"SearchAction\",\"target\":{\"@type\":\"EntryPoint\",\"urlTemplate\":\"https:\\\/\\\/elmejorjamon.es\\\/?s={search_term_string}\"},\"query-input\":{\"@type\":\"PropertyValueSpecification\",\"valueRequired\":true,\"valueName\":\"search_term_string\"}}],\"inLanguage\":\"de\"},{\"@type\":\"Organization\",\"@id\":\"https:\\\/\\\/elmejorjamon.es\\\/#organization\",\"name\":\"El Mejor Jam\u00f3n\",\"url\":\"https:\\\/\\\/elmejorjamon.es\\\/\",\"logo\":{\"@type\":\"ImageObject\",\"inLanguage\":\"de\",\"@id\":\"https:\\\/\\\/elmejorjamon.es\\\/#\\\/schema\\\/logo\\\/image\\\/\",\"url\":\"https:\\\/\\\/elmejorjamon.es\\\/wp-content\\\/uploads\\\/2025\\\/01\\\/logocorreos.png\",\"contentUrl\":\"https:\\\/\\\/elmejorjamon.es\\\/wp-content\\\/uploads\\\/2025\\\/01\\\/logocorreos.png\",\"width\":277,\"height\":200,\"caption\":\"El Mejor Jam\u00f3n\"},\"image\":{\"@id\":\"https:\\\/\\\/elmejorjamon.es\\\/#\\\/schema\\\/logo\\\/image\\\/\"},\"sameAs\":[\"https:\\\/\\\/www.facebook.com\\\/elmejorjamonweb\",\"https:\\\/\\\/x.com\\\/elmejorjamonweb\",\"https:\\\/\\\/www.instagram.com\\\/elmejorjamonweb\\\/\"]}]}<\/script>\n<!-- \/ Yoast SEO plugin. -->","yoast_head_json":{"title":"Iberischer Schinken Bellota Monteparra D.O. von Guijuelo - El Mejor Jam\u00f3n","robots":{"index":"index","follow":"follow","max-snippet":"max-snippet:-1","max-image-preview":"max-image-preview:large","max-video-preview":"max-video-preview:-1"},"canonical":"https:\/\/elmejorjamon.es\/de\/producto\/iberischer-schinken-bellota-monteparra-do-von-ca-75-kg-guijuelo\/","og_locale":"de_DE","og_type":"article","og_title":"Iberischer Schinken Bellota Monteparra D.O. von Guijuelo - El Mejor Jam\u00f3n","og_description":"Iberischer Schinken Bellota Monteparra D.O. von Guijuelo","og_url":"https:\/\/elmejorjamon.es\/de\/producto\/iberischer-schinken-bellota-monteparra-do-von-ca-75-kg-guijuelo\/","og_site_name":"El Mejor Jam\u00f3n","article_publisher":"https:\/\/www.facebook.com\/elmejorjamonweb","og_image":[{"width":1100,"height":1422,"url":"https:\/\/elmejorjamon.es\/wp-content\/uploads\/2007\/11\/1761-thickbox_default-Jamon-de-Bellota-75berico-Monteparra-D.O.-Guijuelo.jpg","type":"image\/jpeg"}],"twitter_card":"summary_large_image","twitter_site":"@elmejorjamonweb","twitter_misc":{"Gesch\u00e4tzte Lesezeit":"1\u00a0Minute"},"schema":{"@context":"https:\/\/schema.org","@graph":[{"@type":"WebPage","@id":"https:\/\/elmejorjamon.es\/de\/producto\/iberischer-schinken-bellota-monteparra-do-von-ca-75-kg-guijuelo\/","url":"https:\/\/elmejorjamon.es\/de\/producto\/iberischer-schinken-bellota-monteparra-do-von-ca-75-kg-guijuelo\/","name":"Iberischer Schinken Bellota Monteparra D.O. von Guijuelo - El Mejor Jam\u00f3n","isPartOf":{"@id":"https:\/\/elmejorjamon.es\/#website"},"primaryImageOfPage":{"@id":"https:\/\/elmejorjamon.es\/de\/producto\/iberischer-schinken-bellota-monteparra-do-von-ca-75-kg-guijuelo\/#primaryimage"},"image":{"@id":"https:\/\/elmejorjamon.es\/de\/producto\/iberischer-schinken-bellota-monteparra-do-von-ca-75-kg-guijuelo\/#primaryimage"},"thumbnailUrl":"https:\/\/elmejorjamon.es\/wp-content\/uploads\/2007\/11\/1761-thickbox_default-Jamon-de-Bellota-75berico-Monteparra-D.O.-Guijuelo.jpg","datePublished":"2025-09-19T07:06:36+00:00","breadcrumb":{"@id":"https:\/\/elmejorjamon.es\/de\/producto\/iberischer-schinken-bellota-monteparra-do-von-ca-75-kg-guijuelo\/#breadcrumb"},"inLanguage":"de","potentialAction":[{"@type":"ReadAction","target":["https:\/\/elmejorjamon.es\/de\/producto\/iberischer-schinken-bellota-monteparra-do-von-ca-75-kg-guijuelo\/"]}]},{"@type":"ImageObject","inLanguage":"de","@id":"https:\/\/elmejorjamon.es\/de\/producto\/iberischer-schinken-bellota-monteparra-do-von-ca-75-kg-guijuelo\/#primaryimage","url":"https:\/\/elmejorjamon.es\/wp-content\/uploads\/2007\/11\/1761-thickbox_default-Jamon-de-Bellota-75berico-Monteparra-D.O.-Guijuelo.jpg","contentUrl":"https:\/\/elmejorjamon.es\/wp-content\/uploads\/2007\/11\/1761-thickbox_default-Jamon-de-Bellota-75berico-Monteparra-D.O.-Guijuelo.jpg","width":1100,"height":1422},{"@type":"BreadcrumbList","@id":"https:\/\/elmejorjamon.es\/de\/producto\/iberischer-schinken-bellota-monteparra-do-von-ca-75-kg-guijuelo\/#breadcrumb","itemListElement":[{"@type":"ListItem","position":1,"name":"Portada","item":"https:\/\/elmejorjamon.es\/de\/"},{"@type":"ListItem","position":2,"name":"Schnellstart","item":"https:\/\/elmejorjamon.es\/de\/"},{"@type":"ListItem","position":3,"name":"Iberischer Schinken Bellota Monteparra D.O. von Guijuelo"}]},{"@type":"WebSite","@id":"https:\/\/elmejorjamon.es\/#website","url":"https:\/\/elmejorjamon.es\/","name":"El Mejor Jam\u00f3n","description":"Comprar jamones y embutidos a buen precio","publisher":{"@id":"https:\/\/elmejorjamon.es\/#organization"},"potentialAction":[{"@type":"SearchAction","target":{"@type":"EntryPoint","urlTemplate":"https:\/\/elmejorjamon.es\/?s={search_term_string}"},"query-input":{"@type":"PropertyValueSpecification","valueRequired":true,"valueName":"search_term_string"}}],"inLanguage":"de"},{"@type":"Organization","@id":"https:\/\/elmejorjamon.es\/#organization","name":"El Mejor Jam\u00f3n","url":"https:\/\/elmejorjamon.es\/","logo":{"@type":"ImageObject","inLanguage":"de","@id":"https:\/\/elmejorjamon.es\/#\/schema\/logo\/image\/","url":"https:\/\/elmejorjamon.es\/wp-content\/uploads\/2025\/01\/logocorreos.png","contentUrl":"https:\/\/elmejorjamon.es\/wp-content\/uploads\/2025\/01\/logocorreos.png","width":277,"height":200,"caption":"El Mejor Jam\u00f3n"},"image":{"@id":"https:\/\/elmejorjamon.es\/#\/schema\/logo\/image\/"},"sameAs":["https:\/\/www.facebook.com\/elmejorjamonweb","https:\/\/x.com\/elmejorjamonweb","https:\/\/www.instagram.com\/elmejorjamonweb\/"]}]}},"_links":{"self":[{"href":"https:\/\/elmejorjamon.es\/de\/wp-json\/wp\/v2\/product\/238","targetHints":{"allow":["GET"]}}],"collection":[{"href":"https:\/\/elmejorjamon.es\/de\/wp-json\/wp\/v2\/product"}],"about":[{"href":"https:\/\/elmejorjamon.es\/de\/wp-json\/wp\/v2\/types\/product"}],"replies":[{"embeddable":true,"href":"https:\/\/elmejorjamon.es\/de\/wp-json\/wp\/v2\/comments?post=238"}],"wp:featuredmedia":[{"embeddable":true,"href":"https:\/\/elmejorjamon.es\/de\/wp-json\/wp\/v2\/media\/196"}],"wp:attachment":[{"href":"https:\/\/elmejorjamon.es\/de\/wp-json\/wp\/v2\/media?parent=238"}],"wp:term":[{"taxonomy":"product_brand","embeddable":true,"href":"https:\/\/elmejorjamon.es\/de\/wp-json\/wp\/v2\/product_brand?post=238"},{"taxonomy":"product_cat","embeddable":true,"href":"https:\/\/elmejorjamon.es\/de\/wp-json\/wp\/v2\/product_cat?post=238"},{"taxonomy":"product_tag","embeddable":true,"href":"https:\/\/elmejorjamon.es\/de\/wp-json\/wp\/v2\/product_tag?post=238"}],"curies":[{"name":"wp","href":"https:\/\/api.w.org\/{rel}","templated":true}]}}