{"id":21169,"date":"2025-11-20T17:48:19","date_gmt":"2025-11-20T16:48:19","guid":{"rendered":"https:\/\/elmejorjamon.es\/?post_type=product&#038;p=21169"},"modified":"2026-01-15T09:01:40","modified_gmt":"2026-01-15T08:01:40","slug":"monteparra-maschinell-geschnittene-iberische-salami","status":"publish","type":"product","link":"https:\/\/elmejorjamon.es\/de\/producto\/monteparra-maschinell-geschnittene-iberische-salami\/","title":{"rendered":"Monteparra Maschinell geschnittene iberische Salami"},"content":{"rendered":"<p>Maschinell geschnittene iberische Salami, 100-g-Packung<\/p>\n<p>ZUTATEN: Schweinefleisch und -fett, Salz, Dextrin, Gew\u00fcrze, Dextrose, Emulgator (E-450), S\u00e4ureregulatoren (E-301, E-331) und Konservierungsstoffe (E-250, E-252)<\/p>\n<p>LAGERUNG: K\u00fchl und trocken lagern.<\/p>\n<p>ALLERGENE: Enth\u00e4lt keine Allergene gem\u00e4\u00df Anhang II der Verordnung (EU) 1169\/2011.<\/p>\n<p>N\u00c4HRWERTANGABEN Durchschnittliche N\u00e4hrwerte pro 100 g:<\/p>\n<p>Brennstoff: 1775 kJ \/ 428 kcal<\/p>\n<p>Fett: 33,5 g<\/p>\n<p>Davon ges\u00e4ttigte Fetts\u00e4uren: 13,8 g<\/p>\n<p>Kohlenhydrate: 1,8 g<\/p>\n<p>Davon Zucker: 1,2 g<\/p>\n<p>Eiwei\u00df: 29,7 g<\/p>\n<p>Salz: 6,9 g<\/p>\n","protected":false},"excerpt":{"rendered":"<p>Monteparra Maschinell geschnittene iberische Salami<\/p>\n","protected":false},"featured_media":21153,"comment_status":"open","ping_status":"closed","template":"","meta":{"_et_pb_use_builder":"","_et_pb_old_content":"","_et_gb_content_width":"","_sitemap_exclude":false,"_sitemap_priority":"","_sitemap_frequency":""},"product_brand":[],"product_cat":[48,905,30,24],"product_tag":[],"class_list":{"0":"post-21169","1":"product","2":"type-product","3":"status-publish","4":"has-post-thumbnail","6":"product_cat-alle-produkte","7":"product_cat-angebote","8":"product_cat-embutidos-ibericos-de","9":"product_cat-startseite","10":"product_shipping_class-normal-de","12":"first","13":"instock","14":"sale","15":"shipping-taxable","16":"purchasable","17":"product-type-simple"},"yoast_head":"<!-- This site is optimized with the Yoast SEO plugin v27.4 - https:\/\/yoast.com\/product\/yoast-seo-wordpress\/ -->\n<title>kaufen Monteparra Maschinell geschnittene iberische Salami - El Mejor Jam\u00f3n<\/title>\n<meta name=\"description\" content=\"Zutaten: Schweinefleisch und -fett, Salz, Dextrin, Gew\u00fcrze, Dextrose, Emulgator (E 450), S\u00e4ureregulatoren (E 301, E 331) und Konservierungsstoffe (E 250, E 252)\" \/>\n<meta name=\"robots\" content=\"index, follow, max-snippet:-1, max-image-preview:large, max-video-preview:-1\" \/>\n<link rel=\"canonical\" href=\"https:\/\/elmejorjamon.es\/de\/producto\/monteparra-maschinell-geschnittene-iberische-salami\/\" \/>\n<meta property=\"og:locale\" content=\"de_DE\" \/>\n<meta property=\"og:type\" content=\"article\" \/>\n<meta property=\"og:title\" content=\"kaufen Monteparra Maschinell geschnittene iberische Salami - El Mejor Jam\u00f3n\" \/>\n<meta property=\"og:description\" content=\"Zutaten: Schweinefleisch und -fett, Salz, Dextrin, Gew\u00fcrze, Dextrose, Emulgator (E 450), S\u00e4ureregulatoren (E 301, E 331) und Konservierungsstoffe (E 250, E 252)\" \/>\n<meta property=\"og:url\" content=\"https:\/\/elmejorjamon.es\/de\/producto\/monteparra-maschinell-geschnittene-iberische-salami\/\" \/>\n<meta property=\"og:site_name\" content=\"El Mejor Jam\u00f3n\" \/>\n<meta property=\"article:publisher\" content=\"https:\/\/www.facebook.com\/elmejorjamonweb\" \/>\n<meta property=\"article:modified_time\" content=\"2026-01-15T08:01:40+00:00\" \/>\n<meta property=\"og:image\" content=\"https:\/\/elmejorjamon.es\/wp-content\/uploads\/2025\/11\/SOBRESALCHICHON.jpg\" \/>\n\t<meta property=\"og:image:width\" content=\"582\" \/>\n\t<meta property=\"og:image:height\" content=\"930\" \/>\n\t<meta property=\"og:image:type\" content=\"image\/jpeg\" \/>\n<meta name=\"twitter:card\" content=\"summary_large_image\" \/>\n<meta name=\"twitter:site\" content=\"@elmejorjamonweb\" \/>\n<meta name=\"twitter:label1\" content=\"Gesch\u00e4tzte Lesezeit\" \/>\n\t<meta name=\"twitter:data1\" content=\"1\u00a0Minute\" \/>\n<script type=\"application\/ld+json\" class=\"yoast-schema-graph\">{\"@context\":\"https:\\\/\\\/schema.org\",\"@graph\":[{\"@type\":\"WebPage\",\"@id\":\"https:\\\/\\\/elmejorjamon.es\\\/de\\\/producto\\\/monteparra-maschinell-geschnittene-iberische-salami\\\/\",\"url\":\"https:\\\/\\\/elmejorjamon.es\\\/de\\\/producto\\\/monteparra-maschinell-geschnittene-iberische-salami\\\/\",\"name\":\"kaufen Monteparra Maschinell geschnittene iberische Salami - El Mejor Jam\u00f3n\",\"isPartOf\":{\"@id\":\"https:\\\/\\\/elmejorjamon.es\\\/#website\"},\"primaryImageOfPage\":{\"@id\":\"https:\\\/\\\/elmejorjamon.es\\\/de\\\/producto\\\/monteparra-maschinell-geschnittene-iberische-salami\\\/#primaryimage\"},\"image\":{\"@id\":\"https:\\\/\\\/elmejorjamon.es\\\/de\\\/producto\\\/monteparra-maschinell-geschnittene-iberische-salami\\\/#primaryimage\"},\"thumbnailUrl\":\"https:\\\/\\\/elmejorjamon.es\\\/wp-content\\\/uploads\\\/2025\\\/11\\\/SOBRESALCHICHON.jpg\",\"datePublished\":\"2025-11-20T16:48:19+00:00\",\"dateModified\":\"2026-01-15T08:01:40+00:00\",\"description\":\"Zutaten: Schweinefleisch und -fett, Salz, Dextrin, Gew\u00fcrze, Dextrose, Emulgator (E 450), S\u00e4ureregulatoren (E 301, E 331) und Konservierungsstoffe (E 250, E 252)\",\"breadcrumb\":{\"@id\":\"https:\\\/\\\/elmejorjamon.es\\\/de\\\/producto\\\/monteparra-maschinell-geschnittene-iberische-salami\\\/#breadcrumb\"},\"inLanguage\":\"de\",\"potentialAction\":[{\"@type\":\"ReadAction\",\"target\":[\"https:\\\/\\\/elmejorjamon.es\\\/de\\\/producto\\\/monteparra-maschinell-geschnittene-iberische-salami\\\/\"]}]},{\"@type\":\"ImageObject\",\"inLanguage\":\"de\",\"@id\":\"https:\\\/\\\/elmejorjamon.es\\\/de\\\/producto\\\/monteparra-maschinell-geschnittene-iberische-salami\\\/#primaryimage\",\"url\":\"https:\\\/\\\/elmejorjamon.es\\\/wp-content\\\/uploads\\\/2025\\\/11\\\/SOBRESALCHICHON.jpg\",\"contentUrl\":\"https:\\\/\\\/elmejorjamon.es\\\/wp-content\\\/uploads\\\/2025\\\/11\\\/SOBRESALCHICHON.jpg\",\"width\":582,\"height\":930},{\"@type\":\"BreadcrumbList\",\"@id\":\"https:\\\/\\\/elmejorjamon.es\\\/de\\\/producto\\\/monteparra-maschinell-geschnittene-iberische-salami\\\/#breadcrumb\",\"itemListElement\":[{\"@type\":\"ListItem\",\"position\":1,\"name\":\"Portada\",\"item\":\"https:\\\/\\\/elmejorjamon.es\\\/de\\\/\"},{\"@type\":\"ListItem\",\"position\":2,\"name\":\"Schnellstart\",\"item\":\"https:\\\/\\\/elmejorjamon.es\\\/de\\\/\"},{\"@type\":\"ListItem\",\"position\":3,\"name\":\"Monteparra Maschinell geschnittene iberische Salami\"}]},{\"@type\":\"WebSite\",\"@id\":\"https:\\\/\\\/elmejorjamon.es\\\/#website\",\"url\":\"https:\\\/\\\/elmejorjamon.es\\\/\",\"name\":\"El Mejor Jam\u00f3n\",\"description\":\"Comprar jamones y embutidos a buen precio\",\"publisher\":{\"@id\":\"https:\\\/\\\/elmejorjamon.es\\\/#organization\"},\"potentialAction\":[{\"@type\":\"SearchAction\",\"target\":{\"@type\":\"EntryPoint\",\"urlTemplate\":\"https:\\\/\\\/elmejorjamon.es\\\/?s={search_term_string}\"},\"query-input\":{\"@type\":\"PropertyValueSpecification\",\"valueRequired\":true,\"valueName\":\"search_term_string\"}}],\"inLanguage\":\"de\"},{\"@type\":\"Organization\",\"@id\":\"https:\\\/\\\/elmejorjamon.es\\\/#organization\",\"name\":\"El Mejor Jam\u00f3n\",\"url\":\"https:\\\/\\\/elmejorjamon.es\\\/\",\"logo\":{\"@type\":\"ImageObject\",\"inLanguage\":\"de\",\"@id\":\"https:\\\/\\\/elmejorjamon.es\\\/#\\\/schema\\\/logo\\\/image\\\/\",\"url\":\"https:\\\/\\\/elmejorjamon.es\\\/wp-content\\\/uploads\\\/2025\\\/01\\\/logocorreos.png\",\"contentUrl\":\"https:\\\/\\\/elmejorjamon.es\\\/wp-content\\\/uploads\\\/2025\\\/01\\\/logocorreos.png\",\"width\":277,\"height\":200,\"caption\":\"El Mejor Jam\u00f3n\"},\"image\":{\"@id\":\"https:\\\/\\\/elmejorjamon.es\\\/#\\\/schema\\\/logo\\\/image\\\/\"},\"sameAs\":[\"https:\\\/\\\/www.facebook.com\\\/elmejorjamonweb\",\"https:\\\/\\\/x.com\\\/elmejorjamonweb\",\"https:\\\/\\\/www.instagram.com\\\/elmejorjamonweb\\\/\"]}]}<\/script>\n<!-- \/ Yoast SEO plugin. -->","yoast_head_json":{"title":"kaufen Monteparra Maschinell geschnittene iberische Salami - El Mejor Jam\u00f3n","description":"Zutaten: Schweinefleisch und -fett, Salz, Dextrin, Gew\u00fcrze, Dextrose, Emulgator (E 450), S\u00e4ureregulatoren (E 301, E 331) und Konservierungsstoffe (E 250, E 252)","robots":{"index":"index","follow":"follow","max-snippet":"max-snippet:-1","max-image-preview":"max-image-preview:large","max-video-preview":"max-video-preview:-1"},"canonical":"https:\/\/elmejorjamon.es\/de\/producto\/monteparra-maschinell-geschnittene-iberische-salami\/","og_locale":"de_DE","og_type":"article","og_title":"kaufen Monteparra Maschinell geschnittene iberische Salami - El Mejor Jam\u00f3n","og_description":"Zutaten: Schweinefleisch und -fett, Salz, Dextrin, Gew\u00fcrze, Dextrose, Emulgator (E 450), S\u00e4ureregulatoren (E 301, E 331) und Konservierungsstoffe (E 250, E 252)","og_url":"https:\/\/elmejorjamon.es\/de\/producto\/monteparra-maschinell-geschnittene-iberische-salami\/","og_site_name":"El Mejor Jam\u00f3n","article_publisher":"https:\/\/www.facebook.com\/elmejorjamonweb","article_modified_time":"2026-01-15T08:01:40+00:00","og_image":[{"width":582,"height":930,"url":"https:\/\/elmejorjamon.es\/wp-content\/uploads\/2025\/11\/SOBRESALCHICHON.jpg","type":"image\/jpeg"}],"twitter_card":"summary_large_image","twitter_site":"@elmejorjamonweb","twitter_misc":{"Gesch\u00e4tzte Lesezeit":"1\u00a0Minute"},"schema":{"@context":"https:\/\/schema.org","@graph":[{"@type":"WebPage","@id":"https:\/\/elmejorjamon.es\/de\/producto\/monteparra-maschinell-geschnittene-iberische-salami\/","url":"https:\/\/elmejorjamon.es\/de\/producto\/monteparra-maschinell-geschnittene-iberische-salami\/","name":"kaufen Monteparra Maschinell geschnittene iberische Salami - El Mejor Jam\u00f3n","isPartOf":{"@id":"https:\/\/elmejorjamon.es\/#website"},"primaryImageOfPage":{"@id":"https:\/\/elmejorjamon.es\/de\/producto\/monteparra-maschinell-geschnittene-iberische-salami\/#primaryimage"},"image":{"@id":"https:\/\/elmejorjamon.es\/de\/producto\/monteparra-maschinell-geschnittene-iberische-salami\/#primaryimage"},"thumbnailUrl":"https:\/\/elmejorjamon.es\/wp-content\/uploads\/2025\/11\/SOBRESALCHICHON.jpg","datePublished":"2025-11-20T16:48:19+00:00","dateModified":"2026-01-15T08:01:40+00:00","description":"Zutaten: Schweinefleisch und -fett, Salz, Dextrin, Gew\u00fcrze, Dextrose, Emulgator (E 450), S\u00e4ureregulatoren (E 301, E 331) und Konservierungsstoffe (E 250, E 252)","breadcrumb":{"@id":"https:\/\/elmejorjamon.es\/de\/producto\/monteparra-maschinell-geschnittene-iberische-salami\/#breadcrumb"},"inLanguage":"de","potentialAction":[{"@type":"ReadAction","target":["https:\/\/elmejorjamon.es\/de\/producto\/monteparra-maschinell-geschnittene-iberische-salami\/"]}]},{"@type":"ImageObject","inLanguage":"de","@id":"https:\/\/elmejorjamon.es\/de\/producto\/monteparra-maschinell-geschnittene-iberische-salami\/#primaryimage","url":"https:\/\/elmejorjamon.es\/wp-content\/uploads\/2025\/11\/SOBRESALCHICHON.jpg","contentUrl":"https:\/\/elmejorjamon.es\/wp-content\/uploads\/2025\/11\/SOBRESALCHICHON.jpg","width":582,"height":930},{"@type":"BreadcrumbList","@id":"https:\/\/elmejorjamon.es\/de\/producto\/monteparra-maschinell-geschnittene-iberische-salami\/#breadcrumb","itemListElement":[{"@type":"ListItem","position":1,"name":"Portada","item":"https:\/\/elmejorjamon.es\/de\/"},{"@type":"ListItem","position":2,"name":"Schnellstart","item":"https:\/\/elmejorjamon.es\/de\/"},{"@type":"ListItem","position":3,"name":"Monteparra Maschinell geschnittene iberische Salami"}]},{"@type":"WebSite","@id":"https:\/\/elmejorjamon.es\/#website","url":"https:\/\/elmejorjamon.es\/","name":"El Mejor Jam\u00f3n","description":"Comprar jamones y embutidos a buen precio","publisher":{"@id":"https:\/\/elmejorjamon.es\/#organization"},"potentialAction":[{"@type":"SearchAction","target":{"@type":"EntryPoint","urlTemplate":"https:\/\/elmejorjamon.es\/?s={search_term_string}"},"query-input":{"@type":"PropertyValueSpecification","valueRequired":true,"valueName":"search_term_string"}}],"inLanguage":"de"},{"@type":"Organization","@id":"https:\/\/elmejorjamon.es\/#organization","name":"El Mejor Jam\u00f3n","url":"https:\/\/elmejorjamon.es\/","logo":{"@type":"ImageObject","inLanguage":"de","@id":"https:\/\/elmejorjamon.es\/#\/schema\/logo\/image\/","url":"https:\/\/elmejorjamon.es\/wp-content\/uploads\/2025\/01\/logocorreos.png","contentUrl":"https:\/\/elmejorjamon.es\/wp-content\/uploads\/2025\/01\/logocorreos.png","width":277,"height":200,"caption":"El Mejor Jam\u00f3n"},"image":{"@id":"https:\/\/elmejorjamon.es\/#\/schema\/logo\/image\/"},"sameAs":["https:\/\/www.facebook.com\/elmejorjamonweb","https:\/\/x.com\/elmejorjamonweb","https:\/\/www.instagram.com\/elmejorjamonweb\/"]}]}},"_links":{"self":[{"href":"https:\/\/elmejorjamon.es\/de\/wp-json\/wp\/v2\/product\/21169","targetHints":{"allow":["GET"]}}],"collection":[{"href":"https:\/\/elmejorjamon.es\/de\/wp-json\/wp\/v2\/product"}],"about":[{"href":"https:\/\/elmejorjamon.es\/de\/wp-json\/wp\/v2\/types\/product"}],"replies":[{"embeddable":true,"href":"https:\/\/elmejorjamon.es\/de\/wp-json\/wp\/v2\/comments?post=21169"}],"wp:featuredmedia":[{"embeddable":true,"href":"https:\/\/elmejorjamon.es\/de\/wp-json\/wp\/v2\/media\/21153"}],"wp:attachment":[{"href":"https:\/\/elmejorjamon.es\/de\/wp-json\/wp\/v2\/media?parent=21169"}],"wp:term":[{"taxonomy":"product_brand","embeddable":true,"href":"https:\/\/elmejorjamon.es\/de\/wp-json\/wp\/v2\/product_brand?post=21169"},{"taxonomy":"product_cat","embeddable":true,"href":"https:\/\/elmejorjamon.es\/de\/wp-json\/wp\/v2\/product_cat?post=21169"},{"taxonomy":"product_tag","embeddable":true,"href":"https:\/\/elmejorjamon.es\/de\/wp-json\/wp\/v2\/product_tag?post=21169"}],"curies":[{"name":"wp","href":"https:\/\/api.w.org\/{rel}","templated":true}]}}