{"id":1951,"date":"2012-01-14T09:58:53","date_gmt":"2012-01-14T08:58:53","guid":{"rendered":"https:\/\/nueva.elmejorjamon.es\/producto\/gran-auswahl-schinken-der-familie-8-kg-ca-von-vallterra\/"},"modified":"2012-01-14T09:58:53","modified_gmt":"2012-01-14T08:58:53","slug":"gran-auswahl-schinken-der-familie-8-kg-ca-von-vallterra","status":"publish","type":"product","link":"https:\/\/elmejorjamon.es\/de\/producto\/gran-auswahl-schinken-der-familie-8-kg-ca-von-vallterra\/","title":{"rendered":"Gran auswahl Schinken der Familie 8 kg. ca. von Vallterra"},"content":{"rendered":"<p>Der Gran auswahl Schinken der Familie stammt von ausgew\u00e4hlten Schweinen, die im Freien aufgezogen und gef\u00fcttert werden. Das Produkt aus Eichen und Korkeichen liefert das bestm\u00f6gliche Futter f\u00fcr ihre Mast. Von Hand gemacht, hinterl\u00e4sst einen s\u00fc\u00dfen und saftigen Schinken. Mit einem besonderen Aroma und mild.<\/p>\n","protected":false},"excerpt":{"rendered":"<p>Gran auswahl Schinken der Familie 8 kg. ca. von Vallterra<\/p>\n","protected":false},"featured_media":1924,"comment_status":"open","ping_status":"closed","template":"","meta":{"_et_pb_use_builder":"","_et_pb_old_content":"","_et_gb_content_width":"","_sitemap_exclude":false,"_sitemap_priority":"","_sitemap_frequency":""},"product_brand":[],"product_cat":[48,108,24],"product_tag":[],"class_list":{"0":"post-1951","1":"product","2":"type-product","3":"status-publish","4":"has-post-thumbnail","6":"product_cat-alle-produkte","7":"product_cat-iberischer-schinken","8":"product_cat-startseite","9":"product_shipping_class-normal-de","10":"pa_opciones-gesamtesstuck-de","11":"pa_opciones-4c-mitdemmessergeschnittenun-de","12":"pa_opciones-9c-ohneknochenundvakuumverpa-de","14":"first","15":"instock","16":"shipping-taxable","17":"purchasable","18":"product-type-variable","19":"has-default-attributes"},"yoast_head":"<!-- This site is optimized with the Yoast SEO plugin v27.4 - https:\/\/yoast.com\/product\/yoast-seo-wordpress\/ -->\n<title>Gran auswahl Schinken der Familie 8 kg. ca. von Vallterra - El Mejor Jam\u00f3n<\/title>\n<meta name=\"robots\" content=\"index, follow, max-snippet:-1, max-image-preview:large, max-video-preview:-1\" \/>\n<link rel=\"canonical\" href=\"https:\/\/elmejorjamon.es\/de\/producto\/gran-auswahl-schinken-der-familie-8-kg-ca-von-vallterra\/\" \/>\n<meta property=\"og:locale\" content=\"de_DE\" \/>\n<meta property=\"og:type\" content=\"article\" \/>\n<meta property=\"og:title\" content=\"Gran auswahl Schinken der Familie 8 kg. ca. von Vallterra - El Mejor Jam\u00f3n\" \/>\n<meta property=\"og:description\" content=\"Gran auswahl Schinken der Familie 8 kg. ca. von Vallterra\" \/>\n<meta property=\"og:url\" content=\"https:\/\/elmejorjamon.es\/de\/producto\/gran-auswahl-schinken-der-familie-8-kg-ca-von-vallterra\/\" \/>\n<meta property=\"og:site_name\" content=\"El Mejor Jam\u00f3n\" \/>\n<meta property=\"article:publisher\" content=\"https:\/\/www.facebook.com\/elmejorjamonweb\" \/>\n<meta property=\"og:image\" content=\"https:\/\/elmejorjamon.es\/wp-content\/uploads\/2012\/01\/1646-thickbox_default-Jamon-Gran-Reserva-de-la-Familia.jpg\" \/>\n\t<meta property=\"og:image:width\" content=\"1100\" \/>\n\t<meta property=\"og:image:height\" content=\"1422\" \/>\n\t<meta property=\"og:image:type\" content=\"image\/jpeg\" \/>\n<meta name=\"twitter:card\" content=\"summary_large_image\" \/>\n<meta name=\"twitter:site\" content=\"@elmejorjamonweb\" \/>\n<script type=\"application\/ld+json\" class=\"yoast-schema-graph\">{\"@context\":\"https:\\\/\\\/schema.org\",\"@graph\":[{\"@type\":\"WebPage\",\"@id\":\"https:\\\/\\\/elmejorjamon.es\\\/de\\\/producto\\\/gran-auswahl-schinken-der-familie-8-kg-ca-von-vallterra\\\/\",\"url\":\"https:\\\/\\\/elmejorjamon.es\\\/de\\\/producto\\\/gran-auswahl-schinken-der-familie-8-kg-ca-von-vallterra\\\/\",\"name\":\"Gran auswahl Schinken der Familie 8 kg. ca. von Vallterra - El Mejor Jam\u00f3n\",\"isPartOf\":{\"@id\":\"https:\\\/\\\/elmejorjamon.es\\\/#website\"},\"primaryImageOfPage\":{\"@id\":\"https:\\\/\\\/elmejorjamon.es\\\/de\\\/producto\\\/gran-auswahl-schinken-der-familie-8-kg-ca-von-vallterra\\\/#primaryimage\"},\"image\":{\"@id\":\"https:\\\/\\\/elmejorjamon.es\\\/de\\\/producto\\\/gran-auswahl-schinken-der-familie-8-kg-ca-von-vallterra\\\/#primaryimage\"},\"thumbnailUrl\":\"https:\\\/\\\/elmejorjamon.es\\\/wp-content\\\/uploads\\\/2012\\\/01\\\/1646-thickbox_default-Jamon-Gran-Reserva-de-la-Familia.jpg\",\"datePublished\":\"2012-01-14T08:58:53+00:00\",\"breadcrumb\":{\"@id\":\"https:\\\/\\\/elmejorjamon.es\\\/de\\\/producto\\\/gran-auswahl-schinken-der-familie-8-kg-ca-von-vallterra\\\/#breadcrumb\"},\"inLanguage\":\"de\",\"potentialAction\":[{\"@type\":\"ReadAction\",\"target\":[\"https:\\\/\\\/elmejorjamon.es\\\/de\\\/producto\\\/gran-auswahl-schinken-der-familie-8-kg-ca-von-vallterra\\\/\"]}]},{\"@type\":\"ImageObject\",\"inLanguage\":\"de\",\"@id\":\"https:\\\/\\\/elmejorjamon.es\\\/de\\\/producto\\\/gran-auswahl-schinken-der-familie-8-kg-ca-von-vallterra\\\/#primaryimage\",\"url\":\"https:\\\/\\\/elmejorjamon.es\\\/wp-content\\\/uploads\\\/2012\\\/01\\\/1646-thickbox_default-Jamon-Gran-Reserva-de-la-Familia.jpg\",\"contentUrl\":\"https:\\\/\\\/elmejorjamon.es\\\/wp-content\\\/uploads\\\/2012\\\/01\\\/1646-thickbox_default-Jamon-Gran-Reserva-de-la-Familia.jpg\",\"width\":1100,\"height\":1422},{\"@type\":\"BreadcrumbList\",\"@id\":\"https:\\\/\\\/elmejorjamon.es\\\/de\\\/producto\\\/gran-auswahl-schinken-der-familie-8-kg-ca-von-vallterra\\\/#breadcrumb\",\"itemListElement\":[{\"@type\":\"ListItem\",\"position\":1,\"name\":\"Portada\",\"item\":\"https:\\\/\\\/elmejorjamon.es\\\/de\\\/\"},{\"@type\":\"ListItem\",\"position\":2,\"name\":\"Schnellstart\",\"item\":\"https:\\\/\\\/elmejorjamon.es\\\/de\\\/\"},{\"@type\":\"ListItem\",\"position\":3,\"name\":\"Gran auswahl Schinken der Familie 8 kg. ca. von Vallterra\"}]},{\"@type\":\"WebSite\",\"@id\":\"https:\\\/\\\/elmejorjamon.es\\\/#website\",\"url\":\"https:\\\/\\\/elmejorjamon.es\\\/\",\"name\":\"El Mejor Jam\u00f3n\",\"description\":\"Comprar jamones y embutidos a buen precio\",\"publisher\":{\"@id\":\"https:\\\/\\\/elmejorjamon.es\\\/#organization\"},\"potentialAction\":[{\"@type\":\"SearchAction\",\"target\":{\"@type\":\"EntryPoint\",\"urlTemplate\":\"https:\\\/\\\/elmejorjamon.es\\\/?s={search_term_string}\"},\"query-input\":{\"@type\":\"PropertyValueSpecification\",\"valueRequired\":true,\"valueName\":\"search_term_string\"}}],\"inLanguage\":\"de\"},{\"@type\":\"Organization\",\"@id\":\"https:\\\/\\\/elmejorjamon.es\\\/#organization\",\"name\":\"El Mejor Jam\u00f3n\",\"url\":\"https:\\\/\\\/elmejorjamon.es\\\/\",\"logo\":{\"@type\":\"ImageObject\",\"inLanguage\":\"de\",\"@id\":\"https:\\\/\\\/elmejorjamon.es\\\/#\\\/schema\\\/logo\\\/image\\\/\",\"url\":\"https:\\\/\\\/elmejorjamon.es\\\/wp-content\\\/uploads\\\/2025\\\/01\\\/logocorreos.png\",\"contentUrl\":\"https:\\\/\\\/elmejorjamon.es\\\/wp-content\\\/uploads\\\/2025\\\/01\\\/logocorreos.png\",\"width\":277,\"height\":200,\"caption\":\"El Mejor Jam\u00f3n\"},\"image\":{\"@id\":\"https:\\\/\\\/elmejorjamon.es\\\/#\\\/schema\\\/logo\\\/image\\\/\"},\"sameAs\":[\"https:\\\/\\\/www.facebook.com\\\/elmejorjamonweb\",\"https:\\\/\\\/x.com\\\/elmejorjamonweb\",\"https:\\\/\\\/www.instagram.com\\\/elmejorjamonweb\\\/\"]}]}<\/script>\n<!-- \/ Yoast SEO plugin. -->","yoast_head_json":{"title":"Gran auswahl Schinken der Familie 8 kg. ca. von Vallterra - El Mejor Jam\u00f3n","robots":{"index":"index","follow":"follow","max-snippet":"max-snippet:-1","max-image-preview":"max-image-preview:large","max-video-preview":"max-video-preview:-1"},"canonical":"https:\/\/elmejorjamon.es\/de\/producto\/gran-auswahl-schinken-der-familie-8-kg-ca-von-vallterra\/","og_locale":"de_DE","og_type":"article","og_title":"Gran auswahl Schinken der Familie 8 kg. ca. von Vallterra - El Mejor Jam\u00f3n","og_description":"Gran auswahl Schinken der Familie 8 kg. ca. von Vallterra","og_url":"https:\/\/elmejorjamon.es\/de\/producto\/gran-auswahl-schinken-der-familie-8-kg-ca-von-vallterra\/","og_site_name":"El Mejor Jam\u00f3n","article_publisher":"https:\/\/www.facebook.com\/elmejorjamonweb","og_image":[{"width":1100,"height":1422,"url":"https:\/\/elmejorjamon.es\/wp-content\/uploads\/2012\/01\/1646-thickbox_default-Jamon-Gran-Reserva-de-la-Familia.jpg","type":"image\/jpeg"}],"twitter_card":"summary_large_image","twitter_site":"@elmejorjamonweb","schema":{"@context":"https:\/\/schema.org","@graph":[{"@type":"WebPage","@id":"https:\/\/elmejorjamon.es\/de\/producto\/gran-auswahl-schinken-der-familie-8-kg-ca-von-vallterra\/","url":"https:\/\/elmejorjamon.es\/de\/producto\/gran-auswahl-schinken-der-familie-8-kg-ca-von-vallterra\/","name":"Gran auswahl Schinken der Familie 8 kg. ca. von Vallterra - El Mejor Jam\u00f3n","isPartOf":{"@id":"https:\/\/elmejorjamon.es\/#website"},"primaryImageOfPage":{"@id":"https:\/\/elmejorjamon.es\/de\/producto\/gran-auswahl-schinken-der-familie-8-kg-ca-von-vallterra\/#primaryimage"},"image":{"@id":"https:\/\/elmejorjamon.es\/de\/producto\/gran-auswahl-schinken-der-familie-8-kg-ca-von-vallterra\/#primaryimage"},"thumbnailUrl":"https:\/\/elmejorjamon.es\/wp-content\/uploads\/2012\/01\/1646-thickbox_default-Jamon-Gran-Reserva-de-la-Familia.jpg","datePublished":"2012-01-14T08:58:53+00:00","breadcrumb":{"@id":"https:\/\/elmejorjamon.es\/de\/producto\/gran-auswahl-schinken-der-familie-8-kg-ca-von-vallterra\/#breadcrumb"},"inLanguage":"de","potentialAction":[{"@type":"ReadAction","target":["https:\/\/elmejorjamon.es\/de\/producto\/gran-auswahl-schinken-der-familie-8-kg-ca-von-vallterra\/"]}]},{"@type":"ImageObject","inLanguage":"de","@id":"https:\/\/elmejorjamon.es\/de\/producto\/gran-auswahl-schinken-der-familie-8-kg-ca-von-vallterra\/#primaryimage","url":"https:\/\/elmejorjamon.es\/wp-content\/uploads\/2012\/01\/1646-thickbox_default-Jamon-Gran-Reserva-de-la-Familia.jpg","contentUrl":"https:\/\/elmejorjamon.es\/wp-content\/uploads\/2012\/01\/1646-thickbox_default-Jamon-Gran-Reserva-de-la-Familia.jpg","width":1100,"height":1422},{"@type":"BreadcrumbList","@id":"https:\/\/elmejorjamon.es\/de\/producto\/gran-auswahl-schinken-der-familie-8-kg-ca-von-vallterra\/#breadcrumb","itemListElement":[{"@type":"ListItem","position":1,"name":"Portada","item":"https:\/\/elmejorjamon.es\/de\/"},{"@type":"ListItem","position":2,"name":"Schnellstart","item":"https:\/\/elmejorjamon.es\/de\/"},{"@type":"ListItem","position":3,"name":"Gran auswahl Schinken der Familie 8 kg. ca. von Vallterra"}]},{"@type":"WebSite","@id":"https:\/\/elmejorjamon.es\/#website","url":"https:\/\/elmejorjamon.es\/","name":"El Mejor Jam\u00f3n","description":"Comprar jamones y embutidos a buen precio","publisher":{"@id":"https:\/\/elmejorjamon.es\/#organization"},"potentialAction":[{"@type":"SearchAction","target":{"@type":"EntryPoint","urlTemplate":"https:\/\/elmejorjamon.es\/?s={search_term_string}"},"query-input":{"@type":"PropertyValueSpecification","valueRequired":true,"valueName":"search_term_string"}}],"inLanguage":"de"},{"@type":"Organization","@id":"https:\/\/elmejorjamon.es\/#organization","name":"El Mejor Jam\u00f3n","url":"https:\/\/elmejorjamon.es\/","logo":{"@type":"ImageObject","inLanguage":"de","@id":"https:\/\/elmejorjamon.es\/#\/schema\/logo\/image\/","url":"https:\/\/elmejorjamon.es\/wp-content\/uploads\/2025\/01\/logocorreos.png","contentUrl":"https:\/\/elmejorjamon.es\/wp-content\/uploads\/2025\/01\/logocorreos.png","width":277,"height":200,"caption":"El Mejor Jam\u00f3n"},"image":{"@id":"https:\/\/elmejorjamon.es\/#\/schema\/logo\/image\/"},"sameAs":["https:\/\/www.facebook.com\/elmejorjamonweb","https:\/\/x.com\/elmejorjamonweb","https:\/\/www.instagram.com\/elmejorjamonweb\/"]}]}},"_links":{"self":[{"href":"https:\/\/elmejorjamon.es\/de\/wp-json\/wp\/v2\/product\/1951","targetHints":{"allow":["GET"]}}],"collection":[{"href":"https:\/\/elmejorjamon.es\/de\/wp-json\/wp\/v2\/product"}],"about":[{"href":"https:\/\/elmejorjamon.es\/de\/wp-json\/wp\/v2\/types\/product"}],"replies":[{"embeddable":true,"href":"https:\/\/elmejorjamon.es\/de\/wp-json\/wp\/v2\/comments?post=1951"}],"wp:featuredmedia":[{"embeddable":true,"href":"https:\/\/elmejorjamon.es\/de\/wp-json\/wp\/v2\/media\/1924"}],"wp:attachment":[{"href":"https:\/\/elmejorjamon.es\/de\/wp-json\/wp\/v2\/media?parent=1951"}],"wp:term":[{"taxonomy":"product_brand","embeddable":true,"href":"https:\/\/elmejorjamon.es\/de\/wp-json\/wp\/v2\/product_brand?post=1951"},{"taxonomy":"product_cat","embeddable":true,"href":"https:\/\/elmejorjamon.es\/de\/wp-json\/wp\/v2\/product_cat?post=1951"},{"taxonomy":"product_tag","embeddable":true,"href":"https:\/\/elmejorjamon.es\/de\/wp-json\/wp\/v2\/product_tag?post=1951"}],"curies":[{"name":"wp","href":"https:\/\/api.w.org\/{rel}","templated":true}]}}