{"id":14754,"date":"2024-11-06T14:05:52","date_gmt":"2024-11-06T13:05:52","guid":{"rendered":"https:\/\/nueva.elmejorjamon.es\/bedingungen-und-konditionen\/"},"modified":"2024-11-15T11:21:17","modified_gmt":"2024-11-15T10:21:17","slug":"bedingungen-und-konditionen","status":"publish","type":"page","link":"https:\/\/elmejorjamon.es\/de\/bedingungen-und-konditionen\/","title":{"rendered":"Bedingungen und Konditionen"},"content":{"rendered":"<p>www.elmejorjamon.es hat zum Schutz der Rechte des Einzelnen, insbesondere in Bezug auf die automatisierte Verarbeitung, und im Interesse der Transparenz gegen\u00fcber dem Benutzer eine Politik aufgestellt, in der alle Verfahren, die Zwecke der Verarbeitung, die Legitimit\u00e4t derselben und auch die dem Benutzer zur Verf\u00fcgung stehenden Instrumente zur Aus\u00fcbung seiner Rechte dargelegt sind. Das Surfen auf dieser Website impliziert die vollst\u00e4ndige Akzeptanz der folgenden Bestimmungen und Nutzungsbedingungen. Die Verwendung von Cookies wird akzeptiert. Wenn Sie damit nicht einverstanden sind, senden Sie bitte eine E-Mail an admin@elmejorjamon.es<\/p>\n<p>Die aktuelle Version dieser Datenschutzerkl\u00e4rung ist die einzige, die f\u00fcr die Dauer Ihrer Nutzung der Website gilt, bis eine neue Version verf\u00fcgbar ist, die sie ersetzt. F\u00fcr weitere Informationen zum Datenschutz laden wir Sie ein, unsere Website zu besuchen.<\/p>\n<p>&nbsp;<\/p>\n<p><strong>Wer ist der f\u00fcr die Verarbeitung Ihrer Daten Verantwortliche?<\/strong><\/p>\n<p>Firmenname: Valls Alimentaci\u00f3n, S.L. CIF: B-03675477 Adresse: F\u00e1brica de la Moneda, 7 Pol. Ind. Tres Hermanas II Telefon: 965463401 Ansprechpartner: Antonio Valls<\/p>\n<p><strong>Datenerfassung<\/strong><\/p>\n<p>Ihre Daten werden vom EIGENT\u00dcMER erfasst Personenbezogene Daten sind Informationen, die sich auf eine identifizierbare oder identifizierbare nat\u00fcrliche Person (betroffene Person) beziehen. Eine identifizierbare Person ist eine Person, die direkt oder indirekt identifiziert werden kann, insbesondere durch Zuordnung zu einem Namen, zu einer Kennnummer (Personalausweisnummer, Steuernummer, Identit\u00e4tskartennummer, Reisepassnummer) oder durch Beschreibung ihrer physischen, physiologischen, genetischen, psychologischen, wirtschaftlichen, kulturellen oder sozialen Merkmale und Identit\u00e4t. Die Daten, die im Allgemeinen erhoben werden, sind: Vor- und Nachname, Adresse, E-Mail-Adresse, Telefonnummer, Geburtsdatum, Daten zu den Zahlungsmitteln. Andere Daten k\u00f6nnen erhoben werden, wenn der Nutzer dar\u00fcber informiert wird.<\/p>\n<p>&nbsp;<\/p>\n<p><strong>Zu welchem Zweck werden personenbezogene Daten verarbeitet?<\/strong><\/p>\n<p>Bei Valls Alimentaci\u00f3n, S.L. verarbeiten wir die folgenden Informationen f\u00fcr die folgenden Zwecke: Der Zweck der Verarbeitung personenbezogener Daten, die erhoben werden k\u00f6nnen, besteht darin, diese haupts\u00e4chlich durch den EIGENT\u00dcMER f\u00fcr die Verwaltung seiner Beziehung zu Ihnen zu verwenden, um Ihnen Produkte und Dienstleistungen entsprechend Ihren Interessen anzubieten, Ihre Benutzererfahrung zu verbessern und gegebenenfalls f\u00fcr die Bearbeitung Ihrer Anfragen, W\u00fcnsche oder Bestellungen. Auf der Grundlage der Informationen, die Sie uns zur Verf\u00fcgung stellen, wird ein kommerzielles Profil erstellt. Auf der Grundlage dieses Profils werden keine automatisierten Entscheidungen getroffen.<\/p>\n<p>Die zur Verf\u00fcgung gestellten Daten werden so lange aufbewahrt, wie die Gesch\u00e4ftsbeziehung aufrechterhalten wird, sofern Sie nicht die L\u00f6schung beantragen oder f\u00fcr die Jahre, die notwendig sind, um den gesetzlichen Verpflichtungen nachzukommen. Sie werden in der Kundendatei registriert und ihre Behandlung wird als Behandlungen registriert, die vom EIGENT\u00dcMER (vor dem 25. Mai 2018) durchgef\u00fchrt werden m\u00fcssen, k\u00f6nnten auch in die Datei aufgenommen werden, die mit den in der AEPD (Spanische Datenschutzbeh\u00f6rde) oder der zust\u00e4ndigen Stelle der jeweiligen Autonomen Gemeinschaft registrierten pers\u00f6nlichen Daten erstellt wird) der Name der Datei ist wie folgt: Kunden und Benutzer.<\/p>\n<p>&nbsp;<\/p>\n<p><strong>Wodurch wird die Verarbeitung Ihrer Daten legitimiert?<\/strong><\/p>\n<p>Die Rechtsgrundlage f\u00fcr die Verarbeitung Ihrer personenbezogenen Daten ist: Die korrekte Ausf\u00fchrung und Erf\u00fcllung des Vertrags. Das berechtigte Interesse des EIGENT\u00dcMERs Die Zustimmung des Nutzers oder Kunden zur Verarbeitung der Daten.<\/p>\n<p>&nbsp;<\/p>\n<p><strong>An welche Empf\u00e4nger werden die Daten weitergegeben?<\/strong><\/p>\n<p>Die FIRMA wird grunds\u00e4tzlich keine personenbezogenen Daten an Dritte weitergeben. Im Falle einer Weitergabe an einen Dritten wird jedoch eine vorherige Information erfolgen und die ausdr\u00fcckliche Zustimmung der betroffenen Person eingeholt. <\/p>\n<p>Auch dann, wenn Mitteilungen an die Beh\u00f6rden gemacht werden m\u00fcssen, falls der Nutzer Handlungen vorgenommen hat, die gegen das Gesetz versto\u00dfen, oder wenn er gegen den gesetzlichen Hinweis versto\u00dfen hat. Die Daten des Nutzers k\u00f6nnen f\u00fcr interne Verwaltungszwecke, die die Verarbeitung dieser Daten beinhalten k\u00f6nnen, an andere Unternehmen der Gruppe weitergegeben werden, falls vorhanden. Die personenbezogenen Daten des Nutzers k\u00f6nnen in ein Drittland oder an eine internationale Organisation \u00fcbermittelt werden. Der Nutzer muss jedoch dar\u00fcber informiert werden, wann eine solche \u00dcbermittlung stattfinden soll, sowie \u00fcber die Bedingungen der \u00dcbermittlung und den Empf\u00e4nger. Wenn einige Daten obligatorisch sind, um auf bestimmte Funktionen der Website zuzugreifen, weist der EIGENT\u00dcMER zum Zeitpunkt der Erfassung der Daten des Nutzers auf diesen obligatorischen Charakter hin.<\/p>\n<p><strong>Cookies<\/strong><\/p>\n<p>Wenn Sie auf dieser Website surfen, k\u00f6nnen Cookies vom EIGENT\u00dcMER der betreffenden Website und\/oder von Drittunternehmen auf Ihrem Computer, Tablet oder Mobiltelefon abgelegt werden. W\u00e4hrend der ersten Navigation erscheint ein Banner, das die Verwendung von Cookies erkl\u00e4rt. <\/p>\n<p>Wenn der Benutzer also weiter surft, gilt er als informiert. Die erteilte Zustimmung gilt f\u00fcr einen Zeitraum von dreizehn Monaten. <\/p>\n<p>&nbsp;<\/p>\n<p><strong>Benutzerrechte<\/strong><\/p>\n<p>Die Nutzer werden \u00fcber die M\u00f6glichkeit informiert, ihre Rechte auf Auskunft, Berichtigung, L\u00f6schung und Widerspruch auszu\u00fcben. Jede Person hat au\u00dferdem das Recht, die Verarbeitung der sie betreffenden personenbezogenen Daten einzuschr\u00e4nken, das Recht auf L\u00f6schung der an den f\u00fcr die Verarbeitung Verantwortlichen \u00fcbermittelten personenbezogenen Daten und das Recht auf Daten\u00fcbertragbarkeit. <\/p>\n<p>Der Benutzer hat die M\u00f6glichkeit, bei der AEPD (Spanische Datenschutzbeh\u00f6rde) oder der zust\u00e4ndigen Stelle der autonomen Gemeinschaft eine Beschwerde einzureichen, wenn er bei der Aus\u00fcbung seiner Rechte keine zufriedenstellende L\u00f6sung erhalten hat, indem er sich schriftlich an dieselbe wendet. Sofern der Benutzer nicht widerspricht, indem er eine E-Mail an die Adresse <a href=\"mailto:admin@elmejorjamon.es\">admin@elmejorjamon.es<\/a> sendet, k\u00f6nnen Ihre Daten gegebenenfalls verwendet werden, um kommerzielle Informationen von Valls Alimentaci\u00f3n, S.L. zu versenden. Die kommerziellen Daten werden aufbewahrt, solange die Gesch\u00e4ftsbeziehung aufrechterhalten wird oder f\u00fcr die Dauer der gesetzlichen Verpflichtungen. Der Nutzer ist daf\u00fcr verantwortlich, dass die \u00fcber diese Website zur Verf\u00fcgung gestellten Informationen in allen \u00fcbermittelten Daten korrekt sind und auf dem neuesten Stand gehalten werden, um eine reale Situation widerzuspiegeln. Er ist verantwortlich f\u00fcr falsche oder ungenaue Informationen, die er zur Verf\u00fcgung stellt, sowie f\u00fcr Sch\u00e4den, Unannehmlichkeiten und Probleme, die aipasvi rb training oder Dritten entstehen k\u00f6nnen. Diese Informationen werden mit der gebotenen Vertraulichkeit gespeichert und verwaltet, wobei die notwendigen Computersicherheitsma\u00dfnahmen angewendet werden, um den Zugang oder Missbrauch ihrer Daten, Manipulation, Verschlechterung oder Verlust zu verhindern. Der Nutzer muss sich jedoch dar\u00fcber im Klaren sein, dass die Sicherheit von Computersystemen niemals absolut ist. Wenn pers\u00f6nliche Daten \u00fcber das Internet \u00fcbermittelt werden, k\u00f6nnten diese Informationen ohne Ihre Zustimmung gesammelt und von unbefugten Dritten verarbeitet werden.<\/p>\n<p>Valls Alimentaci\u00f3n, S.L. lehnt jede Verantwortung f\u00fcr die Folgen ab, die diese Handlungen f\u00fcr den Nutzer haben k\u00f6nnen, wenn die Informationen freiwillig ver\u00f6ffentlicht wurden. Sie k\u00f6nnen diese Rechte durch einen schriftlichen und unterschriebenen Antrag aus\u00fcben, den Sie an die Adresse Valls Alimentaci\u00f3n, S.L. F\u00e1brica de la Moneda, 7, 03680 Aspe (Alicante) senden k\u00f6nnen, wobei Sie eine Fotokopie Ihres Personalausweises oder eines gleichwertigen Dokuments beif\u00fcgen. Sie k\u00f6nnen sie auch per E-Mail an <a href=\"mailto:admin@elmejorjamon.es\">admin@elmejorjamon.es senden.<\/a> Diese Rechte werden innerhalb von 1 Monat bearbeitet, wobei diese Frist auf 2 Monate verl\u00e4ngert werden kann, wenn die Komplexit\u00e4t der Anfrage oder die Anzahl der eingegangenen Anfragen dies erfordert. Dies alles unbeschadet der Pflicht zur Aufbewahrung bestimmter Daten im Rahmen der gesetzlichen Bestimmungen und bis zum Ablauf der m\u00f6glichen Verantwortlichkeiten, die sich aus einer m\u00f6glichen Verarbeitung oder gegebenenfalls aus einem Vertragsverh\u00e4ltnis ergeben.<\/p>\n<p>Zus\u00e4tzlich zu den oben genannten Punkten und unter Ber\u00fccksichtigung der Datenschutzbestimmungen haben Nutzer, die dies w\u00fcnschen, die M\u00f6glichkeit, den Verbleib ihrer Daten nach ihrem Tod zu organisieren.<\/p>\n<p>&nbsp;<\/p>\n<p><strong>Wie haben wir Ihre Daten erhalten?<\/strong><\/p>\n<p>Die pers\u00f6nlichen Daten, die wir bei Valls Alimentaci\u00f3n, S.L. verarbeiten, stammen von der interessierten Partei. Der Interessent, der die Informationen an Valls Alimentaci\u00f3n, S.L. sendet, garantiert und antwortet in jedem Fall f\u00fcr die Richtigkeit, G\u00fcltigkeit und Authentizit\u00e4t der angegebenen pers\u00f6nlichen Daten und verpflichtet sich, diese ordnungsgem\u00e4\u00df auf dem neuesten Stand zu halten, wobei er die FIRMA von jeglicher Haftung in dieser Hinsicht befreit. Der Nutzer verpflichtet sich, in den Registrierungsformularen vollst\u00e4ndige und korrekte Angaben zu machen.<\/p>\n<p>&nbsp;<\/p>\n<p>&nbsp;<\/p>\n<p><strong>Gemeinsame Nutzung mit sozialen Netzwerken<\/strong><\/p>\n<p>&nbsp;<\/p>\n<p>Wenn Sie sich daf\u00fcr entscheiden, \u00fcber Ihr Konto in den sozialen Medien auf die Dienste zuzugreifen oder auf eine der Schaltfl\u00e4chen oder Links in den sozialen Medien zu klicken, die in den Diensten zur Verf\u00fcgung stehen, werden Ihre Inhalte und pers\u00f6nlichen Daten an die entsprechenden Websites der sozialen Medien weitergegeben.<\/p>\n<p>&nbsp;<\/p>\n<p>Sie erkennen an und erkl\u00e4ren sich damit einverstanden, dass die Nutzung Ihrer pers\u00f6nlichen Daten durch die sozialen Netzwerke, einschlie\u00dflich der Daten, die Sie \u00fcber die Dienste mit den sozialen Netzwerken teilen, durch deren jeweilige Datenschutzrichtlinien geregelt wird. Wenn Sie nicht m\u00f6chten, dass soziale Netzwerke Ihre Daten sammeln, lesen Sie bitte die Datenschutzrichtlinien des betreffenden sozialen Netzwerks und\/oder melden Sie sich bei dem sozialen Netzwerk ab, bevor Sie unsere Dienste nutzen. <\/p>\n<p>&nbsp;<\/p>\n<p><strong>Minderj\u00e4hrige<\/strong><\/p>\n<p>Kinder unter 14 Jahren d\u00fcrfen sich nicht anmelden, es sei denn, sie haben die Erlaubnis ihrer Eltern und\/oder ihres gesetzlichen Vertreters.<\/p>\n<p>&nbsp;<\/p>\n<p><strong>\u00c4nderungen der Datenschutzbestimmungen<\/strong><\/p>\n<p>Valls Alimentaci\u00f3n, S.L. beh\u00e4lt sich das Recht vor, diese Politik zu \u00e4ndern, um sie an neue Gesetze oder Rechtsprechung anzupassen. In solchen F\u00e4llen wird das Unternehmen die eingef\u00fchrten \u00c4nderungen mit einer angemessenen Frist vor ihrer Umsetzung auf dieser Seite bekannt geben. <\/p>\n","protected":false},"excerpt":{"rendered":"<p>www.elmejorjamon.es hat zum Schutz der Rechte des Einzelnen, insbesondere in Bezug auf die automatisierte Verarbeitung, und im Interesse der Transparenz gegen\u00fcber dem Benutzer eine Politik aufgestellt, in der alle Verfahren, die Zwecke der Verarbeitung, die Legitimit\u00e4t derselben und auch die dem Benutzer zur Verf\u00fcgung stehenden Instrumente zur Aus\u00fcbung seiner Rechte dargelegt sind. Das Surfen auf [&hellip;]<\/p>\n","protected":false},"author":4412,"featured_media":0,"parent":0,"menu_order":0,"comment_status":"closed","ping_status":"closed","template":"","meta":{"_et_pb_use_builder":"on","_et_pb_old_content":"","_et_gb_content_width":"","_sitemap_exclude":false,"_sitemap_priority":"","_sitemap_frequency":"","footnotes":""},"class_list":["post-14754","page","type-page","status-publish","hentry"],"yoast_head":"<!-- This site is optimized with the Yoast SEO plugin v27.4 - https:\/\/yoast.com\/product\/yoast-seo-wordpress\/ -->\n<title>Bedingungen und Konditionen - El Mejor Jam\u00f3n<\/title>\n<meta name=\"robots\" content=\"index, follow, max-snippet:-1, max-image-preview:large, max-video-preview:-1\" \/>\n<link rel=\"canonical\" href=\"https:\/\/elmejorjamon.es\/terminos-y-condiciones\/\" \/>\n<meta property=\"og:locale\" content=\"de_DE\" \/>\n<meta property=\"og:type\" content=\"article\" \/>\n<meta property=\"og:title\" content=\"Bedingungen und Konditionen - El Mejor Jam\u00f3n\" \/>\n<meta property=\"og:description\" content=\"www.elmejorjamon.es hat zum Schutz der Rechte des Einzelnen, insbesondere in Bezug auf die automatisierte Verarbeitung, und im Interesse der Transparenz gegen\u00fcber dem Benutzer eine Politik aufgestellt, in der alle Verfahren, die Zwecke der Verarbeitung, die Legitimit\u00e4t derselben und auch die dem Benutzer zur Verf\u00fcgung stehenden Instrumente zur Aus\u00fcbung seiner Rechte dargelegt sind. Das Surfen auf [&hellip;]\" \/>\n<meta property=\"og:url\" content=\"https:\/\/elmejorjamon.es\/terminos-y-condiciones\/\" \/>\n<meta property=\"og:site_name\" content=\"El Mejor Jam\u00f3n\" \/>\n<meta property=\"article:publisher\" content=\"https:\/\/www.facebook.com\/elmejorjamonweb\" \/>\n<meta property=\"article:modified_time\" content=\"2024-11-15T10:21:17+00:00\" \/>\n<meta property=\"og:image\" content=\"https:\/\/elmejorjamon.es\/wp-content\/uploads\/2025\/01\/logocorreos.png\" \/>\n\t<meta property=\"og:image:width\" content=\"277\" \/>\n\t<meta property=\"og:image:height\" content=\"200\" \/>\n\t<meta property=\"og:image:type\" content=\"image\/png\" \/>\n<meta name=\"twitter:card\" content=\"summary_large_image\" \/>\n<meta name=\"twitter:site\" content=\"@elmejorjamonweb\" \/>\n<meta name=\"twitter:label1\" content=\"Gesch\u00e4tzte Lesezeit\" \/>\n\t<meta name=\"twitter:data1\" content=\"8\u00a0Minuten\" \/>\n<script type=\"application\/ld+json\" class=\"yoast-schema-graph\">{\"@context\":\"https:\\\/\\\/schema.org\",\"@graph\":[{\"@type\":\"WebPage\",\"@id\":\"https:\\\/\\\/elmejorjamon.es\\\/terminos-y-condiciones\\\/\",\"url\":\"https:\\\/\\\/elmejorjamon.es\\\/terminos-y-condiciones\\\/\",\"name\":\"Bedingungen und Konditionen - El Mejor Jam\u00f3n\",\"isPartOf\":{\"@id\":\"https:\\\/\\\/elmejorjamon.es\\\/#website\"},\"datePublished\":\"2024-11-06T13:05:52+00:00\",\"dateModified\":\"2024-11-15T10:21:17+00:00\",\"breadcrumb\":{\"@id\":\"https:\\\/\\\/elmejorjamon.es\\\/terminos-y-condiciones\\\/#breadcrumb\"},\"inLanguage\":\"de\",\"potentialAction\":[{\"@type\":\"ReadAction\",\"target\":[\"https:\\\/\\\/elmejorjamon.es\\\/terminos-y-condiciones\\\/\"]}]},{\"@type\":\"BreadcrumbList\",\"@id\":\"https:\\\/\\\/elmejorjamon.es\\\/terminos-y-condiciones\\\/#breadcrumb\",\"itemListElement\":[{\"@type\":\"ListItem\",\"position\":1,\"name\":\"Portada\",\"item\":\"https:\\\/\\\/elmejorjamon.es\\\/de\\\/\"},{\"@type\":\"ListItem\",\"position\":2,\"name\":\"Bedingungen und Konditionen\"}]},{\"@type\":\"WebSite\",\"@id\":\"https:\\\/\\\/elmejorjamon.es\\\/#website\",\"url\":\"https:\\\/\\\/elmejorjamon.es\\\/\",\"name\":\"El Mejor Jam\u00f3n\",\"description\":\"Comprar jamones y embutidos a buen precio\",\"publisher\":{\"@id\":\"https:\\\/\\\/elmejorjamon.es\\\/#organization\"},\"potentialAction\":[{\"@type\":\"SearchAction\",\"target\":{\"@type\":\"EntryPoint\",\"urlTemplate\":\"https:\\\/\\\/elmejorjamon.es\\\/?s={search_term_string}\"},\"query-input\":{\"@type\":\"PropertyValueSpecification\",\"valueRequired\":true,\"valueName\":\"search_term_string\"}}],\"inLanguage\":\"de\"},{\"@type\":\"Organization\",\"@id\":\"https:\\\/\\\/elmejorjamon.es\\\/#organization\",\"name\":\"El Mejor Jam\u00f3n\",\"url\":\"https:\\\/\\\/elmejorjamon.es\\\/\",\"logo\":{\"@type\":\"ImageObject\",\"inLanguage\":\"de\",\"@id\":\"https:\\\/\\\/elmejorjamon.es\\\/#\\\/schema\\\/logo\\\/image\\\/\",\"url\":\"https:\\\/\\\/elmejorjamon.es\\\/wp-content\\\/uploads\\\/2025\\\/01\\\/logocorreos.png\",\"contentUrl\":\"https:\\\/\\\/elmejorjamon.es\\\/wp-content\\\/uploads\\\/2025\\\/01\\\/logocorreos.png\",\"width\":277,\"height\":200,\"caption\":\"El Mejor Jam\u00f3n\"},\"image\":{\"@id\":\"https:\\\/\\\/elmejorjamon.es\\\/#\\\/schema\\\/logo\\\/image\\\/\"},\"sameAs\":[\"https:\\\/\\\/www.facebook.com\\\/elmejorjamonweb\",\"https:\\\/\\\/x.com\\\/elmejorjamonweb\",\"https:\\\/\\\/www.instagram.com\\\/elmejorjamonweb\\\/\"]}]}<\/script>\n<!-- \/ Yoast SEO plugin. -->","yoast_head_json":{"title":"Bedingungen und Konditionen - El Mejor Jam\u00f3n","robots":{"index":"index","follow":"follow","max-snippet":"max-snippet:-1","max-image-preview":"max-image-preview:large","max-video-preview":"max-video-preview:-1"},"canonical":"https:\/\/elmejorjamon.es\/terminos-y-condiciones\/","og_locale":"de_DE","og_type":"article","og_title":"Bedingungen und Konditionen - El Mejor Jam\u00f3n","og_description":"www.elmejorjamon.es hat zum Schutz der Rechte des Einzelnen, insbesondere in Bezug auf die automatisierte Verarbeitung, und im Interesse der Transparenz gegen\u00fcber dem Benutzer eine Politik aufgestellt, in der alle Verfahren, die Zwecke der Verarbeitung, die Legitimit\u00e4t derselben und auch die dem Benutzer zur Verf\u00fcgung stehenden Instrumente zur Aus\u00fcbung seiner Rechte dargelegt sind. Das Surfen auf [&hellip;]","og_url":"https:\/\/elmejorjamon.es\/terminos-y-condiciones\/","og_site_name":"El Mejor Jam\u00f3n","article_publisher":"https:\/\/www.facebook.com\/elmejorjamonweb","article_modified_time":"2024-11-15T10:21:17+00:00","og_image":[{"width":277,"height":200,"url":"https:\/\/elmejorjamon.es\/wp-content\/uploads\/2025\/01\/logocorreos.png","type":"image\/png"}],"twitter_card":"summary_large_image","twitter_site":"@elmejorjamonweb","twitter_misc":{"Gesch\u00e4tzte Lesezeit":"8\u00a0Minuten"},"schema":{"@context":"https:\/\/schema.org","@graph":[{"@type":"WebPage","@id":"https:\/\/elmejorjamon.es\/terminos-y-condiciones\/","url":"https:\/\/elmejorjamon.es\/terminos-y-condiciones\/","name":"Bedingungen und Konditionen - El Mejor Jam\u00f3n","isPartOf":{"@id":"https:\/\/elmejorjamon.es\/#website"},"datePublished":"2024-11-06T13:05:52+00:00","dateModified":"2024-11-15T10:21:17+00:00","breadcrumb":{"@id":"https:\/\/elmejorjamon.es\/terminos-y-condiciones\/#breadcrumb"},"inLanguage":"de","potentialAction":[{"@type":"ReadAction","target":["https:\/\/elmejorjamon.es\/terminos-y-condiciones\/"]}]},{"@type":"BreadcrumbList","@id":"https:\/\/elmejorjamon.es\/terminos-y-condiciones\/#breadcrumb","itemListElement":[{"@type":"ListItem","position":1,"name":"Portada","item":"https:\/\/elmejorjamon.es\/de\/"},{"@type":"ListItem","position":2,"name":"Bedingungen und Konditionen"}]},{"@type":"WebSite","@id":"https:\/\/elmejorjamon.es\/#website","url":"https:\/\/elmejorjamon.es\/","name":"El Mejor Jam\u00f3n","description":"Comprar jamones y embutidos a buen precio","publisher":{"@id":"https:\/\/elmejorjamon.es\/#organization"},"potentialAction":[{"@type":"SearchAction","target":{"@type":"EntryPoint","urlTemplate":"https:\/\/elmejorjamon.es\/?s={search_term_string}"},"query-input":{"@type":"PropertyValueSpecification","valueRequired":true,"valueName":"search_term_string"}}],"inLanguage":"de"},{"@type":"Organization","@id":"https:\/\/elmejorjamon.es\/#organization","name":"El Mejor Jam\u00f3n","url":"https:\/\/elmejorjamon.es\/","logo":{"@type":"ImageObject","inLanguage":"de","@id":"https:\/\/elmejorjamon.es\/#\/schema\/logo\/image\/","url":"https:\/\/elmejorjamon.es\/wp-content\/uploads\/2025\/01\/logocorreos.png","contentUrl":"https:\/\/elmejorjamon.es\/wp-content\/uploads\/2025\/01\/logocorreos.png","width":277,"height":200,"caption":"El Mejor Jam\u00f3n"},"image":{"@id":"https:\/\/elmejorjamon.es\/#\/schema\/logo\/image\/"},"sameAs":["https:\/\/www.facebook.com\/elmejorjamonweb","https:\/\/x.com\/elmejorjamonweb","https:\/\/www.instagram.com\/elmejorjamonweb\/"]}]}},"_links":{"self":[{"href":"https:\/\/elmejorjamon.es\/de\/wp-json\/wp\/v2\/pages\/14754","targetHints":{"allow":["GET"]}}],"collection":[{"href":"https:\/\/elmejorjamon.es\/de\/wp-json\/wp\/v2\/pages"}],"about":[{"href":"https:\/\/elmejorjamon.es\/de\/wp-json\/wp\/v2\/types\/page"}],"author":[{"embeddable":true,"href":"https:\/\/elmejorjamon.es\/de\/wp-json\/wp\/v2\/users\/4412"}],"replies":[{"embeddable":true,"href":"https:\/\/elmejorjamon.es\/de\/wp-json\/wp\/v2\/comments?post=14754"}],"version-history":[{"count":0,"href":"https:\/\/elmejorjamon.es\/de\/wp-json\/wp\/v2\/pages\/14754\/revisions"}],"wp:attachment":[{"href":"https:\/\/elmejorjamon.es\/de\/wp-json\/wp\/v2\/media?parent=14754"}],"curies":[{"name":"wp","href":"https:\/\/api.w.org\/{rel}","templated":true}]}}